{"id":1138,"date":"2026-01-02T10:27:58","date_gmt":"2026-01-02T09:27:58","guid":{"rendered":"https:\/\/www.lelac-carnac.com\/plaetze\/"},"modified":"2026-04-29T11:19:04","modified_gmt":"2026-04-29T09:19:04","slug":"plaetze","status":"publish","type":"page","link":"https:\/\/www.lelac-carnac.com\/de\/plaetze\/","title":{"rendered":"Pl\u00e4tze"},"content":{"rendered":"\n<div class=\"wp-block-cover alignfull hrz-hero\" style=\"margin-top:0;margin-bottom:0;padding-top:0;padding-right:0;padding-bottom:0;padding-left:0\"><img alt=\"\" decoding=\"async\" width=\"1024\" height=\"768\" class=\"wp-block-cover__image-background wp-image-380 size-large\" alt=\"\" src=\"https:\/\/cdn.horizon-marketing.com\/spio\/ret_img,q_cdnize,to_webp,s_webp\/www.lelac-carnac.com\/wp-content\/uploads\/2026\/01\/00001243605-1024x768.jpg\" data-object-fit=\"cover\" srcset=\"https:\/\/cdn.horizon-marketing.com\/spio\/ret_img,q_cdnize,to_webp,s_webp\/www.lelac-carnac.com\/wp-content\/uploads\/2026\/01\/00001243605-1024x768.jpg 1024w, https:\/\/cdn.horizon-marketing.com\/spio\/ret_img,q_cdnize,to_webp,s_webp\/www.lelac-carnac.com\/wp-content\/uploads\/2026\/01\/00001243605-300x225.jpg 300w, https:\/\/cdn.horizon-marketing.com\/spio\/ret_img,q_cdnize,to_webp,s_webp\/www.lelac-carnac.com\/wp-content\/uploads\/2026\/01\/00001243605-768x576.jpg 768w, https:\/\/cdn.horizon-marketing.com\/spio\/ret_img,q_cdnize,to_webp,s_webp\/www.lelac-carnac.com\/wp-content\/uploads\/2026\/01\/00001243605-720x540.jpg 720w, https:\/\/cdn.horizon-marketing.com\/spio\/ret_img,q_cdnize,to_webp,s_webp\/www.lelac-carnac.com\/wp-content\/uploads\/2026\/01\/00001243605-320x240.jpg 320w, https:\/\/cdn.horizon-marketing.com\/spio\/ret_img,q_cdnize,to_webp,s_webp\/www.lelac-carnac.com\/wp-content\/uploads\/2026\/01\/00001243605-160x120.jpg 160w, https:\/\/cdn.horizon-marketing.com\/spio\/ret_img,q_cdnize,to_webp,s_webp\/www.lelac-carnac.com\/wp-content\/uploads\/2026\/01\/00001243605.jpg 1440w\" sizes=\"(max-width: 1024px) 100vw, 1024px\" \/><span aria-hidden=\"true\" class=\"wp-block-cover__background has-transparent-background-color has-background-dim-100 has-background-dim\"><\/span><div class=\"wp-block-cover__inner-container is-layout-flow wp-container-core-cover-is-layout-2a668712 wp-block-cover-is-layout-flow\">\n<div class=\"wp-block-cover is-light has-real-white-color has-text-color has-link-color wp-elements-7c1e56fb3df103e57fbb9c88eed7f42f\" style=\"padding-top:20vh;padding-right:var(--wp--preset--spacing--xs);padding-bottom:20vh;padding-left:var(--wp--preset--spacing--xs)\"><span aria-hidden=\"true\" class=\"wp-block-cover__background has-background-dim-40 has-background-dim has-background-gradient\" style=\"background:linear-gradient(0deg,rgba(255,255,255,0) 0%,rgb(0,0,0) 100%)\"><\/span><div class=\"wp-block-cover__inner-container is-layout-flow wp-block-cover-is-layout-flow\">\n<div class=\"wp-block-group is-layout-flow wp-block-group-is-layout-flow\" style=\"padding-bottom:var(--wp--preset--spacing--xl)\"><h1 style=\"font-style:normal;font-weight:700;\" class=\"has-text-align-center wp-block-post-title has-xxxxxl-font-size has-primary-font-family\">Pl\u00e4tze<\/h1><\/div>\n<\/div><\/div>\n<\/div><\/div>\n\n\n\n<div class=\"wp-block-group alignfull radial-left-top hrz-bloc-overflow-hidden is-layout-flow wp-block-group-is-layout-flow\">\n\n\n<div style=\"height:300px\" aria-hidden=\"true\" class=\"wp-block-spacer\"><\/div>\n\n\n\n<div class=\"wp-block-group alignwide has-global-padding is-layout-constrained wp-container-core-group-is-layout-071fe3a8 wp-block-group-is-layout-constrained\">\n<div class=\"wp-block-columns alignwide are-vertically-aligned-center hrz-responsive-col hrz-reponsive-order is-layout-flex wp-container-core-columns-is-layout-3f562962 wp-block-columns-is-layout-flex\" style=\"margin-top:0;margin-bottom:0;padding-top:0;padding-right:var(--wp--preset--spacing--xxl);padding-bottom:0;padding-left:var(--wp--preset--spacing--xxl)\">\n<div class=\"wp-block-column is-vertically-aligned-center is-layout-flow wp-block-column-is-layout-flow\">\n<figure class=\"wp-block-image size-3\/4_600x800_desktop is-style-rounded is-style-rounded--1\"><img alt=\"\" decoding=\"async\" width=\"600\" height=\"600\" src=\"https:\/\/www.lelac-carnac.com\/wp-content\/uploads\/2026\/01\/00000228381-600x600.jpg\" alt=\"\" class=\"wp-image-382\" style=\"aspect-ratio:3\/4;object-fit:cover\" srcset=\"https:\/\/www.lelac-carnac.com\/wp-content\/uploads\/2026\/01\/00000228381-600x600.jpg 600w, https:\/\/www.lelac-carnac.com\/wp-content\/uploads\/2026\/01\/00000228381-150x150.jpg 150w, https:\/\/www.lelac-carnac.com\/wp-content\/uploads\/2026\/01\/00000228381-400x400.jpg 400w, https:\/\/www.lelac-carnac.com\/wp-content\/uploads\/2026\/01\/00000228381-200x200.jpg 200w, https:\/\/www.lelac-carnac.com\/wp-content\/uploads\/2026\/01\/00000228381-100x100.jpg 100w\" sizes=\"(max-width: 600px) 100vw, 600px\" \/><\/figure>\n<\/div>\n\n\n\n<div class=\"wp-block-column is-vertically-aligned-center is-layout-flow wp-block-column-is-layout-flow\" style=\"padding-top:0;padding-right:0;padding-bottom:0;padding-left:0\">\n<div class=\"wp-block-group has-background-color has-text-color has-link-color wp-elements-5e2ea4d5dcf95c2197a6ebe9024ab9d1 is-vertical is-content-justification-left is-layout-flex wp-container-core-group-is-layout-dc8799cd wp-block-group-is-layout-flex\" style=\"margin-top:0;margin-bottom:0\">\n<div class=\"wp-block-group has-global-padding is-content-justification-right is-layout-constrained wp-container-core-group-is-layout-fcb26deb wp-block-group-is-layout-constrained\" style=\"padding-top:0;padding-right:0;padding-bottom:0;padding-left:0\">\n<h2 class=\"wp-block-heading has-text-align-left is-style-title-below is-style-title-below--2\">Campingpl\u00e4tze in Carnac<\/h2>\n\n\n\n<h2 class=\"wp-block-heading has-text-align-left is-style-headline is-style-headline--3\">Urlaub im Zelt, Wohnmobil und Wohnwagen<\/h2>\n<\/div>\n\n\n\n<div class=\"wp-block-group has-real-black-color has-text-color has-link-color wp-elements-0d32f6ea131462f6c3c82d6320f5ac4c has-global-padding is-layout-constrained wp-container-core-group-is-layout-a9a72e34 wp-block-group-is-layout-constrained\">\n<p>Entdecken Sie unseren<strong> Campingplatz in Carnac<\/strong>, im Morbihan in der s\u00fcdlichen Bretagne, f\u00fcr einen Natururlaub in einer erholsamen Umgebung am See! Der <strong>3-Sterne-Campingplatz Le Lac Maeva<\/strong> liegt nur 10 Minuten von den Menhiren und den Str\u00e4nden von Carnac entfernt und verf\u00fcgt \u00fcber 40 <strong>Stellpl\u00e4tze<\/strong> f\u00fcr <strong>Zelte, Wohnwagen, Wohnmobile und Vans<\/strong>. Die Natur hat f\u00fcr jeden Geschmack etwas zu bieten!  <\/p>\n<\/div>\n<\/div>\n<\/div>\n<\/div>\n<\/div>\n<\/div>\n\n\n\n<div class=\"wp-block-group alignfull fade has-global-padding is-layout-constrained wp-container-core-group-is-layout-3b795b3d wp-block-group-is-layout-constrained\">\n<div style=\"height:200px\" aria-hidden=\"true\" class=\"wp-block-spacer\"><\/div>\n\n\n\n<div class=\"wp-block-group is-layout-flow wp-block-group-is-layout-flow\" style=\"padding-right:var(--wp--preset--spacing--l);padding-left:var(--wp--preset--spacing--l)\">\n\t<div class=\"alignfull has-global-padding is-layout-constrained wp-container-hrz-blocks-query-camping-rest-is-layout-3b795b3d wp-block-hrz-blocks-query-camping-rest-is-layout-constrained\">\n\t\t<ul class=\"hebergement-listing \">\n\t\t\t<style>:root { --query-color: #F4C12B; }<\/style>\t\t\t\t<li class=\"swiper-slide\">\n\t\t\t\t\t<div class=\"wp-block-group card-gamme is-style-default is-style-relative\"\n\t\t\t\t\t\t data-booking-product=\"42232\" data-booking-etab=\"5131\" data-capacity=\"6\"\t\t\t\t\t\t data-product-filters='[{\"code\":\"shaded\",\"type\":\"boolean\",\"value\":true},{\"code\":\"pets-allowed\",\"type\":\"boolean\",\"value\":true},{\"code\":\"electricity\",\"type\":\"boolean\",\"value\":true},{\"code\":\"running-water\",\"type\":\"boolean\",\"value\":true}]'>\n\t\t\t\t\t\t<div class=\"wp-block-group thumbnail-image\">\n\t\t\t\t\t\t\t<a href=\"https:\/\/www.lelac-carnac.com\/de\/hebergements\/standard-stellplatz-1-zelt-wohnwagen-oder-wohnmobil-1-auto-elektrizitaet\/\" title=\"Standard Stellplatz (1 Zelt, Wohnwagen oder Wohnmobil \/ 1 Auto) + Elektrizit\u00e4t\">\n\t\t\t\t\t\t\t\t<figure class=\"wp-block-image alignfull size-large\" style=\"margin:0;\">\n\t\t\t\t\t\t\t\t\t<img decoding=\"async\" src=\"https:\/\/cdn.horizon-marketing.com\/spio\/ret_img,q_cdnize,to_webp,s_webp\/www.lelac-carnac.com\/wp-content\/themes\/horizon-marketing\/assets\/img\/default-heb.webp\"\n\t\t\t\t\t\t\t\t\t\talt=\"Standard Stellplatz (1 Zelt, Wohnwagen oder Wohnmobil \/ 1 Auto) + Elektrizit\u00e4t\" \/>\n\t\t\t\t\t\t\t\t<\/figure>\n\t\t\t\t\t\t\t\t<div class=\"full\">\n\t\t\t\t\t\t\t\t\t<p class=\"text\">An anderen Terminen verf\u00fcgbar<\/p>\n\t\t\t\t\t\t\t\t<\/div>\n\t\t\t\t\t\t\t<\/a>\n\t\t\t\t\t\t<\/div>\n\n\n\t\t\t\t\t\t<div class=\"wp-block-group has-white-background-color has-background card-content\">\n\t\t\t\t\t\t\t<div class=\"wp-block-group content\">\n\t\t\t\t\t\t\t\t<h3 class=\"wp-block-heading has-secondary-color has-link-color has-secondary-color\">\n\t\t\t\t\t\t\t\t\tStandard Stellplatz (1 Zelt, Wohnwagen oder Wohnmobil \/ 1 Auto) + Elektrizit\u00e4t\t\t\t\t\t\t\t\t<\/h3>\n\n\t\t\t\t\t\t\t\t\t\t\t\t\t\t\t<\/div>\n\n\t\t\t\t\t\t\t<div class=\"wp-block-group card-price has-background\">\n\t\t\t\t\t\t\t\t<div class=\"loader\">\n\t\t\t\t\t\t\t\t\t<span class=\"dot\"><\/span>\n\t\t\t\t\t\t\t\t\t<span class=\"dot\"><\/span>\n\t\t\t\t\t\t\t\t\t<span class=\"dot\"><\/span>\n\t\t\t\t\t\t\t\t<\/div>\n\t\t\t\t\t\t\t\t<div class=\"booking_default\">\n\t\t\t\t\t\t\t\t\t<p class=\"has-text-align-right\">Ab<\/p>\n\n\t\t\t\t\t\t\t\t\t<p class=\"has-text-align-right booking_price has-secondary-font-family\"><\/p>\n\t\t\t\t\t\t\t\t\t<p class=\"has-text-align-right booking_no_discount has-secondary-font-family\"><\/p>\n\n\t\t\t\t\t\t\t\t\t<p class=\"has-text-align-right dates\">\n\t\t\t\t\t\t\t\t\t\tVon <span class=\"start\"><\/span> bis <span class=\"end\"><\/span>\t\t\t\t\t\t\t\t\t<\/p>\n\t\t\t\t\t\t\t\t<\/div>\n\t\t\t\t\t\t\t\t<div class=\"wp-block-group booking_alt\">\n\t\t\t\t\t\t\t\t\t<p class=\"booking_alt_text\">An anderen Terminen verf\u00fcgbar<\/p>\n\t\t\t\t\t\t\t\t\t<div class=\"booking_alt_content\">\n\t\t\t\t\t\t\t\t\t<\/div>\n\t\t\t\t\t\t\t\t<\/div>\n\t\t\t\t\t\t\t<\/div>\n\t\t\t\t\t\t<\/div>\n\n\t\t\t\t\t\t<div class=\"wp-block-buttons has-custom-font-size has-l-font-size\">\n\t\t\t\t\t\t\t<div\n\t\t\t\t\t\t\t\tclass=\"wp-block-button has-custom-width wp-block-button__width-100 has-custom-font-size booking-btn has-secondary-font-family\">\n\t\t\t\t\t\t\t\t<a href=\"https:\/\/www.lelac-carnac.com\/de\/hebergements\/standard-stellplatz-1-zelt-wohnwagen-oder-wohnmobil-1-auto-elektrizitaet\/\"\n\t\t\t\t\t\t\t\t\tclass=\"wp-block-button__link has-white-color has-text-color has-background has-link-color has-text-align-center wp-element-button\">\n\t\t\t\t\t\t\t\t\tEntdecken Sie\t\t\t\t\t\t\t\t<\/a>\n\t\t\t\t\t\t\t<\/div>\n\t\t\t\t\t\t<\/div>\n\t\t\t\t\t\t<div class=\"booking_last\">\n\t\t\t\t\t\t\t<p class=\"booking_last_content\">\n\t\t\t\t\t\t\t\tNur noch <span class=\"booking_last_value\"><\/span> <br>verf\u00fcgbar\t\t\t\t\t\t\t<\/p>\n\t\t\t\t\t\t<\/div>\n\t\t\t\t\t\t<div class=\"booking_exclusive is-style-hover-image-effect\"><\/div>\n\t\t\t\t\t<\/div>\n\t\t\t\t<\/li>\n\n\t\t\t\t\t<\/ul>\n\n\t<\/div>\n\n<\/div>\n\n\n\n<div style=\"height:200px\" aria-hidden=\"true\" class=\"wp-block-spacer\"><\/div>\n\n\n\n<div class=\"wp-block-group alignfull radial-left-top hrz-bloc-overflow-hidden is-layout-flow wp-block-group-is-layout-flow\">\n<div class=\"wp-block-group alignwide has-global-padding is-layout-constrained wp-container-core-group-is-layout-071fe3a8 wp-block-group-is-layout-constrained\">\n<div class=\"wp-block-group has-global-padding is-content-justification-center is-layout-constrained wp-container-core-group-is-layout-22cac7a4 wp-block-group-is-layout-constrained\" style=\"padding-top:0;padding-right:0;padding-bottom:0;padding-left:0\">\n<h2 class=\"wp-block-heading has-text-align-center is-style-headline is-style-headline--4\">Aufenthalt im Zelt, Wohnwagen oder Wohnmobil in Carnac: die Kunst des Campens&#8230; und der Verschmelzung mit der Natur!<br><\/h2>\n\n\n\n<p class=\"has-text-align-center\">Erleben Sie die Freuden des <strong>Naturcampings in Carnac<\/strong>, an der frischen Luft, <strong>zwischen Land und Meer<\/strong>. Entdecken Sie unsere sonnigen oder halbschattigen, durch Hecken abgegrenzten <strong>Rasenpl\u00e4tze<\/strong>. Jede Parzelle ist<strong> mindestens 80 m2<\/strong> gro\u00df und verf\u00fcgt \u00fcber einen eigenen Stromanschluss (6A) und einen Zugang zu Trinkwasser.  <br><br>Unser Campingplatz in Carnac stellt den Campern <strong>Geschirr- und W\u00e4schebeh\u00e4lter<\/strong> sowie<strong>einen Waschsalon<\/strong> zur Verf\u00fcgung. In der Waschk\u00fcche sind die Maschinen (Trockner und Waschmaschine) mit einem eingebauten M\u00fcnzautomaten ausgestattet (keine M\u00fcnzen erforderlich). <br><br>Wenn Sie einen Wohnwagen mit einer L\u00e4nge von mehr als 6,50 m haben, denken Sie bitte daran, dies bei der Buchung anzugeben.<\/p>\n\n\n\n<p class=\"has-text-align-center\">Unsere Stellpl\u00e4tze bieten Ihnen Zugang zum <a href=\"https:\/\/www.lelac-carnac.com\/camping-carnac-piscine\">Swimmingpool<\/a> und zu allen <a href=\"https:\/\/www.lelac-carnac.com\/camping-carnac-services\">Dienstleistungen<\/a> und <a href=\"https:\/\/www.lelac-carnac.com\/camping-carnac-jeux-loisirs\">Freizeitaktivit\u00e4ten<\/a> des Campingplatzes.<\/p>\n\n\n\n<p class=\"has-text-align-center\">Der Campingplatz verf\u00fcgt \u00fcber einen Entsorgungsplatz <strong>f\u00fcr Wohnmobile<\/strong>.<\/p>\n\n\n\n<h2 class=\"wp-block-heading has-text-align-center is-style-headline is-style-headline--5\"><br>Komfort und Modernit\u00e4t: unsere Mobilheime in Carnac<br><br><\/h2>\n\n\n\n<p class=\"has-text-align-center\">Hochwertige Einrichtungen f\u00fcr einen sorgenfreien Urlaub! Auf unserem Campingplatz steht der Komfort an erster Stelle. Unsere <strong>Mobilheime, die in drei Kategorien von 1 bis 3 Schlafzimmern unter<\/strong>teilt sind, sind sorgf\u00e4ltig eingerichtet, um Ihnen ein unvergessliches Urlaubserlebnis in Carnac zu bieten. Leben Sie in Harmonie mit der Natur und genie\u00dfen Sie gleichzeitig den modernen Luxus.   <br><br>Alle Unterk\u00fcnfte verf\u00fcgen \u00fcber einen Fernseher, eine<strong> voll ausgestattete K\u00fcche, Einzelzimmer, ein eigenes Badezimmer und eine halb\u00fcberdachte Terrasse<\/strong> f\u00fcr entspannende Momente im Freien. Einige unserer Mobilheime sind mit einer Klimaanlage ausgestattet. <br><\/p>\n\n\n\n<h2 class=\"wp-block-heading has-text-align-center is-style-headline is-style-headline--6\"><br>Haustiere sind willkommen<br><br><\/h2>\n\n\n\n<p class=\"has-text-align-center\">Wir wissen, wie sehr Ihr Haustier zur Familie geh\u00f6rt. Deshalb freuen wir uns,<strong>Hunde in unseren Mobilheimen willkommen<\/strong> zu hei\u00dfen, damit Sie Ihren Urlaub in ihrer Gesellschaft genie\u00dfen k\u00f6nnen. <br><\/p>\n\n\n\n<h2 class=\"wp-block-heading has-text-align-center is-style-headline is-style-headline--7\"><br>Buchen Sie jetzt f\u00fcr einen unvergesslichen Urlaub in Carnac<br><br><\/h2>\n\n\n\n<p class=\"has-text-align-center\">Bitte nehmen Sie sich bei Ihrer Buchung die Zeit, die Beschreibungen unserer verschiedenen Ferienh\u00e4user sorgf\u00e4ltig durchzulesen, sowie die Eigenschaften, Gr\u00f6\u00dfen, Umgebungen, Preise und Verf\u00fcgbarkeiten. Sind Sie bereit, mit uns nach Carnac zu reisen? Packen Sie Ihre Sachen und buchen Sie noch heute Ihr <strong>Mobilheim in Carnac<\/strong> und verbringen Sie einen unvergesslichen Urlaub im Morbihan in der s\u00fcdlichen Bretagne!  <br><\/p>\n\n\n\n<h2 class=\"wp-block-heading has-text-align-center is-style-headline is-style-headline--8\"><br>Blick auf den See und das Ria von Crac&#8217;h<br><br><\/h2>\n\n\n\n<p class=\"has-text-align-center\">Einige Kategorien bieten Ihnen einen unglaublichen Seeblick. Dies sind die Kategorien Ty Brehat 4\/5 Personen, Ty Brehat 4 Personen 2 Badezimmer, Ty Brehat 6 Personen und die Ty Latz 2 Personen. <br><br>Einige unserer anderen Modelle haben einen kleinen Seeblick, sind aber nicht am See aufgestellt. Aus Gr\u00fcnden der Transparenz verzichten wir auf die Angabe des Seeblicks, wenn sie nicht am See liegen. <\/p>\n<\/div>\n<\/div>\n<\/div>\n<\/div>\n","protected":false},"excerpt":{"rendered":"<p>Campingpl\u00e4tze in Carnac Urlaub im Zelt, Wohnmobil und Wohnwagen Entdecken Sie unseren Campingplatz in Carnac, im Morbihan in der s\u00fcdlichen Bretagne, f\u00fcr einen Natururlaub in einer erholsamen Umgebung am See! Der 3-Sterne-Campingplatz Le Lac Maeva liegt nur 10 Minuten von den Menhiren und den Str\u00e4nden von Carnac entfernt und verf\u00fcgt \u00fcber 40 Stellpl\u00e4tze f\u00fcr Zelte, [&hellip;]<\/p>\n","protected":false},"author":1,"featured_media":0,"parent":0,"menu_order":0,"comment_status":"closed","ping_status":"closed","template":"page-no-title","meta":{"_acf_changed":false,"_seopress_robots_primary_cat":"","_seopress_titles_title":"","_seopress_titles_desc":"","_seopress_robots_index":"","footnotes":""},"class_list":["post-1138","page","type-page","status-publish","hentry"],"acf":[],"_links":{"self":[{"href":"https:\/\/www.lelac-carnac.com\/de\/wp-json\/wp\/v2\/pages\/1138","targetHints":{"allow":["GET"]}}],"collection":[{"href":"https:\/\/www.lelac-carnac.com\/de\/wp-json\/wp\/v2\/pages"}],"about":[{"href":"https:\/\/www.lelac-carnac.com\/de\/wp-json\/wp\/v2\/types\/page"}],"author":[{"embeddable":true,"href":"https:\/\/www.lelac-carnac.com\/de\/wp-json\/wp\/v2\/users\/1"}],"replies":[{"embeddable":true,"href":"https:\/\/www.lelac-carnac.com\/de\/wp-json\/wp\/v2\/comments?post=1138"}],"version-history":[{"count":3,"href":"https:\/\/www.lelac-carnac.com\/de\/wp-json\/wp\/v2\/pages\/1138\/revisions"}],"predecessor-version":[{"id":2183,"href":"https:\/\/www.lelac-carnac.com\/de\/wp-json\/wp\/v2\/pages\/1138\/revisions\/2183"}],"wp:attachment":[{"href":"https:\/\/www.lelac-carnac.com\/de\/wp-json\/wp\/v2\/media?parent=1138"}],"curies":[{"name":"wp","href":"https:\/\/api.w.org\/{rel}","templated":true}]}}