{"id":1342,"date":"2026-01-02T10:28:41","date_gmt":"2026-01-02T09:28:41","guid":{"rendered":"https:\/\/www.lelac-carnac.com\/tourismus-in-morbihan\/"},"modified":"2026-04-28T15:48:14","modified_gmt":"2026-04-28T13:48:14","slug":"tourismus-in-morbihan","status":"publish","type":"page","link":"https:\/\/www.lelac-carnac.com\/de\/tourismus-in-morbihan\/","title":{"rendered":"Tourismus in Morbihan"},"content":{"rendered":"\n<div class=\"wp-block-cover alignfull hrz-hero\" style=\"margin-top:0;margin-bottom:0;padding-top:0;padding-right:0;padding-bottom:0;padding-left:0\"><img alt=\"\" decoding=\"async\" width=\"1920\" height=\"1440\" class=\"wp-block-cover__image-background wp-image-188 size-full\" alt=\"\" src=\"https:\/\/www.lelac-carnac.com\/wp-content\/uploads\/2026\/01\/AdobeStock_381831869.webp\" data-object-fit=\"cover\" srcset=\"https:\/\/www.lelac-carnac.com\/wp-content\/uploads\/2026\/01\/AdobeStock_381831869.webp 1920w, https:\/\/www.lelac-carnac.com\/wp-content\/uploads\/2026\/01\/AdobeStock_381831869-300x225.webp 300w, https:\/\/www.lelac-carnac.com\/wp-content\/uploads\/2026\/01\/AdobeStock_381831869-1024x768.webp 1024w, https:\/\/www.lelac-carnac.com\/wp-content\/uploads\/2026\/01\/AdobeStock_381831869-768x576.webp 768w, https:\/\/www.lelac-carnac.com\/wp-content\/uploads\/2026\/01\/AdobeStock_381831869-1440x1080.webp 1440w, https:\/\/www.lelac-carnac.com\/wp-content\/uploads\/2026\/01\/AdobeStock_381831869-720x540.webp 720w, https:\/\/www.lelac-carnac.com\/wp-content\/uploads\/2026\/01\/AdobeStock_381831869-320x240.webp 320w, https:\/\/www.lelac-carnac.com\/wp-content\/uploads\/2026\/01\/AdobeStock_381831869-160x120.webp 160w\" sizes=\"(max-width: 1920px) 100vw, 1920px\" \/><span aria-hidden=\"true\" class=\"wp-block-cover__background has-transparent-background-color has-background-dim-100 has-background-dim\"><\/span><div class=\"wp-block-cover__inner-container is-layout-flow wp-container-core-cover-is-layout-2a668712 wp-block-cover-is-layout-flow\">\n<div class=\"wp-block-cover is-light has-real-white-color has-text-color has-link-color wp-elements-83b93372de9dd160abd2087f57a96014\" style=\"padding-top:35vh;padding-right:var(--wp--preset--spacing--xs);padding-bottom:35vh;padding-left:var(--wp--preset--spacing--xs)\"><span aria-hidden=\"true\" class=\"wp-block-cover__background has-background-dim-40 has-background-dim has-background-gradient\" style=\"background:linear-gradient(0deg,rgba(255,255,255,0) 0%,rgb(0,0,0) 100%)\"><\/span><div class=\"wp-block-cover__inner-container is-layout-flow wp-block-cover-is-layout-flow\">\n<div class=\"wp-block-group is-layout-flow wp-block-group-is-layout-flow\" style=\"padding-bottom:var(--wp--preset--spacing--xl)\"><h1 style=\"font-style:normal;font-weight:700;\" class=\"has-text-align-center wp-block-post-title has-xxxxxl-font-size has-primary-font-family\">Tourismus in Morbihan<\/h1><\/div>\n<\/div><\/div>\n<\/div><\/div>\n\n<div class=\"wp-block-group alignfull has-global-padding is-layout-constrained wp-block-group-is-layout-constrained\">\n<div class=\"wp-block-group alignfull has-primary-light-background-color has-background has-global-padding is-layout-constrained wp-block-group-is-layout-constrained\">\n<div class=\"wp-block-group alignfull has-global-padding is-layout-constrained wp-block-group-is-layout-constrained\">\n\n\n<div style=\"height:100px\" aria-hidden=\"true\" class=\"wp-block-spacer\"><\/div>\n\n\n\n<div class=\"wp-block-group alignfull is-layout-flow wp-block-group-is-layout-flow\">\n<div class=\"wp-block-group alignwide has-global-padding is-layout-constrained wp-container-core-group-is-layout-e72a8c40 wp-block-group-is-layout-constrained\" style=\"padding-right:var(--wp--preset--spacing--xs);padding-left:var(--wp--preset--spacing--xs)\">\n<div class=\"wp-block-group alignwide is-layout-flow wp-container-core-group-is-layout-da2926eb wp-block-group-is-layout-flow\">\n<h2 class=\"wp-block-heading has-text-align-center is-style-title-below has-real-white-color has-text-color has-link-color wp-elements-db97679714c6af11df1f453c06993b5d is-style-title-below--1\">Entdecken Sie die touristischen Ziele <br\/>in der N\u00e4he des Campingplatzes Les Rochelets.<\/h2>\n\n\n\n<p class=\"has-text-align-center is-style-headline has-real-white-color has-text-color has-link-color wp-elements-2c6f0e38cc95fcf00dad26027db7f27a is-style-headline--2\">Was man rund um den Campingplatz in der s\u00fcdlichen Bretagne unternehmen kann<\/p>\n<\/div>\n\n\n\n<div class=\"wp-block-group has-global-padding is-layout-constrained wp-block-group-is-layout-constrained\">\n<p class=\"has-text-align-center has-real-white-color has-text-color has-link-color wp-elements-819aae9f7662862ade7ed0270154b29b\">Die Loire-Atlantique ist eine Region mit vielen Reicht\u00fcmern, ideal f\u00fcr Liebhaber von Natur, Kulturerbe und Lebenskunst. Mit seiner Atlantikk\u00fcste, den feinen Sandstr\u00e4nden, den unber\u00fchrten S\u00fcmpfen und den St\u00e4dten mit einer reichen historischen Vergangenheit bietet dieses Reiseziel den perfekten Rahmen f\u00fcr einen abwechslungsreichen und unvergesslichen Urlaub. Entdecken Sie symboltr\u00e4chtige Orte wie Nantes und sein kulturelles Erbe, die Jadek\u00fcste, die Halbinsel Gu\u00e9rande mit ihren Salzg\u00e4rten oder die charmanten Badeorte wie La Baule oder Pornic. Ob Sie sich am Meer entspannen, in der Natur wandern oder Kultur entdecken m\u00f6chten, die Loire-Atlantique wird alle Reisenden begeistern.   <\/p>\n<\/div>\n<\/div>\n<\/div>\n\n\n\n<div style=\"height:100px\" aria-hidden=\"true\" class=\"wp-block-spacer\"><\/div>\n<\/div>\n<\/div>\n\n\n\n<div class=\"wp-block-cover alignfull banner-wave-0\"><span aria-hidden=\"true\" class=\"wp-block-cover__background has-transparent-background-color has-background-dim-100 has-background-dim\"><\/span><div class=\"wp-block-cover__inner-container is-layout-flow wp-block-cover-is-layout-flow\">\n<div style=\"height:5vh\" aria-hidden=\"true\" class=\"wp-block-spacer\"><\/div>\n\n\n\n<div class=\"wp-block-group alignfull has-global-padding is-layout-constrained wp-block-group-is-layout-constrained\">\n<div class=\"wp-block-group alignfull wpgrid-map-section has-primary-color has-text-color has-link-color wp-elements-70ec5c8bef6e8980538f0d83bece99d2 is-layout-flow wp-block-group-is-layout-flow\" style=\"padding-top:var(--wp--preset--spacing--xxxl);padding-right:var(--wp--preset--spacing--xs);padding-bottom:var(--wp--preset--spacing--xxxl);padding-left:var(--wp--preset--spacing--xs)\">\n<div style=\"height:100px\" aria-hidden=\"true\" class=\"wp-block-spacer\"><\/div>\n\n\n\n<div class=\"wp-block-columns wpgrid-map-content is-style-hrz-reponsive-order is-layout-flex wp-container-core-columns-is-layout-24d8def1 wp-block-columns-is-layout-flex\" style=\"margin-top:0;margin-bottom:0;padding-top:0;padding-right:0;padding-bottom:0;padding-left:0\">\n<div class=\"wp-block-column wpgrid-map-left has-primary-color has-text-color has-link-color wp-elements-3245a74dbd24901e1fbc3628f69b910e is-layout-flow wp-block-column-is-layout-flow\"><!-- Gridbuilder \u1d42\u1d3e Plugin (https:\/\/wpgridbuilder.com) -->\n<div class=\"wp-grid-builder wpgb-grid-5 grid-color-text\" data-options=\"{&quot;id&quot;:5,&quot;type&quot;:&quot;masonry&quot;,&quot;source&quot;:&quot;post_type&quot;,&quot;loader&quot;:false,&quot;layout&quot;:&quot;vertical&quot;,&quot;reveal&quot;:0,&quot;isMainQuery&quot;:false,&quot;lazyLoad&quot;:false,&quot;cardSizes&quot;:{&quot;9999&quot;:{&quot;columns&quot;:3,&quot;height&quot;:120,&quot;gutter&quot;:10,&quot;ratio&quot;:&quot;1.33333&quot;},&quot;1024&quot;:{&quot;columns&quot;:2,&quot;height&quot;:120,&quot;gutter&quot;:10,&quot;ratio&quot;:&quot;1.33333&quot;},&quot;425&quot;:{&quot;columns&quot;:1,&quot;height&quot;:120,&quot;gutter&quot;:0,&quot;ratio&quot;:&quot;1.33333&quot;}},&quot;fitRows&quot;:false,&quot;equalRows&quot;:0,&quot;equalColumns&quot;:true,&quot;fillLastRow&quot;:0,&quot;centerLastRow&quot;:0,&quot;horizontalOrder&quot;:true,&quot;fullWidth&quot;:false,&quot;transitionDelay&quot;:100,&quot;gallerySlideshow&quot;:false,&quot;rowsNumber&quot;:1,&quot;slideAlign&quot;:&quot;left&quot;,&quot;groupCells&quot;:1,&quot;draggable&quot;:true,&quot;initialIndex&quot;:0,&quot;contain&quot;:false,&quot;freeScroll&quot;:false,&quot;freeFriction&quot;:&quot;0.075&quot;,&quot;friction&quot;:&quot;0.285&quot;,&quot;attraction&quot;:&quot;0.025&quot;,&quot;autoPlay&quot;:0,&quot;pageDotAriaLabel&quot;:&quot;Page dot %d&quot;,&quot;isPreview&quot;:false,&quot;isGutenberg&quot;:false,&quot;rightToLeft&quot;:false}\"><div class=\"wpgb-svg-icons\" hidden>\n\t<svg viewBox=\"0 0 120 24\" width=\"0\" height=\"0\">\n\t<defs>\n        <polygon id=\"wpgb-star-svg\" points=\"12 2.5 15.1 8.8 22 9.8 17 14.6 18.2 21.5 12 18.3 5.8 21.5 7 14.6 2 9.8 8.9 8.8\"><\/polygon>\n    <\/defs>\n    <symbol id=\"wpgb-rating-stars-svg\">\n        <use xlink:href=\"#wpgb-star-svg\"><\/use>\n        <use xlink:href=\"#wpgb-star-svg\" x=\"24\"><\/use>\n        <use xlink:href=\"#wpgb-star-svg\" x=\"48\"><\/use>\n        <use xlink:href=\"#wpgb-star-svg\" x=\"72\"><\/use>\n        <use xlink:href=\"#wpgb-star-svg\" x=\"96\"><\/use>\n    <\/symbol>\n<\/svg>\n<\/div>\n<div class=\"wpgb-wrapper\">\n\t<div class=\"wpgb-main\">\n\t<div class=\"wpgb-area wpgb-area-top-2\">\n\t<div class=\"wpgb-facet wpgb-loading wpgb-facet-1\" data-facet=\"1\" data-grid=\"5\">\t<h4 class=\"wpgb-facet-title\">Kategorien von Orten<\/h4>\n\t\t<fieldset>\n\t\t<legend class=\"wpgb-facet-title wpgb-sr-only\">Kategorien von Orten<\/legend>\n\t\t<div class=\"wpgb-select-facet\"><label><span class=\"wpgb-sr-only\">Kategorien von Orten<\/span><select class=\"wpgb-select wpgb-combobox\" name=\"plune_map_checkbox_cat_lieux\" multiple><option value=\"\">Keine<\/option><option value=\"stadte-dorfer\">St\u00e4dte &amp; D\u00f6rfer&nbsp;(8)<\/option><option value=\"besuche\">Besuche&nbsp;(5)<\/option><\/select><span class=\"wpgb-select-controls\"><span class=\"wpgb-select-separator\"><\/span><svg class=\"wpgb-select-toggle\" viewBox=\"0 0 24 24\" height=\"24\" width=\"24\" aria-hidden=\"true\" focusable=\"false\"><path d=\"m12 14.536-.045.043.045-.043-5.3-5.114 5.3 5.114 5.3-5.114-5.3 5.114.045.043Z\"\/><\/svg><\/span><\/label><\/div>\t<\/fieldset>\n\t<\/div><div class=\"wpgb-facet wpgb-loading wpgb-facet-11\" data-facet=\"11\" data-grid=\"5\">\t<h4 class=\"wpgb-facet-title\">Entfernung zum Campingplatz<\/h4>\n\t\t<fieldset>\n\t\t<legend class=\"wpgb-facet-title wpgb-sr-only\">Entfernung zum Campingplatz<\/legend>\n\t\t<div class=\"wpgb-range-facet\">\n\t\t\t\t<input type=\"range\" class=\"wpgb-range\" name=\"range_distance[]\" min=\"4\" max=\"65\" step=\"1\" value=\"4\" hidden>\n\t\t\t\t<input type=\"range\" class=\"wpgb-range\" name=\"range_distance[]\" min=\"4\" max=\"65\" step=\"0.00001\" value=\"65\" hidden>\n\t\t\t\t<div class=\"wpgb-range-facet-loader\"><div class=\"wpgb-range-slider\"><div class=\"wpgb-range-progress\"><\/div><div class=\"wpgb-range-thumbs\"><div class=\"wpgb-range-thumb\"><\/div><div class=\"wpgb-range-thumb\"><\/div><\/div><\/div><span class=\"wpgb-range-values\"><span><\/span><\/span><button type=\"button\" class=\"wpgb-range-clear\" disabled>Zur\u00fccksetzen<\/button><\/div>\n\t\t\t<\/div>\t<\/fieldset>\n\t<\/div><\/div>\n<div class=\"wpgb-layout\">\n\t<div class=\"wpgb-viewport\">\n\t\t<div class=\"wpgb-masonry\">\n\t\t\t<article class=\"wpgb-card wpgb-card-21 wpgb-post-2085\" data-col=\"1\" data-row=\"1\" data-format=\"standard\" data-fluid><div class=\"wpgb-card-wrapper\"><div class=\"wpgb-card-inner\"><div class=\"wpgb-card-media wpgb-scheme-light\" data-action><svg data-ratio style=\"padding-top:66.67%\" viewBox=\"0 0 768 512\"><\/svg><div class=\"wpgb-card-media-thumbnail\"><a href=\"https:\/\/www.lelac-carnac.com\/wp-content\/uploads\/2026\/01\/marches-morbihan-camping-le-lac-carnac_01-scaled.webp\" tabindex=\"-1\" class=\"wpgb-handle-lb wpgb-lightbox\" data-type=\"image\" data-rel=\"5\" data-title=\"marches-morbihan-camping-le-lac-carnac_01\" title=\"Enlarge photo\"><div style=\"background-image:url(https://cdn.horizon-marketing.com/spio/ret_img,q_cdnize,to_webp,s_webp/www.lelac-carnac.com/wp-content/uploads/2026/01/marches-morbihan-camping-le-lac-carnac_01-768x512.webp)\"><\/div><noscript><img decoding=\"async\" class=\"wpgb-noscript-img\" src=\"https:\/\/cdn.horizon-marketing.com\/spio\/ret_img,q_cdnize,to_webp,s_webp\/www.lelac-carnac.com\/wp-content\/uploads\/2026\/01\/marches-morbihan-camping-le-lac-carnac_01-768x512.webp\" alt=\"\" height=\"512\" width=\"768\"><\/noscript><\/a><\/div><a class=\"wpgb-card-layer-link\" target=\"_self\" href=\"https:\/\/www.lelac-carnac.com\/de\/lieux\/die-maerkte-in-morbihan\/\"><\/a><\/div><div class=\"wpgb-card-content wpgb-scheme-dark\"><div class=\"wpgb-card-body\"><div class=\"wpgb-block-7\"><h3 class=\"wpgb-block-1\"><a href=\"https:\/\/www.lelac-carnac.com\/de\/lieux\/die-maerkte-in-morbihan\/\">Die M\u00e4rkte in Morbihan<\/a><\/h3><\/div><p class=\"wpgb-block-2\">Quiberon, Carnac, La Trinit\u00e9-sur-Mer, Auray, Vannes&#8230; Die M\u00e4rkte in Morbihan Das Beste der M\u00e4rkte in Morbihan Jeden Tag ein Markt,&#8230;<\/p><div class=\"wpgb-block-3\">Entfernung zum Campingplatz :  6km<\/div><\/div><div class=\"wpgb-card-footer\"><a class=\"wpgb-block-4\" href=\"https:\/\/www.lelac-carnac.com\/de\/lieux\/die-maerkte-in-morbihan\/\"><strong>Weitere Informationen<\/strong><\/a><\/div><\/div><\/div><\/div><\/article><article class=\"wpgb-card wpgb-card-21 wpgb-post-2077\" data-col=\"1\" data-row=\"1\" data-format=\"standard\" data-fluid><div class=\"wpgb-card-wrapper\"><div class=\"wpgb-card-inner\"><div class=\"wpgb-card-media wpgb-scheme-light\" data-action><svg data-ratio style=\"padding-top:65.89%\" viewBox=\"0 0 768 506\"><\/svg><div class=\"wpgb-card-media-thumbnail\"><a href=\"https:\/\/www.lelac-carnac.com\/wp-content\/uploads\/2026\/01\/evenements-camping-le-lac-carnac_01.webp\" tabindex=\"-1\" class=\"wpgb-handle-lb wpgb-lightbox\" data-type=\"image\" data-rel=\"5\" data-title=\"evenements-camping-le-lac-carnac_01\" title=\"Enlarge photo\"><div style=\"background-image:url(https://cdn.horizon-marketing.com/spio/ret_img,q_cdnize,to_webp,s_webp/www.lelac-carnac.com/wp-content/uploads/2026/01/evenements-camping-le-lac-carnac_01-768x506.webp)\"><\/div><noscript><img decoding=\"async\" class=\"wpgb-noscript-img\" src=\"https:\/\/cdn.horizon-marketing.com\/spio\/ret_img,q_cdnize,to_webp,s_webp\/www.lelac-carnac.com\/wp-content\/uploads\/2026\/01\/evenements-camping-le-lac-carnac_01-768x506.webp\" alt=\"\" height=\"506\" width=\"768\"><\/noscript><\/a><\/div><a class=\"wpgb-card-layer-link\" target=\"_self\" href=\"https:\/\/www.lelac-carnac.com\/de\/lieux\/veranstaltungen\/\"><\/a><\/div><div class=\"wpgb-card-content wpgb-scheme-dark\"><div class=\"wpgb-card-body\"><div class=\"wpgb-block-7\"><h3 class=\"wpgb-block-1\"><a href=\"https:\/\/www.lelac-carnac.com\/de\/lieux\/veranstaltungen\/\">Veranstaltungen<\/a><\/h3><\/div><div class=\"wpgb-block-5\"><span class=\"wpgb-block-term\" data-id=\"69\">Besuche<\/span><\/div><p class=\"wpgb-block-2\">Wenn die lokale Kultur erwacht Unumg\u00e4ngliche Ereignisse in Carnac Carnac, ein unumg\u00e4nglicher Treffpunkt f\u00fcr Festivalliebhaber Mit der Ankunft der warmen&#8230;<\/p><div class=\"wpgb-block-3\">Entfernung zum Campingplatz :  4km<\/div><\/div><div class=\"wpgb-card-footer\"><a class=\"wpgb-block-4\" href=\"https:\/\/www.lelac-carnac.com\/de\/lieux\/veranstaltungen\/\"><strong>Weitere Informationen<\/strong><\/a><\/div><\/div><\/div><\/div><\/article><article class=\"wpgb-card wpgb-card-21 wpgb-post-2083\" data-col=\"1\" data-row=\"1\" data-format=\"standard\" data-fluid><div class=\"wpgb-card-wrapper\"><div class=\"wpgb-card-inner\"><div class=\"wpgb-card-content wpgb-scheme-dark\"><div class=\"wpgb-card-body\"><div class=\"wpgb-block-7\"><h3 class=\"wpgb-block-1\"><a href=\"https:\/\/www.lelac-carnac.com\/de\/lieux\/gezeitenmuehle\/\">Gezeitenm\u00fchle<\/a><\/h3><\/div><div class=\"wpgb-block-5\"><span class=\"wpgb-block-term\" data-id=\"69\">Besuche<\/span><\/div><p class=\"wpgb-block-2\">Ein von den Gezeiten geformtes Erbe Gezeitenm\u00fchle Die Gezeitenm\u00fchle in der N\u00e4he von Carnac ist eines der Wahrzeichen der \u00f6rtlichen&#8230;<\/p><div class=\"wpgb-block-3\">Entfernung zum Campingplatz :  18km<\/div><\/div><div class=\"wpgb-card-footer\"><a class=\"wpgb-block-4\" href=\"https:\/\/www.lelac-carnac.com\/de\/lieux\/gezeitenmuehle\/\"><strong>Weitere Informationen<\/strong><\/a><\/div><\/div><\/div><\/div><\/article><article class=\"wpgb-card wpgb-card-21 wpgb-post-2156\" data-col=\"1\" data-row=\"1\" data-format=\"standard\" data-fluid><div class=\"wpgb-card-wrapper\"><div class=\"wpgb-card-inner\"><div class=\"wpgb-card-media wpgb-scheme-light\" data-action><svg data-ratio style=\"padding-top:60.03%\" viewBox=\"0 0 768 461\"><\/svg><div class=\"wpgb-card-media-thumbnail\"><a href=\"https:\/\/www.lelac-carnac.com\/wp-content\/uploads\/2026\/01\/AdobeStock_147210-scaled.jpeg\" tabindex=\"-1\" class=\"wpgb-handle-lb wpgb-lightbox\" data-type=\"image\" data-rel=\"5\" data-title=\"crac&#8217;h\" title=\"Enlarge photo\"><div style=\"background-image:url(https://cdn.horizon-marketing.com/spio/ret_img,q_cdnize,to_webp,s_webp/www.lelac-carnac.com/wp-content/uploads/2026/01/AdobeStock_147210-768x461.jpeg)\"><\/div><noscript><img decoding=\"async\" class=\"wpgb-noscript-img\" src=\"https:\/\/cdn.horizon-marketing.com\/spio\/ret_img,q_cdnize,to_webp,s_webp\/www.lelac-carnac.com\/wp-content\/uploads\/2026\/01\/AdobeStock_147210-768x461.jpeg\" alt=\"\" height=\"461\" width=\"768\"><\/noscript><\/a><\/div><a class=\"wpgb-card-layer-link\" target=\"_self\" href=\"https:\/\/www.lelac-carnac.com\/de\/lieux\/die-ria-von-crach\/\"><\/a><\/div><div class=\"wpgb-card-content wpgb-scheme-dark\"><div class=\"wpgb-card-body\"><div class=\"wpgb-block-7\"><h3 class=\"wpgb-block-1\"><a href=\"https:\/\/www.lelac-carnac.com\/de\/lieux\/die-ria-von-crach\/\">Die Ria von Crac&#8217;h<\/a><\/h3><\/div><div class=\"wpgb-block-5\"><span class=\"wpgb-block-term\" data-id=\"69\">Besuche<\/span><\/div><p class=\"wpgb-block-2\">eine erstaunliche Verbindung von Land und Meer in Carnac Die Ria von Crac&#8217;h im Morbihan In Carnac, Morbihan in der&#8230;<\/p><div class=\"wpgb-block-3\">Entfernung zum Campingplatz :  4.4km<\/div><\/div><div class=\"wpgb-card-footer\"><a class=\"wpgb-block-4\" href=\"https:\/\/www.lelac-carnac.com\/de\/lieux\/die-ria-von-crach\/\"><strong>Weitere Informationen<\/strong><\/a><\/div><\/div><\/div><\/div><\/article><article class=\"wpgb-card wpgb-card-21 wpgb-post-2148\" data-col=\"1\" data-row=\"1\" data-format=\"standard\" data-fluid><div class=\"wpgb-card-wrapper\"><div class=\"wpgb-card-inner\"><div class=\"wpgb-card-media wpgb-scheme-light\" data-action><svg data-ratio style=\"padding-top:56.25%\" viewBox=\"0 0 768 432\"><\/svg><div class=\"wpgb-card-media-thumbnail\"><a href=\"https:\/\/www.lelac-carnac.com\/wp-content\/uploads\/2026\/01\/zoo-pont-scorff-camping-le-lac-carnac_03-scaled.webp\" tabindex=\"-1\" class=\"wpgb-handle-lb wpgb-lightbox\" data-type=\"image\" data-rel=\"5\" data-title=\"zoo-pont-scorff-camping-le-lac-carnac_03\" title=\"Enlarge photo\"><div style=\"background-image:url(https://cdn.horizon-marketing.com/spio/ret_img,q_cdnize,to_webp,s_webp/www.lelac-carnac.com/wp-content/uploads/2026/01/zoo-pont-scorff-camping-le-lac-carnac_03-768x432.webp)\"><\/div><noscript><img decoding=\"async\" class=\"wpgb-noscript-img\" src=\"https:\/\/cdn.horizon-marketing.com\/spio\/ret_img,q_cdnize,to_webp,s_webp\/www.lelac-carnac.com\/wp-content\/uploads\/2026\/01\/zoo-pont-scorff-camping-le-lac-carnac_03-768x432.webp\" alt=\"\" height=\"432\" width=\"768\"><\/noscript><\/a><\/div><a class=\"wpgb-card-layer-link\" target=\"_self\" href=\"https:\/\/www.lelac-carnac.com\/de\/lieux\/zoo-von-pont-de-scorff\/\"><\/a><\/div><div class=\"wpgb-card-content wpgb-scheme-dark\"><div class=\"wpgb-card-body\"><div class=\"wpgb-block-7\"><h3 class=\"wpgb-block-1\"><a href=\"https:\/\/www.lelac-carnac.com\/de\/lieux\/zoo-von-pont-de-scorff\/\">Zoo von Pont de Scorff<\/a><\/h3><\/div><div class=\"wpgb-block-5\"><span class=\"wpgb-block-term\" data-id=\"69\">Besuche<\/span><\/div><p class=\"wpgb-block-2\">Ein Tierpark im Tal Zoo von Pont-Scorff Der Zoo von Pont-Scorff liegt in Pont-Scorff, im gleichnamigen Tal. Dieser Ort geh\u00f6rt&#8230;<\/p><div class=\"wpgb-block-3\">Entfernung zum Campingplatz :  51km<\/div><\/div><div class=\"wpgb-card-footer\"><a class=\"wpgb-block-4\" href=\"https:\/\/www.lelac-carnac.com\/de\/lieux\/zoo-von-pont-de-scorff\/\"><strong>Weitere Informationen<\/strong><\/a><\/div><\/div><\/div><\/div><\/article><article class=\"wpgb-card wpgb-card-21 wpgb-post-2136\" data-col=\"1\" data-row=\"1\" data-format=\"standard\" data-fluid><div class=\"wpgb-card-wrapper\"><div class=\"wpgb-card-inner\"><div class=\"wpgb-card-media wpgb-scheme-light\" data-action><svg data-ratio style=\"padding-top:66.67%\" viewBox=\"0 0 768 512\"><\/svg><div class=\"wpgb-card-media-thumbnail\"><a href=\"https:\/\/www.lelac-carnac.com\/wp-content\/uploads\/2026\/01\/zoo-branfere-camping-le-lac-carnac_04-scaled.webp\" tabindex=\"-1\" class=\"wpgb-handle-lb wpgb-lightbox\" data-type=\"image\" data-rel=\"5\" data-title=\"zoo-branfere-camping-le-lac-carnac_04\" title=\"Enlarge photo\"><div style=\"background-image:url(https://cdn.horizon-marketing.com/spio/ret_img,q_cdnize,to_webp,s_webp/www.lelac-carnac.com/wp-content/uploads/2026/01/zoo-branfere-camping-le-lac-carnac_04-768x512.webp)\"><\/div><noscript><img decoding=\"async\" class=\"wpgb-noscript-img\" src=\"https:\/\/cdn.horizon-marketing.com\/spio\/ret_img,q_cdnize,to_webp,s_webp\/www.lelac-carnac.com\/wp-content\/uploads\/2026\/01\/zoo-branfere-camping-le-lac-carnac_04-768x512.webp\" alt=\"\" height=\"512\" width=\"768\"><\/noscript><\/a><\/div><a class=\"wpgb-card-layer-link\" target=\"_self\" href=\"https:\/\/www.lelac-carnac.com\/de\/lieux\/tierpark-branfere\/\"><\/a><\/div><div class=\"wpgb-card-content wpgb-scheme-dark\"><div class=\"wpgb-card-body\"><div class=\"wpgb-block-7\"><h3 class=\"wpgb-block-1\"><a href=\"https:\/\/www.lelac-carnac.com\/de\/lieux\/tierpark-branfere\/\">Tierpark Branf\u00e9r\u00e9<\/a><\/h3><\/div><div class=\"wpgb-block-5\"><span class=\"wpgb-block-term\" data-id=\"69\">Besuche<\/span><\/div><p class=\"wpgb-block-2\">Ein Besuch der Natur und der Tierwelt Der Tierpark Branf\u00e9r\u00e9 Der Tierpark Branf\u00e9r\u00e9 befindet sich in Le Guerno und ist&#8230;<\/p><div class=\"wpgb-block-3\">Entfernung zum Campingplatz :  65km<\/div><\/div><div class=\"wpgb-card-footer\"><a class=\"wpgb-block-4\" href=\"https:\/\/www.lelac-carnac.com\/de\/lieux\/tierpark-branfere\/\"><strong>Weitere Informationen<\/strong><\/a><\/div><\/div><\/div><\/div><\/article><article class=\"wpgb-card wpgb-card-21 wpgb-post-2121\" data-col=\"1\" data-row=\"1\" data-format=\"standard\" data-fluid><div class=\"wpgb-card-wrapper\"><div class=\"wpgb-card-inner\"><div class=\"wpgb-card-media wpgb-scheme-light\" data-action><svg data-ratio style=\"padding-top:66.67%\" viewBox=\"0 0 768 512\"><\/svg><div class=\"wpgb-card-media-thumbnail\"><a href=\"https:\/\/www.lelac-carnac.com\/wp-content\/uploads\/2026\/01\/trinite-sur-mer-camping-le-lac-carnac_04-scaled.webp\" tabindex=\"-1\" class=\"wpgb-handle-lb wpgb-lightbox\" data-type=\"image\" data-rel=\"5\" data-title=\"trinite-sur-mer-camping-le-lac-carnac_04\" title=\"Enlarge photo\"><div style=\"background-image:url(https://cdn.horizon-marketing.com/spio/ret_img,q_cdnize,to_webp,s_webp/www.lelac-carnac.com/wp-content/uploads/2026/01/trinite-sur-mer-camping-le-lac-carnac_04-768x512.webp)\"><\/div><noscript><img decoding=\"async\" class=\"wpgb-noscript-img\" src=\"https:\/\/cdn.horizon-marketing.com\/spio\/ret_img,q_cdnize,to_webp,s_webp\/www.lelac-carnac.com\/wp-content\/uploads\/2026\/01\/trinite-sur-mer-camping-le-lac-carnac_04-768x512.webp\" alt=\"\" height=\"512\" width=\"768\"><\/noscript><\/a><\/div><a class=\"wpgb-card-layer-link\" target=\"_self\" href=\"https:\/\/www.lelac-carnac.com\/de\/lieux\/la-trinite-sur-mer\/\"><\/a><\/div><div class=\"wpgb-card-content wpgb-scheme-dark\"><div class=\"wpgb-card-body\"><div class=\"wpgb-block-7\"><h3 class=\"wpgb-block-1\"><a href=\"https:\/\/www.lelac-carnac.com\/de\/lieux\/la-trinite-sur-mer\/\">La Trinit\u00e9-sur-Mer<\/a><\/h3><\/div><div class=\"wpgb-block-5\"><span class=\"wpgb-block-term\" data-id=\"71\">St\u00e4dte &amp; D\u00f6rfer<\/span><\/div><p class=\"wpgb-block-2\">Was kann man tun, sehen und besuchen? Camping in der N\u00e4he von La Trinit\u00e9-sur-Mer La Trinit\u00e9 sur Mer liegt im&#8230;<\/p><div class=\"wpgb-block-3\">Entfernung zum Campingplatz :  5.2km<\/div><\/div><div class=\"wpgb-card-footer\"><a class=\"wpgb-block-4\" href=\"https:\/\/www.lelac-carnac.com\/de\/lieux\/la-trinite-sur-mer\/\"><strong>Weitere Informationen<\/strong><\/a><\/div><\/div><\/div><\/div><\/article><article class=\"wpgb-card wpgb-card-21 wpgb-post-2103\" data-col=\"1\" data-row=\"1\" data-format=\"standard\" data-fluid><div class=\"wpgb-card-wrapper\"><div class=\"wpgb-card-inner\"><div class=\"wpgb-card-media wpgb-scheme-light\" data-action><svg data-ratio style=\"padding-top:66.67%\" viewBox=\"0 0 768 512\"><\/svg><div class=\"wpgb-card-media-thumbnail\"><a href=\"https:\/\/www.lelac-carnac.com\/wp-content\/uploads\/2026\/01\/carnac-camping-le-lac-carnac_06-scaled.webp\" tabindex=\"-1\" class=\"wpgb-handle-lb wpgb-lightbox\" data-type=\"image\" data-rel=\"5\" data-title=\"carnac-camping-le-lac-carnac_06\" title=\"Enlarge photo\"><div style=\"background-image:url(https://cdn.horizon-marketing.com/spio/ret_img,q_cdnize,to_webp,s_webp/www.lelac-carnac.com/wp-content/uploads/2026/01/carnac-camping-le-lac-carnac_06-768x512.webp)\"><\/div><noscript><img decoding=\"async\" class=\"wpgb-noscript-img\" src=\"https:\/\/cdn.horizon-marketing.com\/spio\/ret_img,q_cdnize,to_webp,s_webp\/www.lelac-carnac.com\/wp-content\/uploads\/2026\/01\/carnac-camping-le-lac-carnac_06-768x512.webp\" alt=\"\" height=\"512\" width=\"768\"><\/noscript><\/a><\/div><a class=\"wpgb-card-layer-link\" target=\"_self\" href=\"https:\/\/www.lelac-carnac.com\/de\/lieux\/carnac\/\"><\/a><\/div><div class=\"wpgb-card-content wpgb-scheme-dark\"><div class=\"wpgb-card-body\"><div class=\"wpgb-block-7\"><h3 class=\"wpgb-block-1\"><a href=\"https:\/\/www.lelac-carnac.com\/de\/lieux\/carnac\/\">Carnac<\/a><\/h3><\/div><div class=\"wpgb-block-5\"><span class=\"wpgb-block-term\" data-id=\"71\">St\u00e4dte &amp; D\u00f6rfer<\/span><\/div><p class=\"wpgb-block-2\">Ein kompletter Urlaub zwischen Entspannung, Natur und Kultur Warum ist ein Campingurlaub in Carnac so beliebt? Carnac liegt im Herzen&#8230;<\/p><div class=\"wpgb-block-3\">Entfernung zum Campingplatz :  6km<\/div><\/div><div class=\"wpgb-card-footer\"><a class=\"wpgb-block-4\" href=\"https:\/\/www.lelac-carnac.com\/de\/lieux\/carnac\/\"><strong>Weitere Informationen<\/strong><\/a><\/div><\/div><\/div><\/div><\/article><article class=\"wpgb-card wpgb-card-21 wpgb-post-2091\" data-col=\"1\" data-row=\"1\" data-format=\"standard\" data-fluid><div class=\"wpgb-card-wrapper\"><div class=\"wpgb-card-inner\"><div class=\"wpgb-card-media wpgb-scheme-light\" data-action><svg data-ratio style=\"padding-top:55.99%\" viewBox=\"0 0 768 430\"><\/svg><div class=\"wpgb-card-media-thumbnail\"><a href=\"https:\/\/www.lelac-carnac.com\/wp-content\/uploads\/2026\/01\/lorient-camping-le-lac-carnac_02-scaled.webp\" tabindex=\"-1\" class=\"wpgb-handle-lb wpgb-lightbox\" data-type=\"image\" data-rel=\"5\" data-title=\"lorient-camping-le-lac-carnac_02\" title=\"Enlarge photo\"><div style=\"background-image:url(https://cdn.horizon-marketing.com/spio/ret_img,q_cdnize,to_webp,s_webp/www.lelac-carnac.com/wp-content/uploads/2026/01/lorient-camping-le-lac-carnac_02-768x430.webp)\"><\/div><noscript><img decoding=\"async\" class=\"wpgb-noscript-img\" src=\"https:\/\/cdn.horizon-marketing.com\/spio\/ret_img,q_cdnize,to_webp,s_webp\/www.lelac-carnac.com\/wp-content\/uploads\/2026\/01\/lorient-camping-le-lac-carnac_02-768x430.webp\" alt=\"\" height=\"430\" width=\"768\"><\/noscript><\/a><\/div><a class=\"wpgb-card-layer-link\" target=\"_self\" href=\"https:\/\/www.lelac-carnac.com\/de\/lieux\/lorient\/\"><\/a><\/div><div class=\"wpgb-card-content wpgb-scheme-dark\"><div class=\"wpgb-card-body\"><div class=\"wpgb-block-7\"><h3 class=\"wpgb-block-1\"><a href=\"https:\/\/www.lelac-carnac.com\/de\/lieux\/lorient\/\">Lorient<\/a><\/h3><\/div><div class=\"wpgb-block-5\"><span class=\"wpgb-block-term\" data-id=\"71\">St\u00e4dte &amp; D\u00f6rfer<\/span><\/div><p class=\"wpgb-block-2\">Sehensw\u00fcrdigkeiten in der N\u00e4he von Carnac Was k\u00f6nnen Sie w\u00e4hrend Ihres Aufenthalts im Morbihan in der N\u00e4he von Lorient unternehmen&#8230;<\/p><div class=\"wpgb-block-3\">Entfernung zum Campingplatz :  48km<\/div><\/div><div class=\"wpgb-card-footer\"><a class=\"wpgb-block-4\" href=\"https:\/\/www.lelac-carnac.com\/de\/lieux\/lorient\/\"><strong>Weitere Informationen<\/strong><\/a><\/div><\/div><\/div><\/div><\/article><article class=\"wpgb-card wpgb-card-21 wpgb-post-2143\" data-col=\"1\" data-row=\"1\" data-format=\"standard\" data-fluid><div class=\"wpgb-card-wrapper\"><div class=\"wpgb-card-inner\"><div class=\"wpgb-card-media wpgb-scheme-light\" data-action><svg data-ratio style=\"padding-top:67.58%\" viewBox=\"0 0 768 519\"><\/svg><div class=\"wpgb-card-media-thumbnail\"><a href=\"https:\/\/www.lelac-carnac.com\/wp-content\/uploads\/2026\/01\/ethel-camping-le-lac-carnac_04-scaled.webp\" tabindex=\"-1\" class=\"wpgb-handle-lb wpgb-lightbox\" data-type=\"image\" data-rel=\"5\" data-title=\"ethel-camping-le-lac-carnac_04\" title=\"Enlarge photo\"><div style=\"background-image:url(https://cdn.horizon-marketing.com/spio/ret_img,q_cdnize,to_webp,s_webp/www.lelac-carnac.com/wp-content/uploads/2026/01/ethel-camping-le-lac-carnac_04-768x519.webp)\"><\/div><noscript><img decoding=\"async\" class=\"wpgb-noscript-img\" src=\"https:\/\/cdn.horizon-marketing.com\/spio\/ret_img,q_cdnize,to_webp,s_webp\/www.lelac-carnac.com\/wp-content\/uploads\/2026\/01\/ethel-camping-le-lac-carnac_04-768x519.webp\" alt=\"\" height=\"519\" width=\"768\"><\/noscript><\/a><\/div><a class=\"wpgb-card-layer-link\" target=\"_self\" href=\"https:\/\/www.lelac-carnac.com\/de\/lieux\/ria-detel\/\"><\/a><\/div><div class=\"wpgb-card-content wpgb-scheme-dark\"><div class=\"wpgb-card-body\"><div class=\"wpgb-block-7\"><h3 class=\"wpgb-block-1\"><a href=\"https:\/\/www.lelac-carnac.com\/de\/lieux\/ria-detel\/\">Ria d&#8217;\u00c9tel<\/a><\/h3><\/div><div class=\"wpgb-block-5\"><span class=\"wpgb-block-term\" data-id=\"71\">St\u00e4dte &amp; D\u00f6rfer<\/span><\/div><p class=\"wpgb-block-2\">Aktivit\u00e4ten, Besichtigungen und praktische Tipps Was gibt es in der Ria d&#8217;\u00c9tel zu sehen? Willkommen in der s\u00fcdlichen Bretagne! Die&#8230;<\/p><div class=\"wpgb-block-3\">Entfernung zum Campingplatz :  20.4km<\/div><\/div><div class=\"wpgb-card-footer\"><a class=\"wpgb-block-4\" href=\"https:\/\/www.lelac-carnac.com\/de\/lieux\/ria-detel\/\"><strong>Weitere Informationen<\/strong><\/a><\/div><\/div><\/div><\/div><\/article><article class=\"wpgb-card wpgb-card-21 wpgb-post-2130\" data-col=\"1\" data-row=\"1\" data-format=\"standard\" data-fluid><div class=\"wpgb-card-wrapper\"><div class=\"wpgb-card-inner\"><div class=\"wpgb-card-media wpgb-scheme-light\" data-action><svg data-ratio style=\"padding-top:66.67%\" viewBox=\"0 0 768 512\"><\/svg><div class=\"wpgb-card-media-thumbnail\"><a href=\"https:\/\/www.lelac-carnac.com\/wp-content\/uploads\/2026\/01\/rhuys-camping-le-lac-carnac_04-scaled.webp\" tabindex=\"-1\" class=\"wpgb-handle-lb wpgb-lightbox\" data-type=\"image\" data-rel=\"5\" data-title=\"rhuys-camping-le-lac-carnac_04\" title=\"Enlarge photo\"><div style=\"background-image:url(https://cdn.horizon-marketing.com/spio/ret_img,q_cdnize,to_webp,s_webp/www.lelac-carnac.com/wp-content/uploads/2026/01/rhuys-camping-le-lac-carnac_04-768x512.webp)\"><\/div><noscript><img decoding=\"async\" class=\"wpgb-noscript-img\" src=\"https:\/\/cdn.horizon-marketing.com\/spio\/ret_img,q_cdnize,to_webp,s_webp\/www.lelac-carnac.com\/wp-content\/uploads\/2026\/01\/rhuys-camping-le-lac-carnac_04-768x512.webp\" alt=\"\" height=\"512\" width=\"768\"><\/noscript><\/a><\/div><a class=\"wpgb-card-layer-link\" target=\"_self\" href=\"https:\/\/www.lelac-carnac.com\/de\/lieux\/halbinsel-rhuys\/\"><\/a><\/div><div class=\"wpgb-card-content wpgb-scheme-dark\"><div class=\"wpgb-card-body\"><div class=\"wpgb-block-7\"><h3 class=\"wpgb-block-1\"><a href=\"https:\/\/www.lelac-carnac.com\/de\/lieux\/halbinsel-rhuys\/\">Halbinsel Rhuys<\/a><\/h3><\/div><div class=\"wpgb-block-5\"><span class=\"wpgb-block-term\" data-id=\"71\">St\u00e4dte &amp; D\u00f6rfer<\/span><\/div><p class=\"wpgb-block-2\">Was gibt es zu sehen, was zu tun? Entdecken Sie die wichtigsten Sehensw\u00fcrdigkeiten Camping in der N\u00e4he der Halbinsel Rhuys&#8230;<\/p><div class=\"wpgb-block-3\">Entfernung zum Campingplatz :  56km<\/div><\/div><div class=\"wpgb-card-footer\"><a class=\"wpgb-block-4\" href=\"https:\/\/www.lelac-carnac.com\/de\/lieux\/halbinsel-rhuys\/\"><strong>Weitere Informationen<\/strong><\/a><\/div><\/div><\/div><\/div><\/article><article class=\"wpgb-card wpgb-card-21 wpgb-post-2116\" data-col=\"1\" data-row=\"1\" data-format=\"standard\" data-fluid><div class=\"wpgb-card-wrapper\"><div class=\"wpgb-card-inner\"><div class=\"wpgb-card-media wpgb-scheme-light\" data-action><svg data-ratio style=\"padding-top:66.93%\" viewBox=\"0 0 768 514\"><\/svg><div class=\"wpgb-card-media-thumbnail\"><a href=\"https:\/\/www.lelac-carnac.com\/wp-content\/uploads\/2026\/01\/vannes-camping-le-lac-carnac_02-scaled.webp\" tabindex=\"-1\" class=\"wpgb-handle-lb wpgb-lightbox\" data-type=\"image\" data-rel=\"5\" data-title=\"vannes-camping-le-lac-carnac_02\" title=\"Enlarge photo\"><div style=\"background-image:url(https://cdn.horizon-marketing.com/spio/ret_img,q_cdnize,to_webp,s_webp/www.lelac-carnac.com/wp-content/uploads/2026/01/vannes-camping-le-lac-carnac_02-768x514.webp)\"><\/div><noscript><img decoding=\"async\" class=\"wpgb-noscript-img\" src=\"https:\/\/cdn.horizon-marketing.com\/spio\/ret_img,q_cdnize,to_webp,s_webp\/www.lelac-carnac.com\/wp-content\/uploads\/2026\/01\/vannes-camping-le-lac-carnac_02-768x514.webp\" alt=\"\" height=\"514\" width=\"768\"><\/noscript><\/a><\/div><a class=\"wpgb-card-layer-link\" target=\"_self\" href=\"https:\/\/www.lelac-carnac.com\/de\/lieux\/ventile\/\"><\/a><\/div><div class=\"wpgb-card-content wpgb-scheme-dark\"><div class=\"wpgb-card-body\"><div class=\"wpgb-block-7\"><h3 class=\"wpgb-block-1\"><a href=\"https:\/\/www.lelac-carnac.com\/de\/lieux\/ventile\/\">Ventile<\/a><\/h3><\/div><div class=\"wpgb-block-5\"><span class=\"wpgb-block-term\" data-id=\"71\">St\u00e4dte &amp; D\u00f6rfer<\/span><\/div><p class=\"wpgb-block-2\">Bretonische Stadt, die Sie von Ihrem Campingplatz aus erkunden k\u00f6nnen Was kann man in Vannes w\u00e4hrend Ihres Aufenthalts in Carnac&#8230;<\/p><div class=\"wpgb-block-3\">Entfernung zum Campingplatz :  30km<\/div><\/div><div class=\"wpgb-card-footer\"><a class=\"wpgb-block-4\" href=\"https:\/\/www.lelac-carnac.com\/de\/lieux\/ventile\/\"><strong>Weitere Informationen<\/strong><\/a><\/div><\/div><\/div><\/div><\/article><article class=\"wpgb-card wpgb-card-21 wpgb-post-2102\" data-col=\"1\" data-row=\"1\" data-format=\"standard\" data-fluid><div class=\"wpgb-card-wrapper\"><div class=\"wpgb-card-inner\"><div class=\"wpgb-card-media wpgb-scheme-light\" data-action><svg data-ratio style=\"padding-top:76.95%\" viewBox=\"0 0 768 591\"><\/svg><div class=\"wpgb-card-media-thumbnail\"><a href=\"https:\/\/www.lelac-carnac.com\/wp-content\/uploads\/2026\/01\/quiberon-camping-le-lac-carnac_02-scaled.webp\" tabindex=\"-1\" class=\"wpgb-handle-lb wpgb-lightbox\" data-type=\"image\" data-rel=\"5\" data-title=\"quiberon-camping-le-lac-carnac_02\" title=\"Enlarge photo\"><div style=\"background-image:url(https://cdn.horizon-marketing.com/spio/ret_img,q_cdnize,to_webp,s_webp/www.lelac-carnac.com/wp-content/uploads/2026/01/quiberon-camping-le-lac-carnac_02-768x591.webp)\"><\/div><noscript><img decoding=\"async\" class=\"wpgb-noscript-img\" src=\"https:\/\/cdn.horizon-marketing.com\/spio\/ret_img,q_cdnize,to_webp,s_webp\/www.lelac-carnac.com\/wp-content\/uploads\/2026\/01\/quiberon-camping-le-lac-carnac_02-768x591.webp\" alt=\"\" height=\"591\" width=\"768\"><\/noscript><\/a><\/div><a class=\"wpgb-card-layer-link\" target=\"_self\" href=\"https:\/\/www.lelac-carnac.com\/de\/lieux\/quiberon\/\"><\/a><\/div><div class=\"wpgb-card-content wpgb-scheme-dark\"><div class=\"wpgb-card-body\"><div class=\"wpgb-block-7\"><h3 class=\"wpgb-block-1\"><a href=\"https:\/\/www.lelac-carnac.com\/de\/lieux\/quiberon\/\">Quiberon<\/a><\/h3><\/div><div class=\"wpgb-block-5\"><span class=\"wpgb-block-term\" data-id=\"71\">St\u00e4dte &amp; D\u00f6rfer<\/span><\/div><p class=\"wpgb-block-2\">die sch\u00f6nsten Orte der Bucht und der Halbinsel Was kann man in Quiberon auf einem Campingplatz unternehmen? Die Halbinsel Quiberon&#8230;<\/p><div class=\"wpgb-block-3\">Entfernung zum Campingplatz :  24.5km<\/div><\/div><div class=\"wpgb-card-footer\"><a class=\"wpgb-block-4\" href=\"https:\/\/www.lelac-carnac.com\/de\/lieux\/quiberon\/\"><strong>Weitere Informationen<\/strong><\/a><\/div><\/div><\/div><\/div><\/article><article class=\"wpgb-card wpgb-card-21 wpgb-post-2090\" data-col=\"1\" data-row=\"1\" data-format=\"standard\" data-fluid><div class=\"wpgb-card-wrapper\"><div class=\"wpgb-card-inner\"><div class=\"wpgb-card-media wpgb-scheme-light\" data-action><svg data-ratio style=\"padding-top:66.67%\" viewBox=\"0 0 768 512\"><\/svg><div class=\"wpgb-card-media-thumbnail\"><a href=\"https:\/\/www.lelac-carnac.com\/wp-content\/uploads\/2026\/01\/auray-camping-le-lac-carnac_02-scaled.webp\" tabindex=\"-1\" class=\"wpgb-handle-lb wpgb-lightbox\" data-type=\"image\" data-rel=\"5\" data-title=\"auray-camping-le-lac-carnac_02\" title=\"Enlarge photo\"><div style=\"background-image:url(https://cdn.horizon-marketing.com/spio/ret_img,q_cdnize,to_webp,s_webp/www.lelac-carnac.com/wp-content/uploads/2026/01/auray-camping-le-lac-carnac_02-768x512.webp)\"><\/div><noscript><img decoding=\"async\" class=\"wpgb-noscript-img\" src=\"https:\/\/cdn.horizon-marketing.com\/spio\/ret_img,q_cdnize,to_webp,s_webp\/www.lelac-carnac.com\/wp-content\/uploads\/2026\/01\/auray-camping-le-lac-carnac_02-768x512.webp\" alt=\"\" height=\"512\" width=\"768\"><\/noscript><\/a><\/div><a class=\"wpgb-card-layer-link\" target=\"_self\" href=\"https:\/\/www.lelac-carnac.com\/de\/lieux\/auray-und-saint-goustan\/\"><\/a><\/div><div class=\"wpgb-card-content wpgb-scheme-dark\"><div class=\"wpgb-card-body\"><div class=\"wpgb-block-7\"><h3 class=\"wpgb-block-1\"><a href=\"https:\/\/www.lelac-carnac.com\/de\/lieux\/auray-und-saint-goustan\/\">Auray und Saint-Goustan<\/a><\/h3><\/div><div class=\"wpgb-block-5\"><span class=\"wpgb-block-term\" data-id=\"71\">St\u00e4dte &amp; D\u00f6rfer<\/span><\/div><p class=\"wpgb-block-2\">Nur einen Katzensprung von Ihrem Campingplatz im Morbihan entfernt Besuchen Sie von Ihrem Campingplatz aus Auray, die mittelalterliche Stadt und&#8230;<\/p><div class=\"wpgb-block-3\">Entfernung zum Campingplatz :  11.5km<\/div><\/div><div class=\"wpgb-card-footer\"><a class=\"wpgb-block-4\" href=\"https:\/\/www.lelac-carnac.com\/de\/lieux\/auray-und-saint-goustan\/\"><strong>Weitere Informationen<\/strong><\/a><\/div><\/div><\/div><\/div><\/article>\t\t<\/div>\n\t<\/div>\n\t<\/div>\n\t<\/div>\n\t\t<\/div>\n<\/div>\n<\/div>\n\n\n\n<div class=\"wp-block-column wpgrid-map-right is-layout-flow wp-block-column-is-layout-flow\" style=\"padding-top:var(--wp--preset--spacing--m);padding-right:0;padding-bottom:0;padding-left:0\"><div class=\"wpgb-facet wpgb-loading wpgb-facet-9\" data-facet=\"9\" data-grid=\"5\">\t<fieldset>\n\t\t<legend class=\"wpgb-facet-title wpgb-sr-only\">Plune Map &#8211; Map facet<\/legend>\n\t\t<div class=\"wpgb-map-facet\" style=\"padding-bottom:100%\"><\/div>\t<\/fieldset>\n\t<\/div><\/div>\n<\/div>\n\n\n\n<div style=\"height:100px\" aria-hidden=\"true\" class=\"wp-block-spacer\"><\/div>\n<\/div>\n<\/div>\n<\/div><\/div>\n<\/div>\n","protected":false},"excerpt":{"rendered":"<p>Entdecken Sie die touristischen Ziele in der N\u00e4he des Campingplatzes Les Rochelets. Was man rund um den Campingplatz in der s\u00fcdlichen Bretagne unternehmen kann Die Loire-Atlantique ist eine Region mit vielen Reicht\u00fcmern, ideal f\u00fcr Liebhaber von Natur, Kulturerbe und Lebenskunst. Mit seiner Atlantikk\u00fcste, den feinen Sandstr\u00e4nden, den unber\u00fchrten S\u00fcmpfen und den St\u00e4dten mit einer reichen [&hellip;]<\/p>\n","protected":false},"author":1,"featured_media":0,"parent":0,"menu_order":0,"comment_status":"closed","ping_status":"closed","template":"page-no-gsap","meta":{"_acf_changed":false,"_seopress_robots_primary_cat":"","_seopress_titles_title":"","_seopress_titles_desc":"","_seopress_robots_index":"","footnotes":""},"class_list":["post-1342","page","type-page","status-publish","hentry"],"acf":[],"_links":{"self":[{"href":"https:\/\/www.lelac-carnac.com\/de\/wp-json\/wp\/v2\/pages\/1342","targetHints":{"allow":["GET"]}}],"collection":[{"href":"https:\/\/www.lelac-carnac.com\/de\/wp-json\/wp\/v2\/pages"}],"about":[{"href":"https:\/\/www.lelac-carnac.com\/de\/wp-json\/wp\/v2\/types\/page"}],"author":[{"embeddable":true,"href":"https:\/\/www.lelac-carnac.com\/de\/wp-json\/wp\/v2\/users\/1"}],"replies":[{"embeddable":true,"href":"https:\/\/www.lelac-carnac.com\/de\/wp-json\/wp\/v2\/comments?post=1342"}],"version-history":[{"count":1,"href":"https:\/\/www.lelac-carnac.com\/de\/wp-json\/wp\/v2\/pages\/1342\/revisions"}],"predecessor-version":[{"id":1343,"href":"https:\/\/www.lelac-carnac.com\/de\/wp-json\/wp\/v2\/pages\/1342\/revisions\/1343"}],"wp:attachment":[{"href":"https:\/\/www.lelac-carnac.com\/de\/wp-json\/wp\/v2\/media?parent=1342"}],"curies":[{"name":"wp","href":"https:\/\/api.w.org\/{rel}","templated":true}]}}