{"id":1401,"date":"2026-01-02T10:27:33","date_gmt":"2026-01-02T09:27:33","guid":{"rendered":"https:\/\/www.lelac-carnac.com\/mobilheime\/"},"modified":"2026-04-29T11:14:03","modified_gmt":"2026-04-29T09:14:03","slug":"mobilheime","status":"publish","type":"page","link":"https:\/\/www.lelac-carnac.com\/de\/mobilheime\/","title":{"rendered":"Mobilheime"},"content":{"rendered":"\n<div class=\"wp-block-cover alignfull hrz-hero\" style=\"margin-top:0;margin-bottom:0;padding-top:0;padding-right:0;padding-bottom:0;padding-left:0\"><img alt=\"\" decoding=\"async\" width=\"2560\" height=\"1440\" class=\"wp-block-cover__image-background wp-image-422 size-16\/9_2560x1440_desktop\" alt=\"\" src=\"https:\/\/www.lelac-carnac.com\/wp-content\/uploads\/2026\/01\/00001243438-2560x1440.jpg\" data-object-fit=\"cover\" srcset=\"https:\/\/www.lelac-carnac.com\/wp-content\/uploads\/2026\/01\/00001243438-2560x1440.jpg 2560w, https:\/\/www.lelac-carnac.com\/wp-content\/uploads\/2026\/01\/00001243438-1920x1080.jpg 1920w, https:\/\/www.lelac-carnac.com\/wp-content\/uploads\/2026\/01\/00001243438-1440x810.jpg 1440w, https:\/\/www.lelac-carnac.com\/wp-content\/uploads\/2026\/01\/00001243438-1366x768.jpg 1366w, https:\/\/www.lelac-carnac.com\/wp-content\/uploads\/2026\/01\/00001243438-1024x576.jpg 1024w, https:\/\/www.lelac-carnac.com\/wp-content\/uploads\/2026\/01\/00001243438-800x450.jpg 800w, https:\/\/www.lelac-carnac.com\/wp-content\/uploads\/2026\/01\/00001243438-640x360.jpg 640w, https:\/\/www.lelac-carnac.com\/wp-content\/uploads\/2026\/01\/00001243438-375x210.jpg 375w, https:\/\/www.lelac-carnac.com\/wp-content\/uploads\/2026\/01\/00001243438-200x112.jpg 200w, https:\/\/www.lelac-carnac.com\/wp-content\/uploads\/2026\/01\/00001243438-100x56.jpg 100w\" sizes=\"(max-width: 2560px) 100vw, 2560px\" \/><span aria-hidden=\"true\" class=\"wp-block-cover__background has-transparent-background-color has-background-dim-100 has-background-dim\"><\/span><div class=\"wp-block-cover__inner-container is-layout-flow wp-container-core-cover-is-layout-2a668712 wp-block-cover-is-layout-flow\">\n<div class=\"wp-block-cover has-real-white-color has-text-color has-link-color wp-elements-01b2b1283475b18f7741465882048902\" style=\"padding-top:20vh;padding-right:var(--wp--preset--spacing--xs);padding-bottom:20vh;padding-left:var(--wp--preset--spacing--xs)\"><img alt=\"\" decoding=\"async\" width=\"2560\" height=\"1920\" class=\"wp-block-cover__image-background wp-image-422 size-full\" alt=\"\" src=\"https:\/\/www.lelac-carnac.com\/wp-content\/uploads\/2026\/01\/00001243438-scaled.jpg\" data-object-fit=\"cover\" srcset=\"https:\/\/www.lelac-carnac.com\/wp-content\/uploads\/2026\/01\/00001243438-scaled.jpg 2560w, https:\/\/www.lelac-carnac.com\/wp-content\/uploads\/2026\/01\/00001243438-300x225.jpg 300w, https:\/\/www.lelac-carnac.com\/wp-content\/uploads\/2026\/01\/00001243438-1024x768.jpg 1024w, https:\/\/www.lelac-carnac.com\/wp-content\/uploads\/2026\/01\/00001243438-768x576.jpg 768w, https:\/\/www.lelac-carnac.com\/wp-content\/uploads\/2026\/01\/00001243438-1440x1080.jpg 1440w, https:\/\/www.lelac-carnac.com\/wp-content\/uploads\/2026\/01\/00001243438-720x540.jpg 720w, https:\/\/www.lelac-carnac.com\/wp-content\/uploads\/2026\/01\/00001243438-320x240.jpg 320w, https:\/\/www.lelac-carnac.com\/wp-content\/uploads\/2026\/01\/00001243438-160x120.jpg 160w\" sizes=\"(max-width: 2560px) 100vw, 2560px\" \/><span aria-hidden=\"true\" class=\"wp-block-cover__background has-background-dim-40 has-background-dim wp-block-cover__gradient-background has-background-gradient\" style=\"background:linear-gradient(0deg,rgba(255,255,255,0) 0%,rgb(0,0,0) 100%)\"><\/span><div class=\"wp-block-cover__inner-container is-layout-flow wp-block-cover-is-layout-flow\">\n<div class=\"wp-block-group is-layout-flow wp-block-group-is-layout-flow\" style=\"padding-bottom:var(--wp--preset--spacing--xl)\"><h1 style=\"font-style:normal;font-weight:700;\" class=\"has-text-align-center wp-block-post-title has-xxxxxl-font-size has-primary-font-family\">Mobilheime<\/h1><\/div>\n<\/div><\/div>\n<\/div><\/div>\n\n\n\n<div class=\"wp-block-group alignfull radial-left-top hrz-bloc-overflow-hidden is-layout-flow wp-block-group-is-layout-flow\">\n\n\n<div style=\"height:300px\" aria-hidden=\"true\" class=\"wp-block-spacer\"><\/div>\n\n\n\n<div class=\"wp-block-group alignwide has-global-padding is-layout-constrained wp-container-core-group-is-layout-071fe3a8 wp-block-group-is-layout-constrained\">\n<div class=\"wp-block-columns alignwide are-vertically-aligned-center hrz-responsive-col hrz-reponsive-order is-layout-flex wp-container-core-columns-is-layout-3f562962 wp-block-columns-is-layout-flex\" style=\"margin-top:0;margin-bottom:0;padding-top:0;padding-right:var(--wp--preset--spacing--xxl);padding-bottom:0;padding-left:var(--wp--preset--spacing--xxl)\">\n<div class=\"wp-block-column is-vertically-aligned-center is-layout-flow wp-block-column-is-layout-flow\">\n<figure class=\"wp-block-image size-3\/4_600x800_desktop is-style-rounded is-style-rounded--1\"><img alt=\"\" decoding=\"async\" width=\"600\" height=\"800\" src=\"https:\/\/www.lelac-carnac.com\/wp-content\/uploads\/2026\/01\/00001243429-600x800.jpeg\" alt=\"\" class=\"wp-image-411\" style=\"aspect-ratio:3\/4;object-fit:cover\" srcset=\"https:\/\/www.lelac-carnac.com\/wp-content\/uploads\/2026\/01\/00001243429-600x800.jpeg 600w, https:\/\/www.lelac-carnac.com\/wp-content\/uploads\/2026\/01\/00001243429-375x500.jpeg 375w, https:\/\/www.lelac-carnac.com\/wp-content\/uploads\/2026\/01\/00001243429-133x177.jpeg 133w\" sizes=\"(max-width: 600px) 100vw, 600px\" \/><\/figure>\n<\/div>\n\n\n\n<div class=\"wp-block-column is-vertically-aligned-center is-layout-flow wp-block-column-is-layout-flow\" style=\"padding-top:0;padding-right:0;padding-bottom:0;padding-left:0\">\n<div class=\"wp-block-group has-background-color has-text-color has-link-color wp-elements-ecccefd592159850156e81b61a575608 is-vertical is-content-justification-left is-layout-flex wp-container-core-group-is-layout-dc8799cd wp-block-group-is-layout-flex\" style=\"margin-top:0;margin-bottom:0\">\n<div class=\"wp-block-group has-global-padding is-content-justification-right is-layout-constrained wp-container-core-group-is-layout-fcb26deb wp-block-group-is-layout-constrained\" style=\"padding-top:0;padding-right:0;padding-bottom:0;padding-left:0\">\n<p class=\"has-text-align-left is-style-title-below is-style-title-below--2\">Vermietung von Mobilheimen in Carnac im Morbihan<\/p>\n\n\n\n<h2 class=\"wp-block-heading has-text-align-left is-style-headline is-style-headline--3\">Wohnen Sie in Carnac wie zu Hause<\/h2>\n<\/div>\n\n\n\n<div class=\"wp-block-group has-real-black-color has-text-color has-link-color wp-elements-c0c22c0c636178f0d3d26f2f18935592 has-global-padding is-layout-constrained wp-container-core-group-is-layout-a9a72e34 wp-block-group-is-layout-constrained\">\n<p>Sind Sie auf der Suche nach einem <strong>Mobilheim in Carnac<\/strong>? Ob Sie als Paar, mit der Familie oder mit Freunden kommen, der Campingplatz Le Lac bietet Ihnen eine gro\u00dfe Auswahl an Unterk\u00fcnften, die Ihrem Budget und Ihren Vorlieben entsprechen. Verbringen Sie einen Aufenthalt oder einen Urlaub in einem <strong>Mobilheim im Morbihan<\/strong> auf unserem Campingplatz in Carnac in der S\u00fcdbretagne.  <\/p>\n<\/div>\n<\/div>\n<\/div>\n<\/div>\n<\/div>\n<\/div>\n\n\n\n<div class=\"wp-block-group alignfull fade has-global-padding is-layout-constrained wp-container-core-group-is-layout-3b795b3d wp-block-group-is-layout-constrained\">\n<div style=\"height:15rem\" aria-hidden=\"true\" class=\"wp-block-spacer\"><\/div>\n\n\n\n<div class=\"wp-block-group is-layout-flow wp-block-group-is-layout-flow\" style=\"padding-right:var(--wp--preset--spacing--l);padding-left:var(--wp--preset--spacing--l)\">\n\t<div class=\"alignfull has-global-padding is-layout-constrained wp-container-hrz-blocks-query-camping-rest-is-layout-3b795b3d wp-block-hrz-blocks-query-camping-rest-is-layout-constrained\">\n\t\t<ul class=\"hebergement-listing \">\n\t\t\t<style>:root { --query-color: #F4C12B; }<\/style>\t\t\t\t<li class=\"swiper-slide\">\n\t\t\t\t\t<div class=\"wp-block-group card-gamme is-style-default is-style-relative\"\n\t\t\t\t\t\t data-booking-product=\"141021\" data-booking-etab=\"5131\" data-capacity=\"6\"\t\t\t\t\t\t data-product-filters='[{\"code\":\"surface\",\"type\":\"number\",\"value\":30},{\"code\":\"pets-allowed\",\"type\":\"boolean\",\"value\":true},{\"code\":\"separated-bedrooms\",\"type\":\"number\",\"value\":2},{\"code\":\"non-bedroom-bedding\",\"type\":\"number\",\"value\":1},{\"code\":\"kitchens\",\"type\":\"number\",\"value\":1},{\"code\":\"bathrooms\",\"type\":\"number\",\"value\":1},{\"code\":\"toilets\",\"type\":\"number\",\"value\":1},{\"code\":\"tv\",\"type\":\"boolean\",\"value\":true},{\"code\":\"terrace\",\"type\":\"boolean\",\"value\":true}]'>\n\t\t\t\t\t\t<div class=\"wp-block-group thumbnail-image\">\n\t\t\t\t\t\t\t<a href=\"https:\/\/www.lelac-carnac.com\/de\/hebergements\/mobilheim-ty-lok-pmr-30m%c2%b2-2-schlafzimmer-terrasse\/\" title=\"Mobilheim Ty Lok PMR &#8211; 30m\u00b2 &#8211; 2 Schlafzimmer + Terrasse\">\n\t\t\t\t\t\t\t\t<figure class=\"wp-block-image alignfull size-large\" style=\"margin:0;\">\n\t\t\t\t\t\t\t\t\t<img decoding=\"async\" src=\"https:\/\/cdn.horizon-marketing.com\/spio\/ret_img,q_cdnize,to_webp,s_webp\/www.lelac-carnac.com\/wp-content\/uploads\/2026\/01\/00001243580-1024x643.jpeg\"\n\t\t\t\t\t\t\t\t\t\talt=\"Mobilheim Ty Lok PMR &#8211; 30m\u00b2 &#8211; 2 Schlafzimmer + Terrasse\" \/>\n\t\t\t\t\t\t\t\t<\/figure>\n\t\t\t\t\t\t\t\t<div class=\"full\">\n\t\t\t\t\t\t\t\t\t<p class=\"text\">An anderen Terminen verf\u00fcgbar<\/p>\n\t\t\t\t\t\t\t\t<\/div>\n\t\t\t\t\t\t\t<\/a>\n\t\t\t\t\t\t<\/div>\n\n\n\t\t\t\t\t\t<div class=\"wp-block-group has-white-background-color has-background card-content\">\n\t\t\t\t\t\t\t<div class=\"wp-block-group content\">\n\t\t\t\t\t\t\t\t<h3 class=\"wp-block-heading has-secondary-color has-link-color has-secondary-color\">\n\t\t\t\t\t\t\t\t\tMobilheim Ty Lok PMR &#8211; 30m\u00b2 &#8211; 2 Schlafzimmer + Terrasse\t\t\t\t\t\t\t\t<\/h3>\n\n\t\t\t\t\t\t\t\t\t\t\t\t\t\t\t<\/div>\n\n\t\t\t\t\t\t\t<div class=\"wp-block-group card-price has-background\">\n\t\t\t\t\t\t\t\t<div class=\"loader\">\n\t\t\t\t\t\t\t\t\t<span class=\"dot\"><\/span>\n\t\t\t\t\t\t\t\t\t<span class=\"dot\"><\/span>\n\t\t\t\t\t\t\t\t\t<span class=\"dot\"><\/span>\n\t\t\t\t\t\t\t\t<\/div>\n\t\t\t\t\t\t\t\t<div class=\"booking_default\">\n\t\t\t\t\t\t\t\t\t<p class=\"has-text-align-right\">Ab<\/p>\n\n\t\t\t\t\t\t\t\t\t<p class=\"has-text-align-right booking_price has-secondary-font-family\"><\/p>\n\t\t\t\t\t\t\t\t\t<p class=\"has-text-align-right booking_no_discount has-secondary-font-family\"><\/p>\n\n\t\t\t\t\t\t\t\t\t<p class=\"has-text-align-right dates\">\n\t\t\t\t\t\t\t\t\t\tVon <span class=\"start\"><\/span> bis <span class=\"end\"><\/span>\t\t\t\t\t\t\t\t\t<\/p>\n\t\t\t\t\t\t\t\t<\/div>\n\t\t\t\t\t\t\t\t<div class=\"wp-block-group booking_alt\">\n\t\t\t\t\t\t\t\t\t<p class=\"booking_alt_text\">An anderen Terminen verf\u00fcgbar<\/p>\n\t\t\t\t\t\t\t\t\t<div class=\"booking_alt_content\">\n\t\t\t\t\t\t\t\t\t<\/div>\n\t\t\t\t\t\t\t\t<\/div>\n\t\t\t\t\t\t\t<\/div>\n\t\t\t\t\t\t<\/div>\n\n\t\t\t\t\t\t<div class=\"wp-block-buttons has-custom-font-size has-l-font-size\">\n\t\t\t\t\t\t\t<div\n\t\t\t\t\t\t\t\tclass=\"wp-block-button has-custom-width wp-block-button__width-100 has-custom-font-size booking-btn has-secondary-font-family\">\n\t\t\t\t\t\t\t\t<a href=\"https:\/\/www.lelac-carnac.com\/de\/hebergements\/mobilheim-ty-lok-pmr-30m%c2%b2-2-schlafzimmer-terrasse\/\"\n\t\t\t\t\t\t\t\t\tclass=\"wp-block-button__link has-white-color has-text-color has-background has-link-color has-text-align-center wp-element-button\">\n\t\t\t\t\t\t\t\t\tEntdecken Sie\t\t\t\t\t\t\t\t<\/a>\n\t\t\t\t\t\t\t<\/div>\n\t\t\t\t\t\t<\/div>\n\t\t\t\t\t\t<div class=\"booking_last\">\n\t\t\t\t\t\t\t<p class=\"booking_last_content\">\n\t\t\t\t\t\t\t\tNur noch <span class=\"booking_last_value\"><\/span> <br>verf\u00fcgbar\t\t\t\t\t\t\t<\/p>\n\t\t\t\t\t\t<\/div>\n\t\t\t\t\t\t<div class=\"booking_exclusive is-style-hover-image-effect\"><\/div>\n\t\t\t\t\t<\/div>\n\t\t\t\t<\/li>\n\n\t\t\t\t\t\t\t<li class=\"swiper-slide\">\n\t\t\t\t\t<div class=\"wp-block-group card-gamme is-style-default is-style-relative\"\n\t\t\t\t\t\t data-booking-product=\"51774\" data-booking-etab=\"5131\" data-capacity=\"4\"\t\t\t\t\t\t data-product-filters='[{\"code\":\"surface\",\"type\":\"number\",\"value\":26},{\"code\":\"pets-allowed\",\"type\":\"boolean\",\"value\":true},{\"code\":\"separated-bedrooms\",\"type\":\"number\",\"value\":2},{\"code\":\"kitchens\",\"type\":\"number\",\"value\":1},{\"code\":\"bathrooms\",\"type\":\"number\",\"value\":1},{\"code\":\"toilets\",\"type\":\"number\",\"value\":1},{\"code\":\"tv\",\"type\":\"boolean\",\"value\":true},{\"code\":\"terrace\",\"type\":\"boolean\",\"value\":true}]'>\n\t\t\t\t\t\t<div class=\"wp-block-group thumbnail-image\">\n\t\t\t\t\t\t\t<a href=\"https:\/\/www.lelac-carnac.com\/de\/hebergements\/mobilheim-ty-lok-26m%c2%b2-2-schlafzimmer-halboffene-terrasse\/\" title=\"Mobilheim Ty Lok &#8211; 26m\u00b2 &#8211; 2 Schlafzimmer + halboffene Terrasse\">\n\t\t\t\t\t\t\t\t<figure class=\"wp-block-image alignfull size-large\" style=\"margin:0;\">\n\t\t\t\t\t\t\t\t\t<img decoding=\"async\" src=\"https:\/\/cdn.horizon-marketing.com\/spio\/ret_img,q_cdnize,to_webp,s_webp\/www.lelac-carnac.com\/wp-content\/uploads\/2026\/01\/00000239740.jpg\"\n\t\t\t\t\t\t\t\t\t\talt=\"Mobilheim Ty Lok &#8211; 26m\u00b2 &#8211; 2 Schlafzimmer + halboffene Terrasse\" \/>\n\t\t\t\t\t\t\t\t<\/figure>\n\t\t\t\t\t\t\t\t<div class=\"full\">\n\t\t\t\t\t\t\t\t\t<p class=\"text\">An anderen Terminen verf\u00fcgbar<\/p>\n\t\t\t\t\t\t\t\t<\/div>\n\t\t\t\t\t\t\t<\/a>\n\t\t\t\t\t\t<\/div>\n\n\n\t\t\t\t\t\t<div class=\"wp-block-group has-white-background-color has-background card-content\">\n\t\t\t\t\t\t\t<div class=\"wp-block-group content\">\n\t\t\t\t\t\t\t\t<h3 class=\"wp-block-heading has-secondary-color has-link-color has-secondary-color\">\n\t\t\t\t\t\t\t\t\tMobilheim Ty Lok &#8211; 26m\u00b2 &#8211; 2 Schlafzimmer + halboffene Terrasse\t\t\t\t\t\t\t\t<\/h3>\n\n\t\t\t\t\t\t\t\t\t\t\t\t\t\t\t<\/div>\n\n\t\t\t\t\t\t\t<div class=\"wp-block-group card-price has-background\">\n\t\t\t\t\t\t\t\t<div class=\"loader\">\n\t\t\t\t\t\t\t\t\t<span class=\"dot\"><\/span>\n\t\t\t\t\t\t\t\t\t<span class=\"dot\"><\/span>\n\t\t\t\t\t\t\t\t\t<span class=\"dot\"><\/span>\n\t\t\t\t\t\t\t\t<\/div>\n\t\t\t\t\t\t\t\t<div class=\"booking_default\">\n\t\t\t\t\t\t\t\t\t<p class=\"has-text-align-right\">Ab<\/p>\n\n\t\t\t\t\t\t\t\t\t<p class=\"has-text-align-right booking_price has-secondary-font-family\"><\/p>\n\t\t\t\t\t\t\t\t\t<p class=\"has-text-align-right booking_no_discount has-secondary-font-family\"><\/p>\n\n\t\t\t\t\t\t\t\t\t<p class=\"has-text-align-right dates\">\n\t\t\t\t\t\t\t\t\t\tVon <span class=\"start\"><\/span> bis <span class=\"end\"><\/span>\t\t\t\t\t\t\t\t\t<\/p>\n\t\t\t\t\t\t\t\t<\/div>\n\t\t\t\t\t\t\t\t<div class=\"wp-block-group booking_alt\">\n\t\t\t\t\t\t\t\t\t<p class=\"booking_alt_text\">An anderen Terminen verf\u00fcgbar<\/p>\n\t\t\t\t\t\t\t\t\t<div class=\"booking_alt_content\">\n\t\t\t\t\t\t\t\t\t<\/div>\n\t\t\t\t\t\t\t\t<\/div>\n\t\t\t\t\t\t\t<\/div>\n\t\t\t\t\t\t<\/div>\n\n\t\t\t\t\t\t<div class=\"wp-block-buttons has-custom-font-size has-l-font-size\">\n\t\t\t\t\t\t\t<div\n\t\t\t\t\t\t\t\tclass=\"wp-block-button has-custom-width wp-block-button__width-100 has-custom-font-size booking-btn has-secondary-font-family\">\n\t\t\t\t\t\t\t\t<a href=\"https:\/\/www.lelac-carnac.com\/de\/hebergements\/mobilheim-ty-lok-26m%c2%b2-2-schlafzimmer-halboffene-terrasse\/\"\n\t\t\t\t\t\t\t\t\tclass=\"wp-block-button__link has-white-color has-text-color has-background has-link-color has-text-align-center wp-element-button\">\n\t\t\t\t\t\t\t\t\tEntdecken Sie\t\t\t\t\t\t\t\t<\/a>\n\t\t\t\t\t\t\t<\/div>\n\t\t\t\t\t\t<\/div>\n\t\t\t\t\t\t<div class=\"booking_last\">\n\t\t\t\t\t\t\t<p class=\"booking_last_content\">\n\t\t\t\t\t\t\t\tNur noch <span class=\"booking_last_value\"><\/span> <br>verf\u00fcgbar\t\t\t\t\t\t\t<\/p>\n\t\t\t\t\t\t<\/div>\n\t\t\t\t\t\t<div class=\"booking_exclusive is-style-hover-image-effect\"><\/div>\n\t\t\t\t\t<\/div>\n\t\t\t\t<\/li>\n\n\t\t\t\t\t\t\t<li class=\"swiper-slide\">\n\t\t\t\t\t<div class=\"wp-block-group card-gamme is-style-default is-style-relative\"\n\t\t\t\t\t\t data-booking-product=\"89880\" data-booking-etab=\"5131\" data-capacity=\"2\"\t\t\t\t\t\t data-product-filters='[{\"code\":\"surface\",\"type\":\"number\",\"value\":22},{\"code\":\"pets-allowed\",\"type\":\"boolean\",\"value\":true},{\"code\":\"separated-bedrooms\",\"type\":\"number\",\"value\":1},{\"code\":\"dishwasher\",\"type\":\"boolean\",\"value\":true},{\"code\":\"kitchens\",\"type\":\"number\",\"value\":1},{\"code\":\"bathrooms\",\"type\":\"number\",\"value\":1},{\"code\":\"toilets\",\"type\":\"number\",\"value\":1},{\"code\":\"tv\",\"type\":\"boolean\",\"value\":true},{\"code\":\"terrace\",\"type\":\"boolean\",\"value\":true}]'>\n\t\t\t\t\t\t<div class=\"wp-block-group thumbnail-image\">\n\t\t\t\t\t\t\t<a href=\"https:\/\/www.lelac-carnac.com\/de\/hebergements\/mobilheim-ty-latz-22m%c2%b2-1-schlafzimmer-terrasse\/\" title=\"Mobilheim Ty Latz &#8211; 22m\u00b2 &#8211; 1 Schlafzimmer + Terrasse\">\n\t\t\t\t\t\t\t\t<figure class=\"wp-block-image alignfull size-large\" style=\"margin:0;\">\n\t\t\t\t\t\t\t\t\t<img decoding=\"async\" src=\"https:\/\/cdn.horizon-marketing.com\/spio\/ret_img,q_cdnize,to_webp,s_webp\/www.lelac-carnac.com\/wp-content\/uploads\/2026\/01\/00001243496-1024x684.jpg\"\n\t\t\t\t\t\t\t\t\t\talt=\"Mobilheim Ty Latz &#8211; 22m\u00b2 &#8211; 1 Schlafzimmer + Terrasse\" \/>\n\t\t\t\t\t\t\t\t<\/figure>\n\t\t\t\t\t\t\t\t<div class=\"full\">\n\t\t\t\t\t\t\t\t\t<p class=\"text\">An anderen Terminen verf\u00fcgbar<\/p>\n\t\t\t\t\t\t\t\t<\/div>\n\t\t\t\t\t\t\t<\/a>\n\t\t\t\t\t\t<\/div>\n\n\n\t\t\t\t\t\t<div class=\"wp-block-group has-white-background-color has-background card-content\">\n\t\t\t\t\t\t\t<div class=\"wp-block-group content\">\n\t\t\t\t\t\t\t\t<h3 class=\"wp-block-heading has-secondary-color has-link-color has-secondary-color\">\n\t\t\t\t\t\t\t\t\tMobilheim Ty Latz &#8211; 22m\u00b2 &#8211; 1 Schlafzimmer + Terrasse\t\t\t\t\t\t\t\t<\/h3>\n\n\t\t\t\t\t\t\t\t\t\t\t\t\t\t\t<\/div>\n\n\t\t\t\t\t\t\t<div class=\"wp-block-group card-price has-background\">\n\t\t\t\t\t\t\t\t<div class=\"loader\">\n\t\t\t\t\t\t\t\t\t<span class=\"dot\"><\/span>\n\t\t\t\t\t\t\t\t\t<span class=\"dot\"><\/span>\n\t\t\t\t\t\t\t\t\t<span class=\"dot\"><\/span>\n\t\t\t\t\t\t\t\t<\/div>\n\t\t\t\t\t\t\t\t<div class=\"booking_default\">\n\t\t\t\t\t\t\t\t\t<p class=\"has-text-align-right\">Ab<\/p>\n\n\t\t\t\t\t\t\t\t\t<p class=\"has-text-align-right booking_price has-secondary-font-family\"><\/p>\n\t\t\t\t\t\t\t\t\t<p class=\"has-text-align-right booking_no_discount has-secondary-font-family\"><\/p>\n\n\t\t\t\t\t\t\t\t\t<p class=\"has-text-align-right dates\">\n\t\t\t\t\t\t\t\t\t\tVon <span class=\"start\"><\/span> bis <span class=\"end\"><\/span>\t\t\t\t\t\t\t\t\t<\/p>\n\t\t\t\t\t\t\t\t<\/div>\n\t\t\t\t\t\t\t\t<div class=\"wp-block-group booking_alt\">\n\t\t\t\t\t\t\t\t\t<p class=\"booking_alt_text\">An anderen Terminen verf\u00fcgbar<\/p>\n\t\t\t\t\t\t\t\t\t<div class=\"booking_alt_content\">\n\t\t\t\t\t\t\t\t\t<\/div>\n\t\t\t\t\t\t\t\t<\/div>\n\t\t\t\t\t\t\t<\/div>\n\t\t\t\t\t\t<\/div>\n\n\t\t\t\t\t\t<div class=\"wp-block-buttons has-custom-font-size has-l-font-size\">\n\t\t\t\t\t\t\t<div\n\t\t\t\t\t\t\t\tclass=\"wp-block-button has-custom-width wp-block-button__width-100 has-custom-font-size booking-btn has-secondary-font-family\">\n\t\t\t\t\t\t\t\t<a href=\"https:\/\/www.lelac-carnac.com\/de\/hebergements\/mobilheim-ty-latz-22m%c2%b2-1-schlafzimmer-terrasse\/\"\n\t\t\t\t\t\t\t\t\tclass=\"wp-block-button__link has-white-color has-text-color has-background has-link-color has-text-align-center wp-element-button\">\n\t\t\t\t\t\t\t\t\tEntdecken Sie\t\t\t\t\t\t\t\t<\/a>\n\t\t\t\t\t\t\t<\/div>\n\t\t\t\t\t\t<\/div>\n\t\t\t\t\t\t<div class=\"booking_last\">\n\t\t\t\t\t\t\t<p class=\"booking_last_content\">\n\t\t\t\t\t\t\t\tNur noch <span class=\"booking_last_value\"><\/span> <br>verf\u00fcgbar\t\t\t\t\t\t\t<\/p>\n\t\t\t\t\t\t<\/div>\n\t\t\t\t\t\t<div class=\"booking_exclusive is-style-hover-image-effect\"><\/div>\n\t\t\t\t\t<\/div>\n\t\t\t\t<\/li>\n\n\t\t\t\t\t\t\t<li class=\"swiper-slide\">\n\t\t\t\t\t<div class=\"wp-block-group card-gamme is-style-default is-style-relative\"\n\t\t\t\t\t\t data-booking-product=\"89878\" data-booking-etab=\"5131\" data-capacity=\"3\"\t\t\t\t\t\t data-product-filters='[{\"code\":\"surface\",\"type\":\"number\",\"value\":23},{\"code\":\"pets-allowed\",\"type\":\"boolean\",\"value\":true},{\"code\":\"separated-bedrooms\",\"type\":\"number\",\"value\":1},{\"code\":\"non-bedroom-bedding\",\"type\":\"number\",\"value\":1},{\"code\":\"kitchens\",\"type\":\"number\",\"value\":1},{\"code\":\"bathrooms\",\"type\":\"number\",\"value\":1},{\"code\":\"toilets\",\"type\":\"number\",\"value\":1},{\"code\":\"tv\",\"type\":\"boolean\",\"value\":true},{\"code\":\"terrace\",\"type\":\"boolean\",\"value\":true}]'>\n\t\t\t\t\t\t<div class=\"wp-block-group thumbnail-image\">\n\t\t\t\t\t\t\t<a href=\"https:\/\/www.lelac-carnac.com\/de\/hebergements\/mobilheim-ty-ker-solo-23m%c2%b2-1-schlafzimmer-terrasse\/\" title=\"Mobilheim Ty Ker Solo &#8211; 23m\u00b2 &#8211; 1 Schlafzimmer + Terrasse\">\n\t\t\t\t\t\t\t\t<figure class=\"wp-block-image alignfull size-large\" style=\"margin:0;\">\n\t\t\t\t\t\t\t\t\t<img decoding=\"async\" src=\"https:\/\/cdn.horizon-marketing.com\/spio\/ret_img,q_cdnize,to_webp,s_webp\/www.lelac-carnac.com\/wp-content\/uploads\/2026\/01\/00000677642-1024x683.jpg\"\n\t\t\t\t\t\t\t\t\t\talt=\"Mobilheim Ty Ker Solo &#8211; 23m\u00b2 &#8211; 1 Schlafzimmer + Terrasse\" \/>\n\t\t\t\t\t\t\t\t<\/figure>\n\t\t\t\t\t\t\t\t<div class=\"full\">\n\t\t\t\t\t\t\t\t\t<p class=\"text\">An anderen Terminen verf\u00fcgbar<\/p>\n\t\t\t\t\t\t\t\t<\/div>\n\t\t\t\t\t\t\t<\/a>\n\t\t\t\t\t\t<\/div>\n\n\n\t\t\t\t\t\t<div class=\"wp-block-group has-white-background-color has-background card-content\">\n\t\t\t\t\t\t\t<div class=\"wp-block-group content\">\n\t\t\t\t\t\t\t\t<h3 class=\"wp-block-heading has-secondary-color has-link-color has-secondary-color\">\n\t\t\t\t\t\t\t\t\tMobilheim Ty Ker Solo &#8211; 23m\u00b2 &#8211; 1 Schlafzimmer + Terrasse\t\t\t\t\t\t\t\t<\/h3>\n\n\t\t\t\t\t\t\t\t\t\t\t\t\t\t\t<\/div>\n\n\t\t\t\t\t\t\t<div class=\"wp-block-group card-price has-background\">\n\t\t\t\t\t\t\t\t<div class=\"loader\">\n\t\t\t\t\t\t\t\t\t<span class=\"dot\"><\/span>\n\t\t\t\t\t\t\t\t\t<span class=\"dot\"><\/span>\n\t\t\t\t\t\t\t\t\t<span class=\"dot\"><\/span>\n\t\t\t\t\t\t\t\t<\/div>\n\t\t\t\t\t\t\t\t<div class=\"booking_default\">\n\t\t\t\t\t\t\t\t\t<p class=\"has-text-align-right\">Ab<\/p>\n\n\t\t\t\t\t\t\t\t\t<p class=\"has-text-align-right booking_price has-secondary-font-family\"><\/p>\n\t\t\t\t\t\t\t\t\t<p class=\"has-text-align-right booking_no_discount has-secondary-font-family\"><\/p>\n\n\t\t\t\t\t\t\t\t\t<p class=\"has-text-align-right dates\">\n\t\t\t\t\t\t\t\t\t\tVon <span class=\"start\"><\/span> bis <span class=\"end\"><\/span>\t\t\t\t\t\t\t\t\t<\/p>\n\t\t\t\t\t\t\t\t<\/div>\n\t\t\t\t\t\t\t\t<div class=\"wp-block-group booking_alt\">\n\t\t\t\t\t\t\t\t\t<p class=\"booking_alt_text\">An anderen Terminen verf\u00fcgbar<\/p>\n\t\t\t\t\t\t\t\t\t<div class=\"booking_alt_content\">\n\t\t\t\t\t\t\t\t\t<\/div>\n\t\t\t\t\t\t\t\t<\/div>\n\t\t\t\t\t\t\t<\/div>\n\t\t\t\t\t\t<\/div>\n\n\t\t\t\t\t\t<div class=\"wp-block-buttons has-custom-font-size has-l-font-size\">\n\t\t\t\t\t\t\t<div\n\t\t\t\t\t\t\t\tclass=\"wp-block-button has-custom-width wp-block-button__width-100 has-custom-font-size booking-btn has-secondary-font-family\">\n\t\t\t\t\t\t\t\t<a href=\"https:\/\/www.lelac-carnac.com\/de\/hebergements\/mobilheim-ty-ker-solo-23m%c2%b2-1-schlafzimmer-terrasse\/\"\n\t\t\t\t\t\t\t\t\tclass=\"wp-block-button__link has-white-color has-text-color has-background has-link-color has-text-align-center wp-element-button\">\n\t\t\t\t\t\t\t\t\tEntdecken Sie\t\t\t\t\t\t\t\t<\/a>\n\t\t\t\t\t\t\t<\/div>\n\t\t\t\t\t\t<\/div>\n\t\t\t\t\t\t<div class=\"booking_last\">\n\t\t\t\t\t\t\t<p class=\"booking_last_content\">\n\t\t\t\t\t\t\t\tNur noch <span class=\"booking_last_value\"><\/span> <br>verf\u00fcgbar\t\t\t\t\t\t\t<\/p>\n\t\t\t\t\t\t<\/div>\n\t\t\t\t\t\t<div class=\"booking_exclusive is-style-hover-image-effect\"><\/div>\n\t\t\t\t\t<\/div>\n\t\t\t\t<\/li>\n\n\t\t\t\t\t\t\t<li class=\"swiper-slide\">\n\t\t\t\t\t<div class=\"wp-block-group card-gamme is-style-default is-style-relative\"\n\t\t\t\t\t\t data-booking-product=\"63080\" data-booking-etab=\"5131\" data-capacity=\"4\"\t\t\t\t\t\t data-product-filters='[{\"code\":\"surface\",\"type\":\"number\",\"value\":24},{\"code\":\"pets-allowed\",\"type\":\"boolean\",\"value\":true},{\"code\":\"separated-bedrooms\",\"type\":\"number\",\"value\":2},{\"code\":\"kitchens\",\"type\":\"number\",\"value\":1},{\"code\":\"bathrooms\",\"type\":\"number\",\"value\":1},{\"code\":\"toilets\",\"type\":\"number\",\"value\":1},{\"code\":\"tv\",\"type\":\"boolean\",\"value\":true}]'>\n\t\t\t\t\t\t<div class=\"wp-block-group thumbnail-image\">\n\t\t\t\t\t\t\t<a href=\"https:\/\/www.lelac-carnac.com\/de\/hebergements\/mobilheim-ty-ker-24m%c2%b2-2-schlafzimmer-terrasse\/\" title=\"Mobilheim Ty Ker &#8211; 24m\u00b2 &#8211; 2 Schlafzimmer + Terrasse\">\n\t\t\t\t\t\t\t\t<figure class=\"wp-block-image alignfull size-large\" style=\"margin:0;\">\n\t\t\t\t\t\t\t\t\t<img decoding=\"async\" src=\"https:\/\/cdn.horizon-marketing.com\/spio\/ret_img,q_cdnize,to_webp,s_webp\/www.lelac-carnac.com\/wp-content\/uploads\/2026\/01\/00001275014-1024x576.jpeg\"\n\t\t\t\t\t\t\t\t\t\talt=\"Mobilheim Ty Ker &#8211; 24m\u00b2 &#8211; 2 Schlafzimmer + Terrasse\" \/>\n\t\t\t\t\t\t\t\t<\/figure>\n\t\t\t\t\t\t\t\t<div class=\"full\">\n\t\t\t\t\t\t\t\t\t<p class=\"text\">An anderen Terminen verf\u00fcgbar<\/p>\n\t\t\t\t\t\t\t\t<\/div>\n\t\t\t\t\t\t\t<\/a>\n\t\t\t\t\t\t<\/div>\n\n\n\t\t\t\t\t\t<div class=\"wp-block-group has-white-background-color has-background card-content\">\n\t\t\t\t\t\t\t<div class=\"wp-block-group content\">\n\t\t\t\t\t\t\t\t<h3 class=\"wp-block-heading has-secondary-color has-link-color has-secondary-color\">\n\t\t\t\t\t\t\t\t\tMobilheim Ty Ker &#8211; 24m\u00b2 &#8211; 2 Schlafzimmer + Terrasse\t\t\t\t\t\t\t\t<\/h3>\n\n\t\t\t\t\t\t\t\t\t\t\t\t\t\t\t<\/div>\n\n\t\t\t\t\t\t\t<div class=\"wp-block-group card-price has-background\">\n\t\t\t\t\t\t\t\t<div class=\"loader\">\n\t\t\t\t\t\t\t\t\t<span class=\"dot\"><\/span>\n\t\t\t\t\t\t\t\t\t<span class=\"dot\"><\/span>\n\t\t\t\t\t\t\t\t\t<span class=\"dot\"><\/span>\n\t\t\t\t\t\t\t\t<\/div>\n\t\t\t\t\t\t\t\t<div class=\"booking_default\">\n\t\t\t\t\t\t\t\t\t<p class=\"has-text-align-right\">Ab<\/p>\n\n\t\t\t\t\t\t\t\t\t<p class=\"has-text-align-right booking_price has-secondary-font-family\"><\/p>\n\t\t\t\t\t\t\t\t\t<p class=\"has-text-align-right booking_no_discount has-secondary-font-family\"><\/p>\n\n\t\t\t\t\t\t\t\t\t<p class=\"has-text-align-right dates\">\n\t\t\t\t\t\t\t\t\t\tVon <span class=\"start\"><\/span> bis <span class=\"end\"><\/span>\t\t\t\t\t\t\t\t\t<\/p>\n\t\t\t\t\t\t\t\t<\/div>\n\t\t\t\t\t\t\t\t<div class=\"wp-block-group booking_alt\">\n\t\t\t\t\t\t\t\t\t<p class=\"booking_alt_text\">An anderen Terminen verf\u00fcgbar<\/p>\n\t\t\t\t\t\t\t\t\t<div class=\"booking_alt_content\">\n\t\t\t\t\t\t\t\t\t<\/div>\n\t\t\t\t\t\t\t\t<\/div>\n\t\t\t\t\t\t\t<\/div>\n\t\t\t\t\t\t<\/div>\n\n\t\t\t\t\t\t<div class=\"wp-block-buttons has-custom-font-size has-l-font-size\">\n\t\t\t\t\t\t\t<div\n\t\t\t\t\t\t\t\tclass=\"wp-block-button has-custom-width wp-block-button__width-100 has-custom-font-size booking-btn has-secondary-font-family\">\n\t\t\t\t\t\t\t\t<a href=\"https:\/\/www.lelac-carnac.com\/de\/hebergements\/mobilheim-ty-ker-24m%c2%b2-2-schlafzimmer-terrasse\/\"\n\t\t\t\t\t\t\t\t\tclass=\"wp-block-button__link has-white-color has-text-color has-background has-link-color has-text-align-center wp-element-button\">\n\t\t\t\t\t\t\t\t\tEntdecken Sie\t\t\t\t\t\t\t\t<\/a>\n\t\t\t\t\t\t\t<\/div>\n\t\t\t\t\t\t<\/div>\n\t\t\t\t\t\t<div class=\"booking_last\">\n\t\t\t\t\t\t\t<p class=\"booking_last_content\">\n\t\t\t\t\t\t\t\tNur noch <span class=\"booking_last_value\"><\/span> <br>verf\u00fcgbar\t\t\t\t\t\t\t<\/p>\n\t\t\t\t\t\t<\/div>\n\t\t\t\t\t\t<div class=\"booking_exclusive is-style-hover-image-effect\"><\/div>\n\t\t\t\t\t<\/div>\n\t\t\t\t<\/li>\n\n\t\t\t\t\t\t\t<li class=\"swiper-slide\">\n\t\t\t\t\t<div class=\"wp-block-group card-gamme is-style-default is-style-relative\"\n\t\t\t\t\t\t data-booking-product=\"141009\" data-booking-etab=\"5131\" data-capacity=\"6\"\t\t\t\t\t\t data-product-filters='[{\"code\":\"surface\",\"type\":\"number\",\"value\":30},{\"code\":\"pets-allowed\",\"type\":\"boolean\",\"value\":true},{\"code\":\"separated-bedrooms\",\"type\":\"number\",\"value\":2},{\"code\":\"non-bedroom-bedding\",\"type\":\"number\",\"value\":1},{\"code\":\"dishwasher\",\"type\":\"boolean\",\"value\":true},{\"code\":\"kitchens\",\"type\":\"number\",\"value\":1},{\"code\":\"bathrooms\",\"type\":\"number\",\"value\":1},{\"code\":\"toilets\",\"type\":\"number\",\"value\":1},{\"code\":\"tv\",\"type\":\"boolean\",\"value\":true},{\"code\":\"terrace\",\"type\":\"boolean\",\"value\":true}]'>\n\t\t\t\t\t\t<div class=\"wp-block-group thumbnail-image\">\n\t\t\t\t\t\t\t<a href=\"https:\/\/www.lelac-carnac.com\/de\/hebergements\/mobilheim-ty-heol-30m%c2%b2-2-schlafzimmer-terrasse\/\" title=\"Mobilheim Ty Heol &#8211; 30m\u00b2 &#8211; 2 Schlafzimmer + Terrasse\">\n\t\t\t\t\t\t\t\t<figure class=\"wp-block-image alignfull size-large\" style=\"margin:0;\">\n\t\t\t\t\t\t\t\t\t<img decoding=\"async\" src=\"https:\/\/cdn.horizon-marketing.com\/spio\/ret_img,q_cdnize,to_webp,s_webp\/www.lelac-carnac.com\/wp-content\/uploads\/2026\/01\/00001275023-1024x558.jpeg\"\n\t\t\t\t\t\t\t\t\t\talt=\"Mobilheim Ty Heol &#8211; 30m\u00b2 &#8211; 2 Schlafzimmer + Terrasse\" \/>\n\t\t\t\t\t\t\t\t<\/figure>\n\t\t\t\t\t\t\t\t<div class=\"full\">\n\t\t\t\t\t\t\t\t\t<p class=\"text\">An anderen Terminen verf\u00fcgbar<\/p>\n\t\t\t\t\t\t\t\t<\/div>\n\t\t\t\t\t\t\t<\/a>\n\t\t\t\t\t\t<\/div>\n\n\n\t\t\t\t\t\t<div class=\"wp-block-group has-white-background-color has-background card-content\">\n\t\t\t\t\t\t\t<div class=\"wp-block-group content\">\n\t\t\t\t\t\t\t\t<h3 class=\"wp-block-heading has-secondary-color has-link-color has-secondary-color\">\n\t\t\t\t\t\t\t\t\tMobilheim Ty Heol &#8211; 30m\u00b2 &#8211; 2 Schlafzimmer + Terrasse\t\t\t\t\t\t\t\t<\/h3>\n\n\t\t\t\t\t\t\t\t\t\t\t\t\t\t\t<\/div>\n\n\t\t\t\t\t\t\t<div class=\"wp-block-group card-price has-background\">\n\t\t\t\t\t\t\t\t<div class=\"loader\">\n\t\t\t\t\t\t\t\t\t<span class=\"dot\"><\/span>\n\t\t\t\t\t\t\t\t\t<span class=\"dot\"><\/span>\n\t\t\t\t\t\t\t\t\t<span class=\"dot\"><\/span>\n\t\t\t\t\t\t\t\t<\/div>\n\t\t\t\t\t\t\t\t<div class=\"booking_default\">\n\t\t\t\t\t\t\t\t\t<p class=\"has-text-align-right\">Ab<\/p>\n\n\t\t\t\t\t\t\t\t\t<p class=\"has-text-align-right booking_price has-secondary-font-family\"><\/p>\n\t\t\t\t\t\t\t\t\t<p class=\"has-text-align-right booking_no_discount has-secondary-font-family\"><\/p>\n\n\t\t\t\t\t\t\t\t\t<p class=\"has-text-align-right dates\">\n\t\t\t\t\t\t\t\t\t\tVon <span class=\"start\"><\/span> bis <span class=\"end\"><\/span>\t\t\t\t\t\t\t\t\t<\/p>\n\t\t\t\t\t\t\t\t<\/div>\n\t\t\t\t\t\t\t\t<div class=\"wp-block-group booking_alt\">\n\t\t\t\t\t\t\t\t\t<p class=\"booking_alt_text\">An anderen Terminen verf\u00fcgbar<\/p>\n\t\t\t\t\t\t\t\t\t<div class=\"booking_alt_content\">\n\t\t\t\t\t\t\t\t\t<\/div>\n\t\t\t\t\t\t\t\t<\/div>\n\t\t\t\t\t\t\t<\/div>\n\t\t\t\t\t\t<\/div>\n\n\t\t\t\t\t\t<div class=\"wp-block-buttons has-custom-font-size has-l-font-size\">\n\t\t\t\t\t\t\t<div\n\t\t\t\t\t\t\t\tclass=\"wp-block-button has-custom-width wp-block-button__width-100 has-custom-font-size booking-btn has-secondary-font-family\">\n\t\t\t\t\t\t\t\t<a href=\"https:\/\/www.lelac-carnac.com\/de\/hebergements\/mobilheim-ty-heol-30m%c2%b2-2-schlafzimmer-terrasse\/\"\n\t\t\t\t\t\t\t\t\tclass=\"wp-block-button__link has-white-color has-text-color has-background has-link-color has-text-align-center wp-element-button\">\n\t\t\t\t\t\t\t\t\tEntdecken Sie\t\t\t\t\t\t\t\t<\/a>\n\t\t\t\t\t\t\t<\/div>\n\t\t\t\t\t\t<\/div>\n\t\t\t\t\t\t<div class=\"booking_last\">\n\t\t\t\t\t\t\t<p class=\"booking_last_content\">\n\t\t\t\t\t\t\t\tNur noch <span class=\"booking_last_value\"><\/span> <br>verf\u00fcgbar\t\t\t\t\t\t\t<\/p>\n\t\t\t\t\t\t<\/div>\n\t\t\t\t\t\t<div class=\"booking_exclusive is-style-hover-image-effect\"><\/div>\n\t\t\t\t\t<\/div>\n\t\t\t\t<\/li>\n\n\t\t\t\t\t\t\t<li class=\"swiper-slide\">\n\t\t\t\t\t<div class=\"wp-block-group card-gamme is-style-default is-style-relative\"\n\t\t\t\t\t\t data-booking-product=\"89881\" data-booking-etab=\"5131\" data-capacity=\"5\"\t\t\t\t\t\t data-product-filters='[{\"code\":\"surface\",\"type\":\"number\",\"value\":28},{\"code\":\"pets-allowed\",\"type\":\"boolean\",\"value\":true},{\"code\":\"separated-bedrooms\",\"type\":\"number\",\"value\":2},{\"code\":\"kitchens\",\"type\":\"number\",\"value\":1},{\"code\":\"bathrooms\",\"type\":\"number\",\"value\":1},{\"code\":\"toilets\",\"type\":\"number\",\"value\":1},{\"code\":\"tv\",\"type\":\"boolean\",\"value\":true},{\"code\":\"terrace\",\"type\":\"boolean\",\"value\":true}]'>\n\t\t\t\t\t\t<div class=\"wp-block-group thumbnail-image\">\n\t\t\t\t\t\t\t<a href=\"https:\/\/www.lelac-carnac.com\/de\/hebergements\/mobilheim-ty-breizh-28m%c2%b2-2-schlafzimmer-terrasse\/\" title=\"Mobilheim Ty Breizh &#8211; 28m\u00b2 &#8211; 2 Schlafzimmer + Terrasse\">\n\t\t\t\t\t\t\t\t<figure class=\"wp-block-image alignfull size-large\" style=\"margin:0;\">\n\t\t\t\t\t\t\t\t\t<img decoding=\"async\" src=\"https:\/\/cdn.horizon-marketing.com\/spio\/ret_img,q_cdnize,to_webp,s_webp\/www.lelac-carnac.com\/wp-content\/uploads\/2026\/01\/00001243454-1024x768.jpeg\"\n\t\t\t\t\t\t\t\t\t\talt=\"Mobilheim Ty Breizh &#8211; 28m\u00b2 &#8211; 2 Schlafzimmer + Terrasse\" \/>\n\t\t\t\t\t\t\t\t<\/figure>\n\t\t\t\t\t\t\t\t<div class=\"full\">\n\t\t\t\t\t\t\t\t\t<p class=\"text\">An anderen Terminen verf\u00fcgbar<\/p>\n\t\t\t\t\t\t\t\t<\/div>\n\t\t\t\t\t\t\t<\/a>\n\t\t\t\t\t\t<\/div>\n\n\n\t\t\t\t\t\t<div class=\"wp-block-group has-white-background-color has-background card-content\">\n\t\t\t\t\t\t\t<div class=\"wp-block-group content\">\n\t\t\t\t\t\t\t\t<h3 class=\"wp-block-heading has-secondary-color has-link-color has-secondary-color\">\n\t\t\t\t\t\t\t\t\tMobilheim Ty Breizh &#8211; 28m\u00b2 &#8211; 2 Schlafzimmer + Terrasse\t\t\t\t\t\t\t\t<\/h3>\n\n\t\t\t\t\t\t\t\t\t\t\t\t\t\t\t<\/div>\n\n\t\t\t\t\t\t\t<div class=\"wp-block-group card-price has-background\">\n\t\t\t\t\t\t\t\t<div class=\"loader\">\n\t\t\t\t\t\t\t\t\t<span class=\"dot\"><\/span>\n\t\t\t\t\t\t\t\t\t<span class=\"dot\"><\/span>\n\t\t\t\t\t\t\t\t\t<span class=\"dot\"><\/span>\n\t\t\t\t\t\t\t\t<\/div>\n\t\t\t\t\t\t\t\t<div class=\"booking_default\">\n\t\t\t\t\t\t\t\t\t<p class=\"has-text-align-right\">Ab<\/p>\n\n\t\t\t\t\t\t\t\t\t<p class=\"has-text-align-right booking_price has-secondary-font-family\"><\/p>\n\t\t\t\t\t\t\t\t\t<p class=\"has-text-align-right booking_no_discount has-secondary-font-family\"><\/p>\n\n\t\t\t\t\t\t\t\t\t<p class=\"has-text-align-right dates\">\n\t\t\t\t\t\t\t\t\t\tVon <span class=\"start\"><\/span> bis <span class=\"end\"><\/span>\t\t\t\t\t\t\t\t\t<\/p>\n\t\t\t\t\t\t\t\t<\/div>\n\t\t\t\t\t\t\t\t<div class=\"wp-block-group booking_alt\">\n\t\t\t\t\t\t\t\t\t<p class=\"booking_alt_text\">An anderen Terminen verf\u00fcgbar<\/p>\n\t\t\t\t\t\t\t\t\t<div class=\"booking_alt_content\">\n\t\t\t\t\t\t\t\t\t<\/div>\n\t\t\t\t\t\t\t\t<\/div>\n\t\t\t\t\t\t\t<\/div>\n\t\t\t\t\t\t<\/div>\n\n\t\t\t\t\t\t<div class=\"wp-block-buttons has-custom-font-size has-l-font-size\">\n\t\t\t\t\t\t\t<div\n\t\t\t\t\t\t\t\tclass=\"wp-block-button has-custom-width wp-block-button__width-100 has-custom-font-size booking-btn has-secondary-font-family\">\n\t\t\t\t\t\t\t\t<a href=\"https:\/\/www.lelac-carnac.com\/de\/hebergements\/mobilheim-ty-breizh-28m%c2%b2-2-schlafzimmer-terrasse\/\"\n\t\t\t\t\t\t\t\t\tclass=\"wp-block-button__link has-white-color has-text-color has-background has-link-color has-text-align-center wp-element-button\">\n\t\t\t\t\t\t\t\t\tEntdecken Sie\t\t\t\t\t\t\t\t<\/a>\n\t\t\t\t\t\t\t<\/div>\n\t\t\t\t\t\t<\/div>\n\t\t\t\t\t\t<div class=\"booking_last\">\n\t\t\t\t\t\t\t<p class=\"booking_last_content\">\n\t\t\t\t\t\t\t\tNur noch <span class=\"booking_last_value\"><\/span> <br>verf\u00fcgbar\t\t\t\t\t\t\t<\/p>\n\t\t\t\t\t\t<\/div>\n\t\t\t\t\t\t<div class=\"booking_exclusive is-style-hover-image-effect\"><\/div>\n\t\t\t\t\t<\/div>\n\t\t\t\t<\/li>\n\n\t\t\t\t\t\t\t<li class=\"swiper-slide\">\n\t\t\t\t\t<div class=\"wp-block-group card-gamme is-style-default is-style-relative\"\n\t\t\t\t\t\t data-booking-product=\"141005\" data-booking-etab=\"5131\" data-capacity=\"6\"\t\t\t\t\t\t data-product-filters='[{\"code\":\"surface\",\"type\":\"number\",\"value\":37},{\"code\":\"pets-allowed\",\"type\":\"boolean\",\"value\":true},{\"code\":\"separated-bedrooms\",\"type\":\"number\",\"value\":3},{\"code\":\"dishwasher\",\"type\":\"boolean\",\"value\":true},{\"code\":\"kitchens\",\"type\":\"number\",\"value\":1},{\"code\":\"bathrooms\",\"type\":\"number\",\"value\":1},{\"code\":\"toilets\",\"type\":\"number\",\"value\":1},{\"code\":\"air-conditioning\",\"type\":\"boolean\",\"value\":true},{\"code\":\"tv\",\"type\":\"boolean\",\"value\":true},{\"code\":\"terrace\",\"type\":\"boolean\",\"value\":true}]'>\n\t\t\t\t\t\t<div class=\"wp-block-group thumbnail-image\">\n\t\t\t\t\t\t\t<a href=\"https:\/\/www.lelac-carnac.com\/de\/hebergements\/mobilheim-ty-brehat-37m%c2%b2-3-schlafzimmer-terrasse\/\" title=\"Mobilheim Ty Brehat &#8211; 37m\u00b2 &#8211; 3 Schlafzimmer + Terrasse\">\n\t\t\t\t\t\t\t\t<figure class=\"wp-block-image alignfull size-large\" style=\"margin:0;\">\n\t\t\t\t\t\t\t\t\t<img decoding=\"async\" src=\"https:\/\/cdn.horizon-marketing.com\/spio\/ret_img,q_cdnize,to_webp,s_webp\/www.lelac-carnac.com\/wp-content\/uploads\/2026\/01\/00001243433-1024x768.jpg\"\n\t\t\t\t\t\t\t\t\t\talt=\"Mobilheim Ty Brehat &#8211; 37m\u00b2 &#8211; 3 Schlafzimmer + Terrasse\" \/>\n\t\t\t\t\t\t\t\t<\/figure>\n\t\t\t\t\t\t\t\t<div class=\"full\">\n\t\t\t\t\t\t\t\t\t<p class=\"text\">An anderen Terminen verf\u00fcgbar<\/p>\n\t\t\t\t\t\t\t\t<\/div>\n\t\t\t\t\t\t\t<\/a>\n\t\t\t\t\t\t<\/div>\n\n\n\t\t\t\t\t\t<div class=\"wp-block-group has-white-background-color has-background card-content\">\n\t\t\t\t\t\t\t<div class=\"wp-block-group content\">\n\t\t\t\t\t\t\t\t<h3 class=\"wp-block-heading has-secondary-color has-link-color has-secondary-color\">\n\t\t\t\t\t\t\t\t\tMobilheim Ty Brehat &#8211; 37m\u00b2 &#8211; 3 Schlafzimmer + Terrasse\t\t\t\t\t\t\t\t<\/h3>\n\n\t\t\t\t\t\t\t\t\t\t\t\t\t\t\t<\/div>\n\n\t\t\t\t\t\t\t<div class=\"wp-block-group card-price has-background\">\n\t\t\t\t\t\t\t\t<div class=\"loader\">\n\t\t\t\t\t\t\t\t\t<span class=\"dot\"><\/span>\n\t\t\t\t\t\t\t\t\t<span class=\"dot\"><\/span>\n\t\t\t\t\t\t\t\t\t<span class=\"dot\"><\/span>\n\t\t\t\t\t\t\t\t<\/div>\n\t\t\t\t\t\t\t\t<div class=\"booking_default\">\n\t\t\t\t\t\t\t\t\t<p class=\"has-text-align-right\">Ab<\/p>\n\n\t\t\t\t\t\t\t\t\t<p class=\"has-text-align-right booking_price has-secondary-font-family\"><\/p>\n\t\t\t\t\t\t\t\t\t<p class=\"has-text-align-right booking_no_discount has-secondary-font-family\"><\/p>\n\n\t\t\t\t\t\t\t\t\t<p class=\"has-text-align-right dates\">\n\t\t\t\t\t\t\t\t\t\tVon <span class=\"start\"><\/span> bis <span class=\"end\"><\/span>\t\t\t\t\t\t\t\t\t<\/p>\n\t\t\t\t\t\t\t\t<\/div>\n\t\t\t\t\t\t\t\t<div class=\"wp-block-group booking_alt\">\n\t\t\t\t\t\t\t\t\t<p class=\"booking_alt_text\">An anderen Terminen verf\u00fcgbar<\/p>\n\t\t\t\t\t\t\t\t\t<div class=\"booking_alt_content\">\n\t\t\t\t\t\t\t\t\t<\/div>\n\t\t\t\t\t\t\t\t<\/div>\n\t\t\t\t\t\t\t<\/div>\n\t\t\t\t\t\t<\/div>\n\n\t\t\t\t\t\t<div class=\"wp-block-buttons has-custom-font-size has-l-font-size\">\n\t\t\t\t\t\t\t<div\n\t\t\t\t\t\t\t\tclass=\"wp-block-button has-custom-width wp-block-button__width-100 has-custom-font-size booking-btn has-secondary-font-family\">\n\t\t\t\t\t\t\t\t<a href=\"https:\/\/www.lelac-carnac.com\/de\/hebergements\/mobilheim-ty-brehat-37m%c2%b2-3-schlafzimmer-terrasse\/\"\n\t\t\t\t\t\t\t\t\tclass=\"wp-block-button__link has-white-color has-text-color has-background has-link-color has-text-align-center wp-element-button\">\n\t\t\t\t\t\t\t\t\tEntdecken Sie\t\t\t\t\t\t\t\t<\/a>\n\t\t\t\t\t\t\t<\/div>\n\t\t\t\t\t\t<\/div>\n\t\t\t\t\t\t<div class=\"booking_last\">\n\t\t\t\t\t\t\t<p class=\"booking_last_content\">\n\t\t\t\t\t\t\t\tNur noch <span class=\"booking_last_value\"><\/span> <br>verf\u00fcgbar\t\t\t\t\t\t\t<\/p>\n\t\t\t\t\t\t<\/div>\n\t\t\t\t\t\t<div class=\"booking_exclusive is-style-hover-image-effect\"><\/div>\n\t\t\t\t\t<\/div>\n\t\t\t\t<\/li>\n\n\t\t\t\t\t\t\t<li class=\"swiper-slide\">\n\t\t\t\t\t<div class=\"wp-block-group card-gamme is-style-default is-style-relative\"\n\t\t\t\t\t\t data-booking-product=\"141004\" data-booking-etab=\"5131\" data-capacity=\"4\"\t\t\t\t\t\t data-product-filters='[{\"code\":\"surface\",\"type\":\"number\",\"value\":32},{\"code\":\"pets-allowed\",\"type\":\"boolean\",\"value\":true},{\"code\":\"separated-bedrooms\",\"type\":\"number\",\"value\":2},{\"code\":\"dishwasher\",\"type\":\"boolean\",\"value\":true},{\"code\":\"kitchens\",\"type\":\"number\",\"value\":1},{\"code\":\"bathrooms\",\"type\":\"number\",\"value\":1},{\"code\":\"toilets\",\"type\":\"number\",\"value\":1},{\"code\":\"air-conditioning\",\"type\":\"boolean\",\"value\":true},{\"code\":\"tv\",\"type\":\"boolean\",\"value\":true},{\"code\":\"terrace\",\"type\":\"boolean\",\"value\":true}]'>\n\t\t\t\t\t\t<div class=\"wp-block-group thumbnail-image\">\n\t\t\t\t\t\t\t<a href=\"https:\/\/www.lelac-carnac.com\/de\/hebergements\/mobilheim-ty-brehat-32m%c2%b2-2-schlafzimmer-ueberdachte-terrasse\/\" title=\"Mobilheim Ty Brehat &#8211; 32m\u00b2 &#8211; 2 Schlafzimmer + \u00fcberdachte Terrasse\">\n\t\t\t\t\t\t\t\t<figure class=\"wp-block-image alignfull size-large\" style=\"margin:0;\">\n\t\t\t\t\t\t\t\t\t<img decoding=\"async\" src=\"https:\/\/cdn.horizon-marketing.com\/spio\/ret_img,q_cdnize,to_webp,s_webp\/www.lelac-carnac.com\/wp-content\/themes\/horizon-marketing\/assets\/img\/default-heb.webp\"\n\t\t\t\t\t\t\t\t\t\talt=\"Mobilheim Ty Brehat &#8211; 32m\u00b2 &#8211; 2 Schlafzimmer + \u00fcberdachte Terrasse\" \/>\n\t\t\t\t\t\t\t\t<\/figure>\n\t\t\t\t\t\t\t\t<div class=\"full\">\n\t\t\t\t\t\t\t\t\t<p class=\"text\">An anderen Terminen verf\u00fcgbar<\/p>\n\t\t\t\t\t\t\t\t<\/div>\n\t\t\t\t\t\t\t<\/a>\n\t\t\t\t\t\t<\/div>\n\n\n\t\t\t\t\t\t<div class=\"wp-block-group has-white-background-color has-background card-content\">\n\t\t\t\t\t\t\t<div class=\"wp-block-group content\">\n\t\t\t\t\t\t\t\t<h3 class=\"wp-block-heading has-secondary-color has-link-color has-secondary-color\">\n\t\t\t\t\t\t\t\t\tMobilheim Ty Brehat &#8211; 32m\u00b2 &#8211; 2 Schlafzimmer + \u00fcberdachte Terrasse\t\t\t\t\t\t\t\t<\/h3>\n\n\t\t\t\t\t\t\t\t\t\t\t\t\t\t\t<\/div>\n\n\t\t\t\t\t\t\t<div class=\"wp-block-group card-price has-background\">\n\t\t\t\t\t\t\t\t<div class=\"loader\">\n\t\t\t\t\t\t\t\t\t<span class=\"dot\"><\/span>\n\t\t\t\t\t\t\t\t\t<span class=\"dot\"><\/span>\n\t\t\t\t\t\t\t\t\t<span class=\"dot\"><\/span>\n\t\t\t\t\t\t\t\t<\/div>\n\t\t\t\t\t\t\t\t<div class=\"booking_default\">\n\t\t\t\t\t\t\t\t\t<p class=\"has-text-align-right\">Ab<\/p>\n\n\t\t\t\t\t\t\t\t\t<p class=\"has-text-align-right booking_price has-secondary-font-family\"><\/p>\n\t\t\t\t\t\t\t\t\t<p class=\"has-text-align-right booking_no_discount has-secondary-font-family\"><\/p>\n\n\t\t\t\t\t\t\t\t\t<p class=\"has-text-align-right dates\">\n\t\t\t\t\t\t\t\t\t\tVon <span class=\"start\"><\/span> bis <span class=\"end\"><\/span>\t\t\t\t\t\t\t\t\t<\/p>\n\t\t\t\t\t\t\t\t<\/div>\n\t\t\t\t\t\t\t\t<div class=\"wp-block-group booking_alt\">\n\t\t\t\t\t\t\t\t\t<p class=\"booking_alt_text\">An anderen Terminen verf\u00fcgbar<\/p>\n\t\t\t\t\t\t\t\t\t<div class=\"booking_alt_content\">\n\t\t\t\t\t\t\t\t\t<\/div>\n\t\t\t\t\t\t\t\t<\/div>\n\t\t\t\t\t\t\t<\/div>\n\t\t\t\t\t\t<\/div>\n\n\t\t\t\t\t\t<div class=\"wp-block-buttons has-custom-font-size has-l-font-size\">\n\t\t\t\t\t\t\t<div\n\t\t\t\t\t\t\t\tclass=\"wp-block-button has-custom-width wp-block-button__width-100 has-custom-font-size booking-btn has-secondary-font-family\">\n\t\t\t\t\t\t\t\t<a href=\"https:\/\/www.lelac-carnac.com\/de\/hebergements\/mobilheim-ty-brehat-32m%c2%b2-2-schlafzimmer-ueberdachte-terrasse\/\"\n\t\t\t\t\t\t\t\t\tclass=\"wp-block-button__link has-white-color has-text-color has-background has-link-color has-text-align-center wp-element-button\">\n\t\t\t\t\t\t\t\t\tEntdecken Sie\t\t\t\t\t\t\t\t<\/a>\n\t\t\t\t\t\t\t<\/div>\n\t\t\t\t\t\t<\/div>\n\t\t\t\t\t\t<div class=\"booking_last\">\n\t\t\t\t\t\t\t<p class=\"booking_last_content\">\n\t\t\t\t\t\t\t\tNur noch <span class=\"booking_last_value\"><\/span> <br>verf\u00fcgbar\t\t\t\t\t\t\t<\/p>\n\t\t\t\t\t\t<\/div>\n\t\t\t\t\t\t<div class=\"booking_exclusive is-style-hover-image-effect\"><\/div>\n\t\t\t\t\t<\/div>\n\t\t\t\t<\/li>\n\n\t\t\t\t\t\t\t<li class=\"swiper-slide\">\n\t\t\t\t\t<div class=\"wp-block-group card-gamme is-style-default is-style-relative\"\n\t\t\t\t\t\t data-booking-product=\"141003\" data-booking-etab=\"5131\" data-capacity=\"4\"\t\t\t\t\t\t data-product-filters='[{\"code\":\"surface\",\"type\":\"number\",\"value\":40},{\"code\":\"pets-allowed\",\"type\":\"boolean\",\"value\":true},{\"code\":\"separated-bedrooms\",\"type\":\"number\",\"value\":2},{\"code\":\"dishwasher\",\"type\":\"boolean\",\"value\":true},{\"code\":\"kitchens\",\"type\":\"number\",\"value\":1},{\"code\":\"bathrooms\",\"type\":\"number\",\"value\":2},{\"code\":\"toilets\",\"type\":\"number\",\"value\":2},{\"code\":\"air-conditioning\",\"type\":\"boolean\",\"value\":true},{\"code\":\"tv\",\"type\":\"boolean\",\"value\":true},{\"code\":\"terrace\",\"type\":\"boolean\",\"value\":true}]'>\n\t\t\t\t\t\t<div class=\"wp-block-group thumbnail-image\">\n\t\t\t\t\t\t\t<a href=\"https:\/\/www.lelac-carnac.com\/de\/hebergements\/mobilheim-ty-brehat-40-m%c2%b2-2-schlafzimmer-2-badezimmer-ueberdachte-terrasse\/\" title=\"Mobilheim Ty Brehat &#8211; 40 m\u00b2 &#8211; 2 Schlafzimmer &#8211; 2 Badezimmer + \u00fcberdachte Terrasse\">\n\t\t\t\t\t\t\t\t<figure class=\"wp-block-image alignfull size-large\" style=\"margin:0;\">\n\t\t\t\t\t\t\t\t\t<img decoding=\"async\" src=\"https:\/\/cdn.horizon-marketing.com\/spio\/ret_img,q_cdnize,to_webp,s_webp\/www.lelac-carnac.com\/wp-content\/uploads\/2026\/01\/00001286014-1024x768.jpg\"\n\t\t\t\t\t\t\t\t\t\talt=\"Mobilheim Ty Brehat &#8211; 40 m\u00b2 &#8211; 2 Schlafzimmer &#8211; 2 Badezimmer + \u00fcberdachte Terrasse\" \/>\n\t\t\t\t\t\t\t\t<\/figure>\n\t\t\t\t\t\t\t\t<div class=\"full\">\n\t\t\t\t\t\t\t\t\t<p class=\"text\">An anderen Terminen verf\u00fcgbar<\/p>\n\t\t\t\t\t\t\t\t<\/div>\n\t\t\t\t\t\t\t<\/a>\n\t\t\t\t\t\t<\/div>\n\n\n\t\t\t\t\t\t<div class=\"wp-block-group has-white-background-color has-background card-content\">\n\t\t\t\t\t\t\t<div class=\"wp-block-group content\">\n\t\t\t\t\t\t\t\t<h3 class=\"wp-block-heading has-secondary-color has-link-color has-secondary-color\">\n\t\t\t\t\t\t\t\t\tMobilheim Ty Brehat &#8211; 40 m\u00b2 &#8211; 2 Schlafzimmer &#8211; 2 Badezimmer + \u00fcberdachte Terrasse\t\t\t\t\t\t\t\t<\/h3>\n\n\t\t\t\t\t\t\t\t\t\t\t\t\t\t\t<\/div>\n\n\t\t\t\t\t\t\t<div class=\"wp-block-group card-price has-background\">\n\t\t\t\t\t\t\t\t<div class=\"loader\">\n\t\t\t\t\t\t\t\t\t<span class=\"dot\"><\/span>\n\t\t\t\t\t\t\t\t\t<span class=\"dot\"><\/span>\n\t\t\t\t\t\t\t\t\t<span class=\"dot\"><\/span>\n\t\t\t\t\t\t\t\t<\/div>\n\t\t\t\t\t\t\t\t<div class=\"booking_default\">\n\t\t\t\t\t\t\t\t\t<p class=\"has-text-align-right\">Ab<\/p>\n\n\t\t\t\t\t\t\t\t\t<p class=\"has-text-align-right booking_price has-secondary-font-family\"><\/p>\n\t\t\t\t\t\t\t\t\t<p class=\"has-text-align-right booking_no_discount has-secondary-font-family\"><\/p>\n\n\t\t\t\t\t\t\t\t\t<p class=\"has-text-align-right dates\">\n\t\t\t\t\t\t\t\t\t\tVon <span class=\"start\"><\/span> bis <span class=\"end\"><\/span>\t\t\t\t\t\t\t\t\t<\/p>\n\t\t\t\t\t\t\t\t<\/div>\n\t\t\t\t\t\t\t\t<div class=\"wp-block-group booking_alt\">\n\t\t\t\t\t\t\t\t\t<p class=\"booking_alt_text\">An anderen Terminen verf\u00fcgbar<\/p>\n\t\t\t\t\t\t\t\t\t<div class=\"booking_alt_content\">\n\t\t\t\t\t\t\t\t\t<\/div>\n\t\t\t\t\t\t\t\t<\/div>\n\t\t\t\t\t\t\t<\/div>\n\t\t\t\t\t\t<\/div>\n\n\t\t\t\t\t\t<div class=\"wp-block-buttons has-custom-font-size has-l-font-size\">\n\t\t\t\t\t\t\t<div\n\t\t\t\t\t\t\t\tclass=\"wp-block-button has-custom-width wp-block-button__width-100 has-custom-font-size booking-btn has-secondary-font-family\">\n\t\t\t\t\t\t\t\t<a href=\"https:\/\/www.lelac-carnac.com\/de\/hebergements\/mobilheim-ty-brehat-40-m%c2%b2-2-schlafzimmer-2-badezimmer-ueberdachte-terrasse\/\"\n\t\t\t\t\t\t\t\t\tclass=\"wp-block-button__link has-white-color has-text-color has-background has-link-color has-text-align-center wp-element-button\">\n\t\t\t\t\t\t\t\t\tEntdecken Sie\t\t\t\t\t\t\t\t<\/a>\n\t\t\t\t\t\t\t<\/div>\n\t\t\t\t\t\t<\/div>\n\t\t\t\t\t\t<div class=\"booking_last\">\n\t\t\t\t\t\t\t<p class=\"booking_last_content\">\n\t\t\t\t\t\t\t\tNur noch <span class=\"booking_last_value\"><\/span> <br>verf\u00fcgbar\t\t\t\t\t\t\t<\/p>\n\t\t\t\t\t\t<\/div>\n\t\t\t\t\t\t<div class=\"booking_exclusive is-style-hover-image-effect\"><\/div>\n\t\t\t\t\t<\/div>\n\t\t\t\t<\/li>\n\n\t\t\t\t\t\t\t<li class=\"swiper-slide\">\n\t\t\t\t\t<div class=\"wp-block-group card-gamme is-style-default is-style-relative\"\n\t\t\t\t\t\t data-booking-product=\"51776\" data-booking-etab=\"5131\" data-capacity=\"6\"\t\t\t\t\t\t data-product-filters='[{\"code\":\"surface\",\"type\":\"number\",\"value\":32},{\"code\":\"pets-allowed\",\"type\":\"boolean\",\"value\":true},{\"code\":\"separated-bedrooms\",\"type\":\"number\",\"value\":3},{\"code\":\"kitchens\",\"type\":\"number\",\"value\":1},{\"code\":\"bathrooms\",\"type\":\"number\",\"value\":1},{\"code\":\"toilets\",\"type\":\"number\",\"value\":1},{\"code\":\"tv\",\"type\":\"boolean\",\"value\":true},{\"code\":\"terrace\",\"type\":\"boolean\",\"value\":true}]'>\n\t\t\t\t\t\t<div class=\"wp-block-group thumbnail-image\">\n\t\t\t\t\t\t\t<a href=\"https:\/\/www.lelac-carnac.com\/de\/hebergements\/mobilheim-ty-bihan-32m%c2%b2-3-schlafzimmer-terrasse\/\" title=\"Mobilheim Ty Bihan &#8211; 32m\u00b2 &#8211; 3 Schlafzimmer + Terrasse\">\n\t\t\t\t\t\t\t\t<figure class=\"wp-block-image alignfull size-large\" style=\"margin:0;\">\n\t\t\t\t\t\t\t\t\t<img decoding=\"async\" src=\"https:\/\/cdn.horizon-marketing.com\/spio\/ret_img,q_cdnize,to_webp,s_webp\/www.lelac-carnac.com\/wp-content\/uploads\/2026\/01\/00001243391.png\"\n\t\t\t\t\t\t\t\t\t\talt=\"Mobilheim Ty Bihan &#8211; 32m\u00b2 &#8211; 3 Schlafzimmer + Terrasse\" \/>\n\t\t\t\t\t\t\t\t<\/figure>\n\t\t\t\t\t\t\t\t<div class=\"full\">\n\t\t\t\t\t\t\t\t\t<p class=\"text\">An anderen Terminen verf\u00fcgbar<\/p>\n\t\t\t\t\t\t\t\t<\/div>\n\t\t\t\t\t\t\t<\/a>\n\t\t\t\t\t\t<\/div>\n\n\n\t\t\t\t\t\t<div class=\"wp-block-group has-white-background-color has-background card-content\">\n\t\t\t\t\t\t\t<div class=\"wp-block-group content\">\n\t\t\t\t\t\t\t\t<h3 class=\"wp-block-heading has-secondary-color has-link-color has-secondary-color\">\n\t\t\t\t\t\t\t\t\tMobilheim Ty Bihan &#8211; 32m\u00b2 &#8211; 3 Schlafzimmer + Terrasse\t\t\t\t\t\t\t\t<\/h3>\n\n\t\t\t\t\t\t\t\t\t\t\t\t\t\t\t<\/div>\n\n\t\t\t\t\t\t\t<div class=\"wp-block-group card-price has-background\">\n\t\t\t\t\t\t\t\t<div class=\"loader\">\n\t\t\t\t\t\t\t\t\t<span class=\"dot\"><\/span>\n\t\t\t\t\t\t\t\t\t<span class=\"dot\"><\/span>\n\t\t\t\t\t\t\t\t\t<span class=\"dot\"><\/span>\n\t\t\t\t\t\t\t\t<\/div>\n\t\t\t\t\t\t\t\t<div class=\"booking_default\">\n\t\t\t\t\t\t\t\t\t<p class=\"has-text-align-right\">Ab<\/p>\n\n\t\t\t\t\t\t\t\t\t<p class=\"has-text-align-right booking_price has-secondary-font-family\"><\/p>\n\t\t\t\t\t\t\t\t\t<p class=\"has-text-align-right booking_no_discount has-secondary-font-family\"><\/p>\n\n\t\t\t\t\t\t\t\t\t<p class=\"has-text-align-right dates\">\n\t\t\t\t\t\t\t\t\t\tVon <span class=\"start\"><\/span> bis <span class=\"end\"><\/span>\t\t\t\t\t\t\t\t\t<\/p>\n\t\t\t\t\t\t\t\t<\/div>\n\t\t\t\t\t\t\t\t<div class=\"wp-block-group booking_alt\">\n\t\t\t\t\t\t\t\t\t<p class=\"booking_alt_text\">An anderen Terminen verf\u00fcgbar<\/p>\n\t\t\t\t\t\t\t\t\t<div class=\"booking_alt_content\">\n\t\t\t\t\t\t\t\t\t<\/div>\n\t\t\t\t\t\t\t\t<\/div>\n\t\t\t\t\t\t\t<\/div>\n\t\t\t\t\t\t<\/div>\n\n\t\t\t\t\t\t<div class=\"wp-block-buttons has-custom-font-size has-l-font-size\">\n\t\t\t\t\t\t\t<div\n\t\t\t\t\t\t\t\tclass=\"wp-block-button has-custom-width wp-block-button__width-100 has-custom-font-size booking-btn has-secondary-font-family\">\n\t\t\t\t\t\t\t\t<a href=\"https:\/\/www.lelac-carnac.com\/de\/hebergements\/mobilheim-ty-bihan-32m%c2%b2-3-schlafzimmer-terrasse\/\"\n\t\t\t\t\t\t\t\t\tclass=\"wp-block-button__link has-white-color has-text-color has-background has-link-color has-text-align-center wp-element-button\">\n\t\t\t\t\t\t\t\t\tEntdecken Sie\t\t\t\t\t\t\t\t<\/a>\n\t\t\t\t\t\t\t<\/div>\n\t\t\t\t\t\t<\/div>\n\t\t\t\t\t\t<div class=\"booking_last\">\n\t\t\t\t\t\t\t<p class=\"booking_last_content\">\n\t\t\t\t\t\t\t\tNur noch <span class=\"booking_last_value\"><\/span> <br>verf\u00fcgbar\t\t\t\t\t\t\t<\/p>\n\t\t\t\t\t\t<\/div>\n\t\t\t\t\t\t<div class=\"booking_exclusive is-style-hover-image-effect\"><\/div>\n\t\t\t\t\t<\/div>\n\t\t\t\t<\/li>\n\n\t\t\t\t\t\t\t<li class=\"swiper-slide\">\n\t\t\t\t\t<div class=\"wp-block-group card-gamme is-style-default is-style-relative\"\n\t\t\t\t\t\t data-booking-product=\"45310\" data-booking-etab=\"5131\" data-capacity=\"4\"\t\t\t\t\t\t data-product-filters='[{\"code\":\"surface\",\"type\":\"number\",\"value\":21},{\"code\":\"pets-allowed\",\"type\":\"boolean\",\"value\":true},{\"code\":\"separated-bedrooms\",\"type\":\"number\",\"value\":2},{\"code\":\"kitchens\",\"type\":\"number\",\"value\":1},{\"code\":\"bathrooms\",\"type\":\"number\",\"value\":1},{\"code\":\"toilets\",\"type\":\"number\",\"value\":1},{\"code\":\"terrace\",\"type\":\"boolean\",\"value\":true}]'>\n\t\t\t\t\t\t<div class=\"wp-block-group thumbnail-image\">\n\t\t\t\t\t\t\t<a href=\"https:\/\/www.lelac-carnac.com\/de\/hebergements\/wohnwagen-21m%c2%b2-2-zimmer-terrasse\/\" title=\"Wohnwagen &#8211; 21m\u00b2 &#8211; 2 Zimmer + Terrasse\">\n\t\t\t\t\t\t\t\t<figure class=\"wp-block-image alignfull size-large\" style=\"margin:0;\">\n\t\t\t\t\t\t\t\t\t<img decoding=\"async\" src=\"https:\/\/cdn.horizon-marketing.com\/spio\/ret_img,q_cdnize,to_webp,s_webp\/www.lelac-carnac.com\/wp-content\/uploads\/2026\/01\/00001243376-1024x412.jpg\"\n\t\t\t\t\t\t\t\t\t\talt=\"Wohnwagen &#8211; 21m\u00b2 &#8211; 2 Zimmer + Terrasse\" \/>\n\t\t\t\t\t\t\t\t<\/figure>\n\t\t\t\t\t\t\t\t<div class=\"full\">\n\t\t\t\t\t\t\t\t\t<p class=\"text\">An anderen Terminen verf\u00fcgbar<\/p>\n\t\t\t\t\t\t\t\t<\/div>\n\t\t\t\t\t\t\t<\/a>\n\t\t\t\t\t\t<\/div>\n\n\n\t\t\t\t\t\t<div class=\"wp-block-group has-white-background-color has-background card-content\">\n\t\t\t\t\t\t\t<div class=\"wp-block-group content\">\n\t\t\t\t\t\t\t\t<h3 class=\"wp-block-heading has-secondary-color has-link-color has-secondary-color\">\n\t\t\t\t\t\t\t\t\tWohnwagen &#8211; 21m\u00b2 &#8211; 2 Zimmer + Terrasse\t\t\t\t\t\t\t\t<\/h3>\n\n\t\t\t\t\t\t\t\t\t\t\t\t\t\t\t<\/div>\n\n\t\t\t\t\t\t\t<div class=\"wp-block-group card-price has-background\">\n\t\t\t\t\t\t\t\t<div class=\"loader\">\n\t\t\t\t\t\t\t\t\t<span class=\"dot\"><\/span>\n\t\t\t\t\t\t\t\t\t<span class=\"dot\"><\/span>\n\t\t\t\t\t\t\t\t\t<span class=\"dot\"><\/span>\n\t\t\t\t\t\t\t\t<\/div>\n\t\t\t\t\t\t\t\t<div class=\"booking_default\">\n\t\t\t\t\t\t\t\t\t<p class=\"has-text-align-right\">Ab<\/p>\n\n\t\t\t\t\t\t\t\t\t<p class=\"has-text-align-right booking_price has-secondary-font-family\"><\/p>\n\t\t\t\t\t\t\t\t\t<p class=\"has-text-align-right booking_no_discount has-secondary-font-family\"><\/p>\n\n\t\t\t\t\t\t\t\t\t<p class=\"has-text-align-right dates\">\n\t\t\t\t\t\t\t\t\t\tVon <span class=\"start\"><\/span> bis <span class=\"end\"><\/span>\t\t\t\t\t\t\t\t\t<\/p>\n\t\t\t\t\t\t\t\t<\/div>\n\t\t\t\t\t\t\t\t<div class=\"wp-block-group booking_alt\">\n\t\t\t\t\t\t\t\t\t<p class=\"booking_alt_text\">An anderen Terminen verf\u00fcgbar<\/p>\n\t\t\t\t\t\t\t\t\t<div class=\"booking_alt_content\">\n\t\t\t\t\t\t\t\t\t<\/div>\n\t\t\t\t\t\t\t\t<\/div>\n\t\t\t\t\t\t\t<\/div>\n\t\t\t\t\t\t<\/div>\n\n\t\t\t\t\t\t<div class=\"wp-block-buttons has-custom-font-size has-l-font-size\">\n\t\t\t\t\t\t\t<div\n\t\t\t\t\t\t\t\tclass=\"wp-block-button has-custom-width wp-block-button__width-100 has-custom-font-size booking-btn has-secondary-font-family\">\n\t\t\t\t\t\t\t\t<a href=\"https:\/\/www.lelac-carnac.com\/de\/hebergements\/wohnwagen-21m%c2%b2-2-zimmer-terrasse\/\"\n\t\t\t\t\t\t\t\t\tclass=\"wp-block-button__link has-white-color has-text-color has-background has-link-color has-text-align-center wp-element-button\">\n\t\t\t\t\t\t\t\t\tEntdecken Sie\t\t\t\t\t\t\t\t<\/a>\n\t\t\t\t\t\t\t<\/div>\n\t\t\t\t\t\t<\/div>\n\t\t\t\t\t\t<div class=\"booking_last\">\n\t\t\t\t\t\t\t<p class=\"booking_last_content\">\n\t\t\t\t\t\t\t\tNur noch <span class=\"booking_last_value\"><\/span> <br>verf\u00fcgbar\t\t\t\t\t\t\t<\/p>\n\t\t\t\t\t\t<\/div>\n\t\t\t\t\t\t<div class=\"booking_exclusive is-style-hover-image-effect\"><\/div>\n\t\t\t\t\t<\/div>\n\t\t\t\t<\/li>\n\n\t\t\t\t\t<\/ul>\n\n\t<\/div>\n\n<\/div>\n\n\n\n<div style=\"height:15rem\" aria-hidden=\"true\" class=\"wp-block-spacer\"><\/div>\n<\/div>\n\n\n\n<div class=\"wp-block-group alignfull radial-left-top hrz-bloc-overflow-hidden is-layout-flow wp-block-group-is-layout-flow\">\n<div class=\"wp-block-group alignwide has-global-padding is-layout-constrained wp-container-core-group-is-layout-071fe3a8 wp-block-group-is-layout-constrained\">\n<div class=\"wp-block-group has-global-padding is-content-justification-center is-layout-constrained wp-container-core-group-is-layout-22cac7a4 wp-block-group-is-layout-constrained\" style=\"padding-top:0;padding-right:0;padding-bottom:0;padding-left:0\">\n<h2 class=\"wp-block-heading has-text-align-center is-style-headline is-style-headline--4\">Mobilheime in Carnac zu mieten f\u00fcr 2 bis 6 Personen<br><br><\/h2>\n\n\n\n<p class=\"has-text-align-center\">Unser 3-Sterne-Campingplatz bietet Ihnen ca. 60 <strong>Mobilheime in Carnac<\/strong>, die einen komfortablen Platz f\u00fcr bis zu<strong> 6 Personen<\/strong> bieten, wobei die gr\u00f6\u00dferen <strong>Mobilheime<\/strong> bis zu<strong> 6 Personen<\/strong> beherbergen k\u00f6nnen. Unsere Mietunterk\u00fcnfte eignen sich sowohl f\u00fcr Paare als auch f\u00fcr gro\u00dfe Familien und Gruppen von Freunden. <br><br>Wir verf\u00fcgen auch \u00fcber ein<strong> Mobilheim, das f\u00fcr Personen mit eingeschr\u00e4nkter Mobilit\u00e4t<\/strong> (PMR)<strong> geeignet<\/strong> ist, was allen unseren G\u00e4sten einen barrierefreien und angenehmen Aufenthalt garantiert.<br><\/p>\n\n\n\n<h2 class=\"wp-block-heading has-text-align-center is-style-headline is-style-headline--5\"><br>Komfort und Modernit\u00e4t: unsere Mobilheime in Carnac<br><br><\/h2>\n\n\n\n<p class=\"has-text-align-center\">Hochwertige Einrichtungen f\u00fcr einen sorgenfreien Urlaub! Auf unserem Campingplatz steht der Komfort an erster Stelle. Unsere <strong>Mobilheime, die in drei Kategorien von 1 bis 3 Schlafzimmern unter<\/strong>teilt sind, sind sorgf\u00e4ltig eingerichtet, um Ihnen ein unvergessliches Urlaubserlebnis in Carnac zu bieten. Leben Sie in Harmonie mit der Natur und genie\u00dfen Sie gleichzeitig den modernen Luxus.   <br><br>Alle Unterk\u00fcnfte verf\u00fcgen \u00fcber einen Fernseher, eine<strong> voll ausgestattete K\u00fcche, Einzelzimmer, ein eigenes Badezimmer und eine halb\u00fcberdachte Terrasse<\/strong> f\u00fcr entspannende Momente im Freien. Einige unserer Mobilheime sind mit einer Klimaanlage ausgestattet. <br><\/p>\n\n\n\n<h2 class=\"wp-block-heading has-text-align-center is-style-headline is-style-headline--6\"><br>Haustiere sind willkommen<br><br><\/h2>\n\n\n\n<p class=\"has-text-align-center\">Wir wissen, wie sehr Ihr Haustier zur Familie geh\u00f6rt. Deshalb freuen wir uns,<strong>Hunde in unseren Mobilheimen willkommen<\/strong> zu hei\u00dfen, damit Sie Ihren Urlaub in ihrer Gesellschaft genie\u00dfen k\u00f6nnen. <br><\/p>\n\n\n\n<h2 class=\"wp-block-heading has-text-align-center is-style-headline is-style-headline--7\"><br>Buchen Sie jetzt f\u00fcr einen unvergesslichen Urlaub in Carnac<br><br><\/h2>\n\n\n\n<p class=\"has-text-align-center\">Bitte nehmen Sie sich bei Ihrer Buchung die Zeit, die Beschreibungen unserer verschiedenen Ferienh\u00e4user sorgf\u00e4ltig durchzulesen, sowie die Eigenschaften, Gr\u00f6\u00dfen, Umgebungen, Preise und Verf\u00fcgbarkeiten. Sind Sie bereit, mit uns nach Carnac zu reisen? Packen Sie Ihre Sachen und buchen Sie noch heute Ihr <strong>Mobilheim in Carnac<\/strong> und verbringen Sie einen unvergesslichen Urlaub im Morbihan in der s\u00fcdlichen Bretagne!  <br><\/p>\n\n\n\n<h2 class=\"wp-block-heading has-text-align-center is-style-headline is-style-headline--8\"><br>Blick auf den See und das Ria von Crac&#8217;h<br><br><\/h2>\n\n\n\n<p class=\"has-text-align-center\">Einige Kategorien bieten Ihnen einen unglaublichen Seeblick. Dies sind die Kategorien Ty Brehat 4\/5 Personen, Ty Brehat 4 Personen 2 Badezimmer, Ty Brehat 6 Personen und die Ty Latz 2 Personen. <br><br>Einige unserer anderen Modelle haben einen kleinen Seeblick, sind aber nicht am See aufgestellt. Aus Gr\u00fcnden der Transparenz verzichten wir auf die Angabe des Seeblicks, wenn sie nicht am See liegen. <\/p>\n<\/div>\n<\/div>\n<\/div>\n","protected":false},"excerpt":{"rendered":"<p>Vermietung von Mobilheimen in Carnac im Morbihan Wohnen Sie in Carnac wie zu Hause Sind Sie auf der Suche nach einem Mobilheim in Carnac? Ob Sie als Paar, mit der Familie oder mit Freunden kommen, der Campingplatz Le Lac bietet Ihnen eine gro\u00dfe Auswahl an Unterk\u00fcnften, die Ihrem Budget und Ihren Vorlieben entsprechen. Verbringen Sie [&hellip;]<\/p>\n","protected":false},"author":1,"featured_media":0,"parent":0,"menu_order":0,"comment_status":"closed","ping_status":"closed","template":"page-no-title","meta":{"_acf_changed":false,"_seopress_robots_primary_cat":"","_seopress_titles_title":"","_seopress_titles_desc":"","_seopress_robots_index":"","footnotes":""},"class_list":["post-1401","page","type-page","status-publish","hentry"],"acf":[],"_links":{"self":[{"href":"https:\/\/www.lelac-carnac.com\/de\/wp-json\/wp\/v2\/pages\/1401","targetHints":{"allow":["GET"]}}],"collection":[{"href":"https:\/\/www.lelac-carnac.com\/de\/wp-json\/wp\/v2\/pages"}],"about":[{"href":"https:\/\/www.lelac-carnac.com\/de\/wp-json\/wp\/v2\/types\/page"}],"author":[{"embeddable":true,"href":"https:\/\/www.lelac-carnac.com\/de\/wp-json\/wp\/v2\/users\/1"}],"replies":[{"embeddable":true,"href":"https:\/\/www.lelac-carnac.com\/de\/wp-json\/wp\/v2\/comments?post=1401"}],"version-history":[{"count":2,"href":"https:\/\/www.lelac-carnac.com\/de\/wp-json\/wp\/v2\/pages\/1401\/revisions"}],"predecessor-version":[{"id":2181,"href":"https:\/\/www.lelac-carnac.com\/de\/wp-json\/wp\/v2\/pages\/1401\/revisions\/2181"}],"wp:attachment":[{"href":"https:\/\/www.lelac-carnac.com\/de\/wp-json\/wp\/v2\/media?parent=1401"}],"curies":[{"name":"wp","href":"https:\/\/api.w.org\/{rel}","templated":true}]}}