{"id":1362,"date":"2026-01-02T10:28:41","date_gmt":"2026-01-02T09:28:41","guid":{"rendered":"https:\/\/www.lelac-carnac.com\/tourism-in-morbihan\/"},"modified":"2026-04-28T15:49:45","modified_gmt":"2026-04-28T13:49:45","slug":"tourism-in-morbihan","status":"publish","type":"page","link":"https:\/\/www.lelac-carnac.com\/en\/tourism-in-morbihan\/","title":{"rendered":"Tourism in Morbihan"},"content":{"rendered":"\n<div class=\"wp-block-cover alignfull hrz-hero\" style=\"margin-top:0;margin-bottom:0;padding-top:0;padding-right:0;padding-bottom:0;padding-left:0\"><img alt=\"\" decoding=\"async\" width=\"1920\" height=\"1440\" class=\"wp-block-cover__image-background wp-image-188 size-full\" alt=\"\" src=\"https:\/\/www.lelac-carnac.com\/wp-content\/uploads\/2026\/01\/AdobeStock_381831869.webp\" data-object-fit=\"cover\" srcset=\"https:\/\/www.lelac-carnac.com\/wp-content\/uploads\/2026\/01\/AdobeStock_381831869.webp 1920w, https:\/\/www.lelac-carnac.com\/wp-content\/uploads\/2026\/01\/AdobeStock_381831869-300x225.webp 300w, https:\/\/www.lelac-carnac.com\/wp-content\/uploads\/2026\/01\/AdobeStock_381831869-1024x768.webp 1024w, https:\/\/www.lelac-carnac.com\/wp-content\/uploads\/2026\/01\/AdobeStock_381831869-768x576.webp 768w, https:\/\/www.lelac-carnac.com\/wp-content\/uploads\/2026\/01\/AdobeStock_381831869-1440x1080.webp 1440w, https:\/\/www.lelac-carnac.com\/wp-content\/uploads\/2026\/01\/AdobeStock_381831869-720x540.webp 720w, https:\/\/www.lelac-carnac.com\/wp-content\/uploads\/2026\/01\/AdobeStock_381831869-320x240.webp 320w, https:\/\/www.lelac-carnac.com\/wp-content\/uploads\/2026\/01\/AdobeStock_381831869-160x120.webp 160w\" sizes=\"(max-width: 1920px) 100vw, 1920px\" \/><span aria-hidden=\"true\" class=\"wp-block-cover__background has-transparent-background-color has-background-dim-100 has-background-dim\"><\/span><div class=\"wp-block-cover__inner-container is-layout-flow wp-container-core-cover-is-layout-2a668712 wp-block-cover-is-layout-flow\">\n<div class=\"wp-block-cover is-light has-real-white-color has-text-color has-link-color wp-elements-83b93372de9dd160abd2087f57a96014\" style=\"padding-top:35vh;padding-right:var(--wp--preset--spacing--xs);padding-bottom:35vh;padding-left:var(--wp--preset--spacing--xs)\"><span aria-hidden=\"true\" class=\"wp-block-cover__background has-background-dim-40 has-background-dim has-background-gradient\" style=\"background:linear-gradient(0deg,rgba(255,255,255,0) 0%,rgb(0,0,0) 100%)\"><\/span><div class=\"wp-block-cover__inner-container is-layout-flow wp-block-cover-is-layout-flow\">\n<div class=\"wp-block-group is-layout-flow wp-block-group-is-layout-flow\" style=\"padding-bottom:var(--wp--preset--spacing--xl)\"><h1 style=\"font-style:normal;font-weight:700;\" class=\"has-text-align-center wp-block-post-title has-xxxxxl-font-size has-primary-font-family\">Tourism in Morbihan<\/h1><\/div>\n<\/div><\/div>\n<\/div><\/div>\n\n<div class=\"wp-block-group alignfull has-global-padding is-layout-constrained wp-block-group-is-layout-constrained\">\n<div class=\"wp-block-group alignfull has-primary-light-background-color has-background has-global-padding is-layout-constrained wp-block-group-is-layout-constrained\">\n<div class=\"wp-block-group alignfull has-global-padding is-layout-constrained wp-block-group-is-layout-constrained\">\n\n\n<div style=\"height:100px\" aria-hidden=\"true\" class=\"wp-block-spacer\"><\/div>\n\n\n\n<div class=\"wp-block-group alignfull is-layout-flow wp-block-group-is-layout-flow\">\n<div class=\"wp-block-group alignwide has-global-padding is-layout-constrained wp-container-core-group-is-layout-e72a8c40 wp-block-group-is-layout-constrained\" style=\"padding-right:var(--wp--preset--spacing--xs);padding-left:var(--wp--preset--spacing--xs)\">\n<div class=\"wp-block-group alignwide is-layout-flow wp-container-core-group-is-layout-da2926eb wp-block-group-is-layout-flow\">\n<h2 class=\"wp-block-heading has-text-align-center is-style-title-below has-real-white-color has-text-color has-link-color wp-elements-2e5c1e0d9e1af8c097e8154794609d25 is-style-title-below--1\">Discover <br\/>tourist destinations near Les Rochelets campsite<\/h2>\n\n\n\n<p class=\"has-text-align-center is-style-headline has-real-white-color has-text-color has-link-color wp-elements-a1764447dd000a2e65d9688b9d1e064b is-style-headline--2\">What to do around the campsite in Southern Brittany<\/p>\n<\/div>\n\n\n\n<div class=\"wp-block-group has-global-padding is-layout-constrained wp-block-group-is-layout-constrained\">\n<p class=\"has-text-align-center has-real-white-color has-text-color has-link-color wp-elements-53b157e706aff055bf91a067cd2f56bd\">The Loire-Atlantique is a region with a wealth of attractions, ideal for nature lovers, heritage enthusiasts and lovers of the art of living. With its Atlantic coastline, sandy beaches, unspoilt marshlands and towns with a rich historical past, this destination offers the perfect backdrop for a varied and memorable vacation. Discover emblematic places like Nantes and its cultural heritage, the C\u00f4te de Jade, the Gu\u00e9rande peninsula and its salt marshes, or charming seaside resorts like La Baule or Pornic. Whether you&#8217;re looking for seaside relaxation, nature walks or cultural discoveries, Loire-Atlantique will appeal to all travelers.   <\/p>\n<\/div>\n<\/div>\n<\/div>\n\n\n\n<div style=\"height:100px\" aria-hidden=\"true\" class=\"wp-block-spacer\"><\/div>\n<\/div>\n<\/div>\n\n\n\n<div class=\"wp-block-cover alignfull banner-wave-0\"><span aria-hidden=\"true\" class=\"wp-block-cover__background has-transparent-background-color has-background-dim-100 has-background-dim\"><\/span><div class=\"wp-block-cover__inner-container is-layout-flow wp-block-cover-is-layout-flow\">\n<div style=\"height:5vh\" aria-hidden=\"true\" class=\"wp-block-spacer\"><\/div>\n\n\n\n<div class=\"wp-block-group alignfull has-global-padding is-layout-constrained wp-block-group-is-layout-constrained\">\n<div class=\"wp-block-group alignfull wpgrid-map-section has-primary-color has-text-color has-link-color wp-elements-70ec5c8bef6e8980538f0d83bece99d2 is-layout-flow wp-block-group-is-layout-flow\" style=\"padding-top:var(--wp--preset--spacing--xxxl);padding-right:var(--wp--preset--spacing--xs);padding-bottom:var(--wp--preset--spacing--xxxl);padding-left:var(--wp--preset--spacing--xs)\">\n<div style=\"height:100px\" aria-hidden=\"true\" class=\"wp-block-spacer\"><\/div>\n\n\n\n<div class=\"wp-block-columns wpgrid-map-content is-style-hrz-reponsive-order is-layout-flex wp-container-core-columns-is-layout-24d8def1 wp-block-columns-is-layout-flex\" style=\"margin-top:0;margin-bottom:0;padding-top:0;padding-right:0;padding-bottom:0;padding-left:0\">\n<div class=\"wp-block-column wpgrid-map-left has-primary-color has-text-color has-link-color wp-elements-3245a74dbd24901e1fbc3628f69b910e is-layout-flow wp-block-column-is-layout-flow\"><!-- Gridbuilder \u1d42\u1d3e Plugin (https:\/\/wpgridbuilder.com) -->\n<div class=\"wp-grid-builder wpgb-grid-5 grid-color-text\" data-options=\"{&quot;id&quot;:5,&quot;type&quot;:&quot;masonry&quot;,&quot;source&quot;:&quot;post_type&quot;,&quot;loader&quot;:false,&quot;layout&quot;:&quot;vertical&quot;,&quot;reveal&quot;:0,&quot;isMainQuery&quot;:false,&quot;lazyLoad&quot;:false,&quot;cardSizes&quot;:{&quot;9999&quot;:{&quot;columns&quot;:3,&quot;height&quot;:120,&quot;gutter&quot;:10,&quot;ratio&quot;:&quot;1.33333&quot;},&quot;1024&quot;:{&quot;columns&quot;:2,&quot;height&quot;:120,&quot;gutter&quot;:10,&quot;ratio&quot;:&quot;1.33333&quot;},&quot;425&quot;:{&quot;columns&quot;:1,&quot;height&quot;:120,&quot;gutter&quot;:0,&quot;ratio&quot;:&quot;1.33333&quot;}},&quot;fitRows&quot;:false,&quot;equalRows&quot;:0,&quot;equalColumns&quot;:true,&quot;fillLastRow&quot;:0,&quot;centerLastRow&quot;:0,&quot;horizontalOrder&quot;:true,&quot;fullWidth&quot;:false,&quot;transitionDelay&quot;:100,&quot;gallerySlideshow&quot;:false,&quot;rowsNumber&quot;:1,&quot;slideAlign&quot;:&quot;left&quot;,&quot;groupCells&quot;:1,&quot;draggable&quot;:true,&quot;initialIndex&quot;:0,&quot;contain&quot;:false,&quot;freeScroll&quot;:false,&quot;freeFriction&quot;:&quot;0.075&quot;,&quot;friction&quot;:&quot;0.285&quot;,&quot;attraction&quot;:&quot;0.025&quot;,&quot;autoPlay&quot;:0,&quot;pageDotAriaLabel&quot;:&quot;Page dot %d&quot;,&quot;isPreview&quot;:false,&quot;isGutenberg&quot;:false,&quot;rightToLeft&quot;:false}\"><div class=\"wpgb-svg-icons\" hidden>\n\t<svg viewBox=\"0 0 120 24\" width=\"0\" height=\"0\">\n\t<defs>\n        <polygon id=\"wpgb-star-svg\" points=\"12 2.5 15.1 8.8 22 9.8 17 14.6 18.2 21.5 12 18.3 5.8 21.5 7 14.6 2 9.8 8.9 8.8\"><\/polygon>\n    <\/defs>\n    <symbol id=\"wpgb-rating-stars-svg\">\n        <use xlink:href=\"#wpgb-star-svg\"><\/use>\n        <use xlink:href=\"#wpgb-star-svg\" x=\"24\"><\/use>\n        <use xlink:href=\"#wpgb-star-svg\" x=\"48\"><\/use>\n        <use xlink:href=\"#wpgb-star-svg\" x=\"72\"><\/use>\n        <use xlink:href=\"#wpgb-star-svg\" x=\"96\"><\/use>\n    <\/symbol>\n<\/svg>\n<\/div>\n<div class=\"wpgb-wrapper\">\n\t<div class=\"wpgb-main\">\n\t<div class=\"wpgb-area wpgb-area-top-2\">\n\t<div class=\"wpgb-facet wpgb-loading wpgb-facet-1\" data-facet=\"1\" data-grid=\"5\"><\/div><div class=\"wpgb-facet wpgb-loading wpgb-facet-11\" data-facet=\"11\" data-grid=\"5\"><\/div><\/div>\n<div class=\"wpgb-layout\">\n\t<div class=\"wpgb-viewport\">\n\t\t<div class=\"wpgb-masonry\">\n\t\t\t<article class=\"wpgb-card wpgb-card-21 wpgb-post-1997\" data-col=\"1\" data-row=\"1\" data-format=\"standard\" data-fluid><div class=\"wpgb-card-wrapper\"><div class=\"wpgb-card-inner\"><div class=\"wpgb-card-media wpgb-scheme-light\" data-action><svg data-ratio style=\"padding-top:66.67%\" viewBox=\"0 0 768 512\"><\/svg><div class=\"wpgb-card-media-thumbnail\"><a href=\"https:\/\/www.lelac-carnac.com\/wp-content\/uploads\/2026\/01\/marches-morbihan-camping-le-lac-carnac_01-scaled.webp\" tabindex=\"-1\" class=\"wpgb-handle-lb wpgb-lightbox\" data-type=\"image\" data-rel=\"5\" data-title=\"marches-morbihan-camping-le-lac-carnac_01\" title=\"Enlarge photo\"><div style=\"background-image:url(https://cdn.horizon-marketing.com/spio/ret_img,q_cdnize,to_webp,s_webp/www.lelac-carnac.com/wp-content/uploads/2026/01/marches-morbihan-camping-le-lac-carnac_01-768x512.webp)\"><\/div><noscript><img decoding=\"async\" class=\"wpgb-noscript-img\" src=\"https:\/\/cdn.horizon-marketing.com\/spio\/ret_img,q_cdnize,to_webp,s_webp\/www.lelac-carnac.com\/wp-content\/uploads\/2026\/01\/marches-morbihan-camping-le-lac-carnac_01-768x512.webp\" alt=\"\" height=\"512\" width=\"768\"><\/noscript><\/a><\/div><a class=\"wpgb-card-layer-link\" target=\"_self\" href=\"https:\/\/www.lelac-carnac.com\/en\/lieux\/markets-in-morbihan\/\"><\/a><\/div><div class=\"wpgb-card-content wpgb-scheme-dark\"><div class=\"wpgb-card-body\"><div class=\"wpgb-block-7\"><h3 class=\"wpgb-block-1\"><a href=\"https:\/\/www.lelac-carnac.com\/en\/lieux\/markets-in-morbihan\/\">Markets in Morbihan<\/a><\/h3><\/div><p class=\"wpgb-block-2\">Quiberon, Carnac, La Trinit\u00e9-sur-Mer, Auray, Vannes&#8230; Markets in Morbihan The best of Morbihan&#8217;s markets A market every day, a different&#8230;<\/p><div class=\"wpgb-block-3\">Distance from campsite :  6km<\/div><\/div><div class=\"wpgb-card-footer\"><a class=\"wpgb-block-4\" href=\"https:\/\/www.lelac-carnac.com\/en\/lieux\/markets-in-morbihan\/\"><strong>Read more<\/strong><\/a><\/div><\/div><\/div><\/div><\/article><article class=\"wpgb-card wpgb-card-21 wpgb-post-1991\" data-col=\"1\" data-row=\"1\" data-format=\"standard\" data-fluid><div class=\"wpgb-card-wrapper\"><div class=\"wpgb-card-inner\"><div class=\"wpgb-card-media wpgb-scheme-light\" data-action><svg data-ratio style=\"padding-top:65.89%\" viewBox=\"0 0 768 506\"><\/svg><div class=\"wpgb-card-media-thumbnail\"><a href=\"https:\/\/www.lelac-carnac.com\/wp-content\/uploads\/2026\/01\/evenements-camping-le-lac-carnac_01.webp\" tabindex=\"-1\" class=\"wpgb-handle-lb wpgb-lightbox\" data-type=\"image\" data-rel=\"5\" data-title=\"evenements-camping-le-lac-carnac_01\" title=\"Enlarge photo\"><div style=\"background-image:url(https://cdn.horizon-marketing.com/spio/ret_img,q_cdnize,to_webp,s_webp/www.lelac-carnac.com/wp-content/uploads/2026/01/evenements-camping-le-lac-carnac_01-768x506.webp)\"><\/div><noscript><img decoding=\"async\" class=\"wpgb-noscript-img\" src=\"https:\/\/cdn.horizon-marketing.com\/spio\/ret_img,q_cdnize,to_webp,s_webp\/www.lelac-carnac.com\/wp-content\/uploads\/2026\/01\/evenements-camping-le-lac-carnac_01-768x506.webp\" alt=\"\" height=\"506\" width=\"768\"><\/noscript><\/a><\/div><a class=\"wpgb-card-layer-link\" target=\"_self\" href=\"https:\/\/www.lelac-carnac.com\/en\/lieux\/events\/\"><\/a><\/div><div class=\"wpgb-card-content wpgb-scheme-dark\"><div class=\"wpgb-card-body\"><div class=\"wpgb-block-7\"><h3 class=\"wpgb-block-1\"><a href=\"https:\/\/www.lelac-carnac.com\/en\/lieux\/events\/\">Events<\/a><\/h3><\/div><div class=\"wpgb-block-5\"><span class=\"wpgb-block-term\" data-id=\"67\">Visit<\/span><\/div><p class=\"wpgb-block-2\">When Local Culture Wakes Up Carnac&#8217;s Unmissable Events Carnac, an Unmissable Rendezvous for Festival Lovers With the arrival of fine&#8230;<\/p><div class=\"wpgb-block-3\">Distance from campsite :  4km<\/div><\/div><div class=\"wpgb-card-footer\"><a class=\"wpgb-block-4\" href=\"https:\/\/www.lelac-carnac.com\/en\/lieux\/events\/\"><strong>Read more<\/strong><\/a><\/div><\/div><\/div><\/div><\/article><article class=\"wpgb-card wpgb-card-21 wpgb-post-2069\" data-col=\"1\" data-row=\"1\" data-format=\"standard\" data-fluid><div class=\"wpgb-card-wrapper\"><div class=\"wpgb-card-inner\"><div class=\"wpgb-card-content wpgb-scheme-dark\"><div class=\"wpgb-card-body\"><div class=\"wpgb-block-7\"><h3 class=\"wpgb-block-1\"><a href=\"https:\/\/www.lelac-carnac.com\/en\/lieux\/tide-mill\/\">Tide Mill<\/a><\/h3><\/div><div class=\"wpgb-block-5\"><span class=\"wpgb-block-term\" data-id=\"67\">Visit<\/span><\/div><p class=\"wpgb-block-2\">A heritage shaped by the tides Tide mill The tide mill near Carnac is an emblematic feature of the local&#8230;<\/p><div class=\"wpgb-block-3\">Distance from campsite :  18km<\/div><\/div><div class=\"wpgb-card-footer\"><a class=\"wpgb-block-4\" href=\"https:\/\/www.lelac-carnac.com\/en\/lieux\/tide-mill\/\"><strong>Read more<\/strong><\/a><\/div><\/div><\/div><\/div><\/article><article class=\"wpgb-card wpgb-card-21 wpgb-post-2056\" data-col=\"1\" data-row=\"1\" data-format=\"standard\" data-fluid><div class=\"wpgb-card-wrapper\"><div class=\"wpgb-card-inner\"><div class=\"wpgb-card-media wpgb-scheme-light\" data-action><svg data-ratio style=\"padding-top:60.03%\" viewBox=\"0 0 768 461\"><\/svg><div class=\"wpgb-card-media-thumbnail\"><a href=\"https:\/\/www.lelac-carnac.com\/wp-content\/uploads\/2026\/01\/AdobeStock_147210-scaled.jpeg\" tabindex=\"-1\" class=\"wpgb-handle-lb wpgb-lightbox\" data-type=\"image\" data-rel=\"5\" data-title=\"crac&#8217;h\" title=\"Enlarge photo\"><div style=\"background-image:url(https://cdn.horizon-marketing.com/spio/ret_img,q_cdnize,to_webp,s_webp/www.lelac-carnac.com/wp-content/uploads/2026/01/AdobeStock_147210-768x461.jpeg)\"><\/div><noscript><img decoding=\"async\" class=\"wpgb-noscript-img\" src=\"https:\/\/cdn.horizon-marketing.com\/spio\/ret_img,q_cdnize,to_webp,s_webp\/www.lelac-carnac.com\/wp-content\/uploads\/2026\/01\/AdobeStock_147210-768x461.jpeg\" alt=\"\" height=\"461\" width=\"768\"><\/noscript><\/a><\/div><a class=\"wpgb-card-layer-link\" target=\"_self\" href=\"https:\/\/www.lelac-carnac.com\/en\/lieux\/the-crach-ria\/\"><\/a><\/div><div class=\"wpgb-card-content wpgb-scheme-dark\"><div class=\"wpgb-card-body\"><div class=\"wpgb-block-7\"><h3 class=\"wpgb-block-1\"><a href=\"https:\/\/www.lelac-carnac.com\/en\/lieux\/the-crach-ria\/\">The Crac&#8217;h ria<\/a><\/h3><\/div><div class=\"wpgb-block-5\"><span class=\"wpgb-block-term\" data-id=\"67\">Visit<\/span><\/div><p class=\"wpgb-block-2\">an astonishing marriage of land and sea at Carnac The Crac&#8217;h ria in Morbihan In Carnac, in the Morbihan region&#8230;<\/p><div class=\"wpgb-block-3\">Distance from campsite :  4.4km<\/div><\/div><div class=\"wpgb-card-footer\"><a class=\"wpgb-block-4\" href=\"https:\/\/www.lelac-carnac.com\/en\/lieux\/the-crach-ria\/\"><strong>Read more<\/strong><\/a><\/div><\/div><\/div><\/div><\/article><article class=\"wpgb-card wpgb-card-21 wpgb-post-2048\" data-col=\"1\" data-row=\"1\" data-format=\"standard\" data-fluid><div class=\"wpgb-card-wrapper\"><div class=\"wpgb-card-inner\"><div class=\"wpgb-card-media wpgb-scheme-light\" data-action><svg data-ratio style=\"padding-top:56.25%\" viewBox=\"0 0 768 432\"><\/svg><div class=\"wpgb-card-media-thumbnail\"><a href=\"https:\/\/www.lelac-carnac.com\/wp-content\/uploads\/2026\/01\/zoo-pont-scorff-camping-le-lac-carnac_03-scaled.webp\" tabindex=\"-1\" class=\"wpgb-handle-lb wpgb-lightbox\" data-type=\"image\" data-rel=\"5\" data-title=\"zoo-pont-scorff-camping-le-lac-carnac_03\" title=\"Enlarge photo\"><div style=\"background-image:url(https://cdn.horizon-marketing.com/spio/ret_img,q_cdnize,to_webp,s_webp/www.lelac-carnac.com/wp-content/uploads/2026/01/zoo-pont-scorff-camping-le-lac-carnac_03-768x432.webp)\"><\/div><noscript><img decoding=\"async\" class=\"wpgb-noscript-img\" src=\"https:\/\/cdn.horizon-marketing.com\/spio\/ret_img,q_cdnize,to_webp,s_webp\/www.lelac-carnac.com\/wp-content\/uploads\/2026\/01\/zoo-pont-scorff-camping-le-lac-carnac_03-768x432.webp\" alt=\"\" height=\"432\" width=\"768\"><\/noscript><\/a><\/div><a class=\"wpgb-card-layer-link\" target=\"_self\" href=\"https:\/\/www.lelac-carnac.com\/en\/lieux\/pont-de-scorff-zoo\/\"><\/a><\/div><div class=\"wpgb-card-content wpgb-scheme-dark\"><div class=\"wpgb-card-body\"><div class=\"wpgb-block-7\"><h3 class=\"wpgb-block-1\"><a href=\"https:\/\/www.lelac-carnac.com\/en\/lieux\/pont-de-scorff-zoo\/\">Pont de Scorff Zoo<\/a><\/h3><\/div><div class=\"wpgb-block-5\"><span class=\"wpgb-block-term\" data-id=\"67\">Visit<\/span><\/div><p class=\"wpgb-block-2\">A wildlife park in the valley Pont-Scorff Zoo The Pont-Scorff Zoo is located in Pont-Scorff, in the valley of the&#8230;<\/p><div class=\"wpgb-block-3\">Distance from campsite :  51km<\/div><\/div><div class=\"wpgb-card-footer\"><a class=\"wpgb-block-4\" href=\"https:\/\/www.lelac-carnac.com\/en\/lieux\/pont-de-scorff-zoo\/\"><strong>Read more<\/strong><\/a><\/div><\/div><\/div><\/div><\/article><article class=\"wpgb-card wpgb-card-21 wpgb-post-2036\" data-col=\"1\" data-row=\"1\" data-format=\"standard\" data-fluid><div class=\"wpgb-card-wrapper\"><div class=\"wpgb-card-inner\"><div class=\"wpgb-card-media wpgb-scheme-light\" data-action><svg data-ratio style=\"padding-top:66.67%\" viewBox=\"0 0 768 512\"><\/svg><div class=\"wpgb-card-media-thumbnail\"><a href=\"https:\/\/www.lelac-carnac.com\/wp-content\/uploads\/2026\/01\/zoo-branfere-camping-le-lac-carnac_04-scaled.webp\" tabindex=\"-1\" class=\"wpgb-handle-lb wpgb-lightbox\" data-type=\"image\" data-rel=\"5\" data-title=\"zoo-branfere-camping-le-lac-carnac_04\" title=\"Enlarge photo\"><div style=\"background-image:url(https://cdn.horizon-marketing.com/spio/ret_img,q_cdnize,to_webp,s_webp/www.lelac-carnac.com/wp-content/uploads/2026/01/zoo-branfere-camping-le-lac-carnac_04-768x512.webp)\"><\/div><noscript><img decoding=\"async\" class=\"wpgb-noscript-img\" src=\"https:\/\/cdn.horizon-marketing.com\/spio\/ret_img,q_cdnize,to_webp,s_webp\/www.lelac-carnac.com\/wp-content\/uploads\/2026\/01\/zoo-branfere-camping-le-lac-carnac_04-768x512.webp\" alt=\"\" height=\"512\" width=\"768\"><\/noscript><\/a><\/div><a class=\"wpgb-card-layer-link\" target=\"_self\" href=\"https:\/\/www.lelac-carnac.com\/en\/lieux\/branfere-animal-park\/\"><\/a><\/div><div class=\"wpgb-card-content wpgb-scheme-dark\"><div class=\"wpgb-card-body\"><div class=\"wpgb-block-7\"><h3 class=\"wpgb-block-1\"><a href=\"https:\/\/www.lelac-carnac.com\/en\/lieux\/branfere-animal-park\/\">Branf\u00e9r\u00e9 Animal Park<\/a><\/h3><\/div><div class=\"wpgb-block-5\"><span class=\"wpgb-block-term\" data-id=\"67\">Visit<\/span><\/div><p class=\"wpgb-block-2\">A nature and wildlife tour Branf\u00e9r\u00e9 Wildlife Park The Parc animalier de Branf\u00e9r\u00e9 is located in Le Guerno and is&#8230;<\/p><div class=\"wpgb-block-3\">Distance from campsite :  65km<\/div><\/div><div class=\"wpgb-card-footer\"><a class=\"wpgb-block-4\" href=\"https:\/\/www.lelac-carnac.com\/en\/lieux\/branfere-animal-park\/\"><strong>Read more<\/strong><\/a><\/div><\/div><\/div><\/div><\/article><article class=\"wpgb-card wpgb-card-21 wpgb-post-2021\" data-col=\"1\" data-row=\"1\" data-format=\"standard\" data-fluid><div class=\"wpgb-card-wrapper\"><div class=\"wpgb-card-inner\"><div class=\"wpgb-card-media wpgb-scheme-light\" data-action><svg data-ratio style=\"padding-top:66.67%\" viewBox=\"0 0 768 512\"><\/svg><div class=\"wpgb-card-media-thumbnail\"><a href=\"https:\/\/www.lelac-carnac.com\/wp-content\/uploads\/2026\/01\/trinite-sur-mer-camping-le-lac-carnac_04-scaled.webp\" tabindex=\"-1\" class=\"wpgb-handle-lb wpgb-lightbox\" data-type=\"image\" data-rel=\"5\" data-title=\"trinite-sur-mer-camping-le-lac-carnac_04\" title=\"Enlarge photo\"><div style=\"background-image:url(https://cdn.horizon-marketing.com/spio/ret_img,q_cdnize,to_webp,s_webp/www.lelac-carnac.com/wp-content/uploads/2026/01/trinite-sur-mer-camping-le-lac-carnac_04-768x512.webp)\"><\/div><noscript><img decoding=\"async\" class=\"wpgb-noscript-img\" src=\"https:\/\/cdn.horizon-marketing.com\/spio\/ret_img,q_cdnize,to_webp,s_webp\/www.lelac-carnac.com\/wp-content\/uploads\/2026\/01\/trinite-sur-mer-camping-le-lac-carnac_04-768x512.webp\" alt=\"\" height=\"512\" width=\"768\"><\/noscript><\/a><\/div><a class=\"wpgb-card-layer-link\" target=\"_self\" href=\"https:\/\/www.lelac-carnac.com\/en\/lieux\/la-trinite-sur-mer\/\"><\/a><\/div><div class=\"wpgb-card-content wpgb-scheme-dark\"><div class=\"wpgb-card-body\"><div class=\"wpgb-block-7\"><h3 class=\"wpgb-block-1\"><a href=\"https:\/\/www.lelac-carnac.com\/en\/lieux\/la-trinite-sur-mer\/\">La Trinit\u00e9-sur-Mer<\/a><\/h3><\/div><div class=\"wpgb-block-5\"><span class=\"wpgb-block-term\" data-id=\"68\">Towns &amp; Villages<\/span><\/div><p class=\"wpgb-block-2\">What to do, see and visit? Campsite near La Trinit\u00e9-sur-Mer Nestled in the heart of Quiberon Bay, just a stone&#8217;s&#8230;<\/p><div class=\"wpgb-block-3\">Distance from campsite :  5.2km<\/div><\/div><div class=\"wpgb-card-footer\"><a class=\"wpgb-block-4\" href=\"https:\/\/www.lelac-carnac.com\/en\/lieux\/la-trinite-sur-mer\/\"><strong>Read more<\/strong><\/a><\/div><\/div><\/div><\/div><\/article><article class=\"wpgb-card wpgb-card-21 wpgb-post-2003\" data-col=\"1\" data-row=\"1\" data-format=\"standard\" data-fluid><div class=\"wpgb-card-wrapper\"><div class=\"wpgb-card-inner\"><div class=\"wpgb-card-media wpgb-scheme-light\" data-action><svg data-ratio style=\"padding-top:66.67%\" viewBox=\"0 0 768 512\"><\/svg><div class=\"wpgb-card-media-thumbnail\"><a href=\"https:\/\/www.lelac-carnac.com\/wp-content\/uploads\/2026\/01\/carnac-camping-le-lac-carnac_06-scaled.webp\" tabindex=\"-1\" class=\"wpgb-handle-lb wpgb-lightbox\" data-type=\"image\" data-rel=\"5\" data-title=\"carnac-camping-le-lac-carnac_06\" title=\"Enlarge photo\"><div style=\"background-image:url(https://cdn.horizon-marketing.com/spio/ret_img,q_cdnize,to_webp,s_webp/www.lelac-carnac.com/wp-content/uploads/2026/01/carnac-camping-le-lac-carnac_06-768x512.webp)\"><\/div><noscript><img decoding=\"async\" class=\"wpgb-noscript-img\" src=\"https:\/\/cdn.horizon-marketing.com\/spio\/ret_img,q_cdnize,to_webp,s_webp\/www.lelac-carnac.com\/wp-content\/uploads\/2026\/01\/carnac-camping-le-lac-carnac_06-768x512.webp\" alt=\"\" height=\"512\" width=\"768\"><\/noscript><\/a><\/div><a class=\"wpgb-card-layer-link\" target=\"_self\" href=\"https:\/\/www.lelac-carnac.com\/en\/lieux\/carnac\/\"><\/a><\/div><div class=\"wpgb-card-content wpgb-scheme-dark\"><div class=\"wpgb-card-body\"><div class=\"wpgb-block-7\"><h3 class=\"wpgb-block-1\"><a href=\"https:\/\/www.lelac-carnac.com\/en\/lieux\/carnac\/\">Carnac<\/a><\/h3><\/div><div class=\"wpgb-block-5\"><span class=\"wpgb-block-term\" data-id=\"68\">Towns &amp; Villages<\/span><\/div><p class=\"wpgb-block-2\">A complete vacation combining relaxation, nature and culture Why are camping vacations in Carnac so popular? Situated in the heart&#8230;<\/p><div class=\"wpgb-block-3\">Distance from campsite :  6km<\/div><\/div><div class=\"wpgb-card-footer\"><a class=\"wpgb-block-4\" href=\"https:\/\/www.lelac-carnac.com\/en\/lieux\/carnac\/\"><strong>Read more<\/strong><\/a><\/div><\/div><\/div><\/div><\/article><article class=\"wpgb-card wpgb-card-21 wpgb-post-2057\" data-col=\"1\" data-row=\"1\" data-format=\"standard\" data-fluid><div class=\"wpgb-card-wrapper\"><div class=\"wpgb-card-inner\"><div class=\"wpgb-card-media wpgb-scheme-light\" data-action><svg data-ratio style=\"padding-top:55.99%\" viewBox=\"0 0 768 430\"><\/svg><div class=\"wpgb-card-media-thumbnail\"><a href=\"https:\/\/www.lelac-carnac.com\/wp-content\/uploads\/2026\/01\/lorient-camping-le-lac-carnac_02-scaled.webp\" tabindex=\"-1\" class=\"wpgb-handle-lb wpgb-lightbox\" data-type=\"image\" data-rel=\"5\" data-title=\"lorient-camping-le-lac-carnac_02\" title=\"Enlarge photo\"><div style=\"background-image:url(https://cdn.horizon-marketing.com/spio/ret_img,q_cdnize,to_webp,s_webp/www.lelac-carnac.com/wp-content/uploads/2026/01/lorient-camping-le-lac-carnac_02-768x430.webp)\"><\/div><noscript><img decoding=\"async\" class=\"wpgb-noscript-img\" src=\"https:\/\/cdn.horizon-marketing.com\/spio\/ret_img,q_cdnize,to_webp,s_webp\/www.lelac-carnac.com\/wp-content\/uploads\/2026\/01\/lorient-camping-le-lac-carnac_02-768x430.webp\" alt=\"\" height=\"430\" width=\"768\"><\/noscript><\/a><\/div><a class=\"wpgb-card-layer-link\" target=\"_self\" href=\"https:\/\/www.lelac-carnac.com\/en\/lieux\/lorient\/\"><\/a><\/div><div class=\"wpgb-card-content wpgb-scheme-dark\"><div class=\"wpgb-card-body\"><div class=\"wpgb-block-7\"><h3 class=\"wpgb-block-1\"><a href=\"https:\/\/www.lelac-carnac.com\/en\/lieux\/lorient\/\">Lorient<\/a><\/h3><\/div><div class=\"wpgb-block-5\"><span class=\"wpgb-block-term\" data-id=\"68\">Towns &amp; Villages<\/span><\/div><p class=\"wpgb-block-2\">Must-sees near Carnac What to do and see near Lorient during your stay in Morbihan? The Lorient region, on the&#8230;<\/p><div class=\"wpgb-block-3\">Distance from campsite :  48km<\/div><\/div><div class=\"wpgb-card-footer\"><a class=\"wpgb-block-4\" href=\"https:\/\/www.lelac-carnac.com\/en\/lieux\/lorient\/\"><strong>Read more<\/strong><\/a><\/div><\/div><\/div><\/div><\/article><article class=\"wpgb-card wpgb-card-21 wpgb-post-2043\" data-col=\"1\" data-row=\"1\" data-format=\"standard\" data-fluid><div class=\"wpgb-card-wrapper\"><div class=\"wpgb-card-inner\"><div class=\"wpgb-card-media wpgb-scheme-light\" data-action><svg data-ratio style=\"padding-top:67.58%\" viewBox=\"0 0 768 519\"><\/svg><div class=\"wpgb-card-media-thumbnail\"><a href=\"https:\/\/www.lelac-carnac.com\/wp-content\/uploads\/2026\/01\/ethel-camping-le-lac-carnac_04-scaled.webp\" tabindex=\"-1\" class=\"wpgb-handle-lb wpgb-lightbox\" data-type=\"image\" data-rel=\"5\" data-title=\"ethel-camping-le-lac-carnac_04\" title=\"Enlarge photo\"><div style=\"background-image:url(https://cdn.horizon-marketing.com/spio/ret_img,q_cdnize,to_webp,s_webp/www.lelac-carnac.com/wp-content/uploads/2026/01/ethel-camping-le-lac-carnac_04-768x519.webp)\"><\/div><noscript><img decoding=\"async\" class=\"wpgb-noscript-img\" src=\"https:\/\/cdn.horizon-marketing.com\/spio\/ret_img,q_cdnize,to_webp,s_webp\/www.lelac-carnac.com\/wp-content\/uploads\/2026\/01\/ethel-camping-le-lac-carnac_04-768x519.webp\" alt=\"\" height=\"519\" width=\"768\"><\/noscript><\/a><\/div><a class=\"wpgb-card-layer-link\" target=\"_self\" href=\"https:\/\/www.lelac-carnac.com\/en\/lieux\/ria-detel\/\"><\/a><\/div><div class=\"wpgb-card-content wpgb-scheme-dark\"><div class=\"wpgb-card-body\"><div class=\"wpgb-block-7\"><h3 class=\"wpgb-block-1\"><a href=\"https:\/\/www.lelac-carnac.com\/en\/lieux\/ria-detel\/\">Ria d&#8217;\u00c9tel<\/a><\/h3><\/div><div class=\"wpgb-block-5\"><span class=\"wpgb-block-term\" data-id=\"68\">Towns &amp; Villages<\/span><\/div><p class=\"wpgb-block-2\">activities, must-sees and practical advice What to see in the Ria d&#8217;\u00c9tel Welcome to Southern Brittany! The Ria d&#8217;\u00c9tel, located&#8230;<\/p><div class=\"wpgb-block-3\">Distance from campsite :  20.4km<\/div><\/div><div class=\"wpgb-card-footer\"><a class=\"wpgb-block-4\" href=\"https:\/\/www.lelac-carnac.com\/en\/lieux\/ria-detel\/\"><strong>Read more<\/strong><\/a><\/div><\/div><\/div><\/div><\/article><article class=\"wpgb-card wpgb-card-21 wpgb-post-2030\" data-col=\"1\" data-row=\"1\" data-format=\"standard\" data-fluid><div class=\"wpgb-card-wrapper\"><div class=\"wpgb-card-inner\"><div class=\"wpgb-card-media wpgb-scheme-light\" data-action><svg data-ratio style=\"padding-top:66.67%\" viewBox=\"0 0 768 512\"><\/svg><div class=\"wpgb-card-media-thumbnail\"><a href=\"https:\/\/www.lelac-carnac.com\/wp-content\/uploads\/2026\/01\/rhuys-camping-le-lac-carnac_04-scaled.webp\" tabindex=\"-1\" class=\"wpgb-handle-lb wpgb-lightbox\" data-type=\"image\" data-rel=\"5\" data-title=\"rhuys-camping-le-lac-carnac_04\" title=\"Enlarge photo\"><div style=\"background-image:url(https://cdn.horizon-marketing.com/spio/ret_img,q_cdnize,to_webp,s_webp/www.lelac-carnac.com/wp-content/uploads/2026/01/rhuys-camping-le-lac-carnac_04-768x512.webp)\"><\/div><noscript><img decoding=\"async\" class=\"wpgb-noscript-img\" src=\"https:\/\/cdn.horizon-marketing.com\/spio\/ret_img,q_cdnize,to_webp,s_webp\/www.lelac-carnac.com\/wp-content\/uploads\/2026\/01\/rhuys-camping-le-lac-carnac_04-768x512.webp\" alt=\"\" height=\"512\" width=\"768\"><\/noscript><\/a><\/div><a class=\"wpgb-card-layer-link\" target=\"_self\" href=\"https:\/\/www.lelac-carnac.com\/en\/lieux\/rhuys-peninsula\/\"><\/a><\/div><div class=\"wpgb-card-content wpgb-scheme-dark\"><div class=\"wpgb-card-body\"><div class=\"wpgb-block-7\"><h3 class=\"wpgb-block-1\"><a href=\"https:\/\/www.lelac-carnac.com\/en\/lieux\/rhuys-peninsula\/\">Rhuys peninsula<\/a><\/h3><\/div><div class=\"wpgb-block-5\"><span class=\"wpgb-block-term\" data-id=\"68\">Towns &amp; Villages<\/span><\/div><p class=\"wpgb-block-2\">What to see, what to do Discover the must-sees Camping near the Rhuys peninsula Looking for a change of scenery?&#8230;<\/p><div class=\"wpgb-block-3\">Distance from campsite :  56km<\/div><\/div><div class=\"wpgb-card-footer\"><a class=\"wpgb-block-4\" href=\"https:\/\/www.lelac-carnac.com\/en\/lieux\/rhuys-peninsula\/\"><strong>Read more<\/strong><\/a><\/div><\/div><\/div><\/div><\/article><article class=\"wpgb-card wpgb-card-21 wpgb-post-2016\" data-col=\"1\" data-row=\"1\" data-format=\"standard\" data-fluid><div class=\"wpgb-card-wrapper\"><div class=\"wpgb-card-inner\"><div class=\"wpgb-card-media wpgb-scheme-light\" data-action><svg data-ratio style=\"padding-top:66.93%\" viewBox=\"0 0 768 514\"><\/svg><div class=\"wpgb-card-media-thumbnail\"><a href=\"https:\/\/www.lelac-carnac.com\/wp-content\/uploads\/2026\/01\/vannes-camping-le-lac-carnac_02-scaled.webp\" tabindex=\"-1\" class=\"wpgb-handle-lb wpgb-lightbox\" data-type=\"image\" data-rel=\"5\" data-title=\"vannes-camping-le-lac-carnac_02\" title=\"Enlarge photo\"><div style=\"background-image:url(https://cdn.horizon-marketing.com/spio/ret_img,q_cdnize,to_webp,s_webp/www.lelac-carnac.com/wp-content/uploads/2026/01/vannes-camping-le-lac-carnac_02-768x514.webp)\"><\/div><noscript><img decoding=\"async\" class=\"wpgb-noscript-img\" src=\"https:\/\/cdn.horizon-marketing.com\/spio\/ret_img,q_cdnize,to_webp,s_webp\/www.lelac-carnac.com\/wp-content\/uploads\/2026\/01\/vannes-camping-le-lac-carnac_02-768x514.webp\" alt=\"\" height=\"514\" width=\"768\"><\/noscript><\/a><\/div><a class=\"wpgb-card-layer-link\" target=\"_self\" href=\"https:\/\/www.lelac-carnac.com\/en\/lieux\/valves\/\"><\/a><\/div><div class=\"wpgb-card-content wpgb-scheme-dark\"><div class=\"wpgb-card-body\"><div class=\"wpgb-block-7\"><h3 class=\"wpgb-block-1\"><a href=\"https:\/\/www.lelac-carnac.com\/en\/lieux\/valves\/\">Valves<\/a><\/h3><\/div><div class=\"wpgb-block-5\"><span class=\"wpgb-block-term\" data-id=\"68\">Towns &amp; Villages<\/span><\/div><p class=\"wpgb-block-2\">Breton city to explore from your campsite What to visit in Vannes during your stay in Carnac? Fancy an urban&#8230;<\/p><div class=\"wpgb-block-3\">Distance from campsite :  30km<\/div><\/div><div class=\"wpgb-card-footer\"><a class=\"wpgb-block-4\" href=\"https:\/\/www.lelac-carnac.com\/en\/lieux\/valves\/\"><strong>Read more<\/strong><\/a><\/div><\/div><\/div><\/div><\/article><article class=\"wpgb-card wpgb-card-21 wpgb-post-2002\" data-col=\"1\" data-row=\"1\" data-format=\"standard\" data-fluid><div class=\"wpgb-card-wrapper\"><div class=\"wpgb-card-inner\"><div class=\"wpgb-card-media wpgb-scheme-light\" data-action><svg data-ratio style=\"padding-top:76.95%\" viewBox=\"0 0 768 591\"><\/svg><div class=\"wpgb-card-media-thumbnail\"><a href=\"https:\/\/www.lelac-carnac.com\/wp-content\/uploads\/2026\/01\/quiberon-camping-le-lac-carnac_02-scaled.webp\" tabindex=\"-1\" class=\"wpgb-handle-lb wpgb-lightbox\" data-type=\"image\" data-rel=\"5\" data-title=\"quiberon-camping-le-lac-carnac_02\" title=\"Enlarge photo\"><div style=\"background-image:url(https://cdn.horizon-marketing.com/spio/ret_img,q_cdnize,to_webp,s_webp/www.lelac-carnac.com/wp-content/uploads/2026/01/quiberon-camping-le-lac-carnac_02-768x591.webp)\"><\/div><noscript><img decoding=\"async\" class=\"wpgb-noscript-img\" src=\"https:\/\/cdn.horizon-marketing.com\/spio\/ret_img,q_cdnize,to_webp,s_webp\/www.lelac-carnac.com\/wp-content\/uploads\/2026\/01\/quiberon-camping-le-lac-carnac_02-768x591.webp\" alt=\"\" height=\"591\" width=\"768\"><\/noscript><\/a><\/div><a class=\"wpgb-card-layer-link\" target=\"_self\" href=\"https:\/\/www.lelac-carnac.com\/en\/lieux\/quiberon\/\"><\/a><\/div><div class=\"wpgb-card-content wpgb-scheme-dark\"><div class=\"wpgb-card-body\"><div class=\"wpgb-block-7\"><h3 class=\"wpgb-block-1\"><a href=\"https:\/\/www.lelac-carnac.com\/en\/lieux\/quiberon\/\">Quiberon<\/a><\/h3><\/div><div class=\"wpgb-block-5\"><span class=\"wpgb-block-term\" data-id=\"68\">Towns &amp; Villages<\/span><\/div><p class=\"wpgb-block-2\">the most beautiful spots on the bay and peninsula Camping in Quiberon Located at the southern tip of the Morbihan&#8230;<\/p><div class=\"wpgb-block-3\">Distance from campsite :  24.5km<\/div><\/div><div class=\"wpgb-card-footer\"><a class=\"wpgb-block-4\" href=\"https:\/\/www.lelac-carnac.com\/en\/lieux\/quiberon\/\"><strong>Read more<\/strong><\/a><\/div><\/div><\/div><\/div><\/article><article class=\"wpgb-card wpgb-card-21 wpgb-post-2071\" data-col=\"1\" data-row=\"1\" data-format=\"standard\" data-fluid><div class=\"wpgb-card-wrapper\"><div class=\"wpgb-card-inner\"><div class=\"wpgb-card-media wpgb-scheme-light\" data-action><svg data-ratio style=\"padding-top:66.67%\" viewBox=\"0 0 768 512\"><\/svg><div class=\"wpgb-card-media-thumbnail\"><a href=\"https:\/\/www.lelac-carnac.com\/wp-content\/uploads\/2026\/01\/auray-camping-le-lac-carnac_02-scaled.webp\" tabindex=\"-1\" class=\"wpgb-handle-lb wpgb-lightbox\" data-type=\"image\" data-rel=\"5\" data-title=\"auray-camping-le-lac-carnac_02\" title=\"Enlarge photo\"><div style=\"background-image:url(https://cdn.horizon-marketing.com/spio/ret_img,q_cdnize,to_webp,s_webp/www.lelac-carnac.com/wp-content/uploads/2026/01/auray-camping-le-lac-carnac_02-768x512.webp)\"><\/div><noscript><img decoding=\"async\" class=\"wpgb-noscript-img\" src=\"https:\/\/cdn.horizon-marketing.com\/spio\/ret_img,q_cdnize,to_webp,s_webp\/www.lelac-carnac.com\/wp-content\/uploads\/2026\/01\/auray-camping-le-lac-carnac_02-768x512.webp\" alt=\"\" height=\"512\" width=\"768\"><\/noscript><\/a><\/div><a class=\"wpgb-card-layer-link\" target=\"_self\" href=\"https:\/\/www.lelac-carnac.com\/en\/lieux\/auray-and-saint-goustan\/\"><\/a><\/div><div class=\"wpgb-card-content wpgb-scheme-dark\"><div class=\"wpgb-card-body\"><div class=\"wpgb-block-7\"><h3 class=\"wpgb-block-1\"><a href=\"https:\/\/www.lelac-carnac.com\/en\/lieux\/auray-and-saint-goustan\/\">Auray and Saint-Goustan<\/a><\/h3><\/div><div class=\"wpgb-block-5\"><span class=\"wpgb-block-term\" data-id=\"68\">Towns &amp; Villages<\/span><\/div><p class=\"wpgb-block-2\">Just a stone&#8217;s throw from your Morbihan campsite Visit Auray, the medieval town and the port of Saint-Goustan from your&#8230;<\/p><div class=\"wpgb-block-3\">Distance from campsite :  11.5km<\/div><\/div><div class=\"wpgb-card-footer\"><a class=\"wpgb-block-4\" href=\"https:\/\/www.lelac-carnac.com\/en\/lieux\/auray-and-saint-goustan\/\"><strong>Read more<\/strong><\/a><\/div><\/div><\/div><\/div><\/article>\t\t<\/div>\n\t<\/div>\n\t<\/div>\n\t<\/div>\n\t\t<\/div>\n<\/div>\n<\/div>\n\n\n\n<div class=\"wp-block-column wpgrid-map-right is-layout-flow wp-block-column-is-layout-flow\" style=\"padding-top:var(--wp--preset--spacing--m);padding-right:0;padding-bottom:0;padding-left:0\"><div class=\"wpgb-facet wpgb-loading wpgb-facet-9\" data-facet=\"9\" data-grid=\"5\"><\/div><\/div>\n<\/div>\n\n\n\n<div style=\"height:100px\" aria-hidden=\"true\" class=\"wp-block-spacer\"><\/div>\n<\/div>\n<\/div>\n<\/div><\/div>\n<\/div>\n","protected":false},"excerpt":{"rendered":"<p>Discover tourist destinations near Les Rochelets campsite What to do around the campsite in Southern Brittany The Loire-Atlantique is a region with a wealth of attractions, ideal for nature lovers, heritage enthusiasts and lovers of the art of living. With its Atlantic coastline, sandy beaches, unspoilt marshlands and towns with a rich historical past, this [&hellip;]<\/p>\n","protected":false},"author":1,"featured_media":0,"parent":0,"menu_order":0,"comment_status":"closed","ping_status":"closed","template":"page-no-gsap","meta":{"_acf_changed":false,"_seopress_robots_primary_cat":"","_seopress_titles_title":"","_seopress_titles_desc":"","_seopress_robots_index":"","footnotes":""},"class_list":["post-1362","page","type-page","status-publish","hentry"],"acf":[],"_links":{"self":[{"href":"https:\/\/www.lelac-carnac.com\/en\/wp-json\/wp\/v2\/pages\/1362","targetHints":{"allow":["GET"]}}],"collection":[{"href":"https:\/\/www.lelac-carnac.com\/en\/wp-json\/wp\/v2\/pages"}],"about":[{"href":"https:\/\/www.lelac-carnac.com\/en\/wp-json\/wp\/v2\/types\/page"}],"author":[{"embeddable":true,"href":"https:\/\/www.lelac-carnac.com\/en\/wp-json\/wp\/v2\/users\/1"}],"replies":[{"embeddable":true,"href":"https:\/\/www.lelac-carnac.com\/en\/wp-json\/wp\/v2\/comments?post=1362"}],"version-history":[{"count":1,"href":"https:\/\/www.lelac-carnac.com\/en\/wp-json\/wp\/v2\/pages\/1362\/revisions"}],"predecessor-version":[{"id":1363,"href":"https:\/\/www.lelac-carnac.com\/en\/wp-json\/wp\/v2\/pages\/1362\/revisions\/1363"}],"wp:attachment":[{"href":"https:\/\/www.lelac-carnac.com\/en\/wp-json\/wp\/v2\/media?parent=1362"}],"curies":[{"name":"wp","href":"https:\/\/api.w.org\/{rel}","templated":true}]}}