{"id":1662,"date":"2026-01-06T15:13:31","date_gmt":"2026-01-06T14:13:31","guid":{"rendered":"https:\/\/www.lelac-carnac.com\/hebergements\/stacaravan-ty-lok-pmr-30m%c2%b2-2-kamers-terras\/"},"modified":"2026-04-29T10:05:42","modified_gmt":"2026-04-29T08:05:42","slug":"stacaravan-ty-lok-pmr-30m%c2%b2-2-kamers-terras","status":"publish","type":"hebergements","link":"https:\/\/www.lelac-carnac.com\/nl\/hebergements\/stacaravan-ty-lok-pmr-30m%c2%b2-2-kamers-terras\/","title":{"rendered":"Stacaravan Ty Lok PMR &#8211; 30m\u00b2 &#8211; 2 kamers + terras"},"content":{"rendered":"\n<div class=\"wp-block-group alignfull product-content is-layout-flow wp-container-core-group-is-layout-f9cb6abc wp-block-group-is-layout-flow\" style=\"margin-top:0;margin-bottom:0\">\n    <div class=\"wp-block-group alignfull is-style-done is-layout-flow wp-container-core-group-is-layout-0fb57e96 wp-block-group-is-layout-flow\" style=\"padding-top:0rem;padding-bottom:0rem\">\n        <div class=\"wp-block-cover is-light\" style=\"padding-top:0;padding-right:0;padding-bottom:0;padding-left:0\"><span aria-hidden=\"true\" class=\"wp-block-cover__background has-background-dim-0 has-background-dim\"><\/span>\n            <div class=\"wp-block-cover__inner-container is-layout-flow wp-block-cover-is-layout-flow\">\n                <div class=\"wp-block-group alignfull is-style-default is-vertical is-content-justification-center is-layout-flex wp-container-core-group-is-layout-cad0fc65 wp-block-group-is-layout-flex\" style=\"padding-top:0\">\n                    <div style=\"height:0px\" aria-hidden=\"true\" class=\"wp-block-spacer wp-container-content-6388d5dc\"><\/div>\n                    \n\n                    \n                    <div class=\"wp-block-group alignwide has-global-padding is-layout-constrained wp-container-core-group-is-layout-838c3748 wp-block-group-is-layout-constrained\" style=\"padding-right:var(--wp--preset--spacing--xs);padding-left:var(--wp--preset--spacing--xs)\">\n                        <div class=\"wp-block-group alignwide is-layout-flow wp-block-group-is-layout-flow\" style=\"padding-right:0;padding-left:0\">  <div class=\"accomodationGallery\">\n                                        <a data-fancybox=\"accommodation-gallery\" data-src=\"https:\/\/www.lelac-carnac.com\/wp-content\/uploads\/2026\/01\/00001243580.jpeg\"\n              class=\"accomodationGallery__image__left\">\n              <img src=\"https:\/\/cdn.horizon-marketing.com\/spio\/ret_img,q_cdnize,to_webp,s_webp\/www.lelac-carnac.com\/wp-content\/uploads\/2026\/01\/00001243580.jpeg\" alt=\"\" class=\"accomodationGallery__image\" decoding=\"async\" loading=\"lazy\">\n                          <\/a>\n                                                      <a data-fancybox=\"accommodation-gallery\" data-src=\"https:\/\/www.lelac-carnac.com\/wp-content\/uploads\/2026\/01\/00001243584.png\"\n              class=\"accomodationGallery__image__right-1\">\n              <img src=\"https:\/\/cdn.horizon-marketing.com\/spio\/ret_img,q_cdnize,to_webp,s_webp\/www.lelac-carnac.com\/wp-content\/uploads\/2026\/01\/00001243584.png\" alt=\"\" class=\"accomodationGallery__image\" decoding=\"async\" loading=\"lazy\">\n                                        <\/a>\n                                                      <a data-fancybox=\"accommodation-gallery\" data-src=\"https:\/\/www.lelac-carnac.com\/wp-content\/uploads\/2026\/01\/00001243582.png\"\n              class=\"accomodationGallery__image__right-2\">\n              <img src=\"https:\/\/cdn.horizon-marketing.com\/spio\/ret_img,q_cdnize,to_webp,s_webp\/www.lelac-carnac.com\/wp-content\/uploads\/2026\/01\/00001243582.png\" alt=\"\" class=\"accomodationGallery__image\" decoding=\"async\" loading=\"lazy\">\n                              <div class=\"accomodationGallery__image__overlay\"><\/div>\n                                            <span class=\"accomodationGallery__count\">\n                  <span class=\"number\">+3<\/span>\n                  foto's<\/span>\n                          <\/a>\n                                          <a class=\"accomodationGallery__image__fancy hidden\" data-fancybox=\"accommodation-gallery\"\n          data-src=\"https:\/\/www.lelac-carnac.com\/wp-content\/uploads\/2026\/01\/00001243583.png\">\n          <img src=\"https:\/\/cdn.horizon-marketing.com\/spio\/ret_img,q_cdnize,to_webp,s_webp\/www.lelac-carnac.com\/wp-content\/uploads\/2026\/01\/00001243583.png\" alt=\"\" class=\"accomodationGallery__image\" decoding=\"async\" loading=\"lazy\">\n          <\/a>\n                                <a class=\"accomodationGallery__image__fancy hidden\" data-fancybox=\"accommodation-gallery\"\n          data-src=\"https:\/\/www.lelac-carnac.com\/wp-content\/uploads\/2026\/01\/00001243581.png\">\n          <img src=\"https:\/\/cdn.horizon-marketing.com\/spio\/ret_img,q_cdnize,to_webp,s_webp\/www.lelac-carnac.com\/wp-content\/uploads\/2026\/01\/00001243581.png\" alt=\"\" class=\"accomodationGallery__image\" decoding=\"async\" loading=\"lazy\">\n          <\/a>\n                                <a class=\"accomodationGallery__image__fancy hidden\" data-fancybox=\"accommodation-gallery\"\n          data-src=\"https:\/\/www.lelac-carnac.com\/wp-content\/uploads\/2026\/01\/00001243579.jpg\">\n          <img src=\"https:\/\/cdn.horizon-marketing.com\/spio\/ret_img,q_cdnize,to_webp,s_webp\/www.lelac-carnac.com\/wp-content\/uploads\/2026\/01\/00001243579.jpg\" alt=\"\" class=\"accomodationGallery__image\" decoding=\"async\" loading=\"lazy\">\n          <\/a>\n                    <\/div>\n\n\n                        <\/div>\n                        \n\n                        \n                    <\/div>\n                    \n                <\/div>\n                \n\n                \n                <div style=\"height:100px\" aria-hidden=\"true\" class=\"wp-block-spacer spacer-top\"><\/div>\n                \n            <\/div>\n        <\/div>\n        \n\n        \n        <div class=\"wp-block-group has-global-padding is-layout-constrained wp-block-group-is-layout-constrained\">\n            <div class=\"wp-block-columns alignwide product-content justify-content-between is-layout-flex wp-container-core-columns-is-layout-c7e88b31 wp-block-columns-is-layout-flex\" style=\"margin-bottom:0;padding-right:var(--wp--preset--spacing--xs);padding-left:var(--wp--preset--spacing--xs)\">\n                <div class=\"wp-block-column col-left is-layout-flow wp-block-column-is-layout-flow\" style=\"flex-basis:60%\">\n                    <div class=\"wp-block-group is-vertical is-layout-flex wp-container-core-group-is-layout-093426dc wp-block-group-is-layout-flex\" style=\"padding-top:2rem;padding-bottom:2rem\">\n                        <div class=\"wp-block-group is-vertical is-layout-flex wp-container-core-group-is-layout-4b827052 wp-block-group-is-layout-flex\"><h1 style=\"line-height:1; padding-bottom:var(--wp--preset--spacing--xxl);\" class=\"has-link-color is-style-headline wp-elements-b61ae04e2ae62ae5737bb05642372924 wp-block-post-title has-text-color has-primary-color has-xxxl-font-size has-primary-font-family\">Stacaravan Ty Lok PMR &#8211; 30m\u00b2 &#8211; 2 kamers + terras<\/h1><\/div>\n                        \n\n                        \n                        <div class=\"wp-block-group product-picto is-content-justification-center is-nowrap is-layout-flex wp-container-core-group-is-layout-88a738ca wp-block-group-is-layout-flex\">\n\n                            \n    <div class=\"ctouvert_summary\">\n                    <div class=\"feature\">\n                <div class=\"feature_picto\">\n                <i class=\"fa-sharp fa-solid fa-family\"><\/i>\n                <\/div>\n                <span class=\"feature_text has-dark-color\">4\/6pers.<\/span>\n            <\/div>\n        \n                    <div class=\" feature\">\n                <div class=\"feature_picto\">\n                    \n                    <i class=\"fa-sharp fa-solid fa-bed-front\"><\/i>                <\/div>\n                <span class=\"feature_text has-dark-color\">2ch.<\/span>\n            <\/div>\n        \n                    <div class=\"feature\">\n                <div class=\"feature_picto\">\n                    \n                    <i class=\"fa-solid fa-angle-90\"><\/i>                <\/div>\n                <span class=\"feature_text has-dark-color\">30m\u00b2<\/span>\n            <\/div>\n            <\/div>\n\n\n\n\n\n                        <\/div>\n                        \n                    <\/div>\n                    \n\n                    \n                    <div class=\"wp-block-group is-content-justification-left is-nowrap is-layout-flex wp-container-core-group-is-layout-fc9f69e7 wp-block-group-is-layout-flex\">\n                        <h2 class=\"wp-block-heading is-style-title has-primary-color has-text-color has-link-color has-xxxxl-font-size wp-elements-3f799894c1ed702d94752cb018f2ae86\" style=\"padding-top:var(--wp--preset--spacing--xs);padding-bottom:var(--wp--preset--spacing--xs)\">\n  Beschrijving van de accommodatie<\/h2>\n                        \n\n                        \n                        <hr class=\"wp-block-separator has-text-color has-primary-color has-alpha-channel-opacity has-primary-background-color has-background is-style-wide wp-container-content-9cfa9a5a\" style=\"margin-top:1rem;margin-bottom:1rem\" \/>\n                        \n                    <\/div>\n                    \n\n                            <div class=\"ctouvert_description has-dark-color\"><p>Le mobil-home PMR 2 chambres, con\u00e7u pour r\u00e9pondre aux besoins sp\u00e9cifiques des personnes \u00e0 mobilit\u00e9 r\u00e9duite, vous offre un confort optimal lors de votre s\u00e9jour en camping \u00e0 Carnac. Ce logement est adapt\u00e9 aux personnes en situation de handicap et\/ou personnes \u00e2g\u00e9es, qui ont besoin d&#8217;espace et de praticit\u00e9 dans leur quotidien.<br><br><\/p>\n<p>Avec sa rampe d&#8217;acc\u00e8s, ses portes larges et ses sanitaires adapt\u00e9s (douche \u00e0 l&#8217;italienne, WC sur\u00e9lev\u00e9s, barres d&#8217;appui), il garantit un confort optimal aux personnes \u00e0 mobilit\u00e9 r\u00e9duite. Les espaces int\u00e9rieurs, con\u00e7us pour faciliter les d\u00e9placements, permettent de se d\u00e9placer en toute autonomie. Pr\u00eat(e) \u00e0 vivre une exp\u00e9rience unique en camping \u00e0 Carnac ? R\u00e9servez d\u00e8s maintenant votre mobil-home !<br><br><\/p>\n<p>On aime : La dimension des pi\u00e8ces, l&#8217;agencement int\u00e9rieur sans obstacle (chambre, douche, salon&#8230;) et la hauteur des appareils garantissant l&#8217;accessibilit\u00e9 physique des lieux \u00e0 tous.<\/p><\/div>\n\n\n                    \n                    <div class=\"wp-block-group is-nowrap is-layout-flex wp-container-core-group-is-layout-6c531013 wp-block-group-is-layout-flex\">\n                        <h2 class=\"wp-block-heading is-style-title has-primary-color has-text-color has-link-color has-xxxxl-font-size wp-elements-46e6d37a02284a3f1d30ae8ef93edb3b\" style=\"padding-top:2rem;padding-bottom:2rem\">Uitrusting<\/h2>\n                        \n\n                        \n                        <hr class=\"wp-block-separator has-text-color has-primary-color has-alpha-channel-opacity has-primary-background-color has-background is-style-wide wp-container-content-9cfa9a5a\" style=\"margin-top:var(--wp--preset--spacing--xs);margin-bottom:var(--wp--preset--spacing--xs)\" \/>\n                        \n                    <\/div>\n                    \n\n                    \n                    <div class=\"wp-block-group product-picto is-content-justification-left is-layout-flex wp-container-core-group-is-layout-cd5e9c65 wp-block-group-is-layout-flex\">\n    <div class=\"ctouvert_services\">\n\n\n        \n        \n                    <div class=\"feature\">\n                <div class=\"feature_picto\">\n                <i class=\"fa-sharp fa-solid fa-hat-chef\"><\/i>                <\/div>\n                <span class=\"feature_text has-dark-color\">Keuken<\/span>\n            <\/div>\n        \n        \n                    <div class=\"feature\">\n                <div class=\"feature_picto\">\n                <i class=\"fa-sharp fa-solid fa-bath\"><\/i>                                <\/div>\n                <span class=\"feature_text has-dark-color\">Badkamer<\/span>\n            <\/div>\n        \n                    <div class=\"feature\">\n                <div class=\"feature_picto\">\n                <i class=\"fa-sharp fa-solid fa-toilet\"><\/i>                                <\/div>\n                <span class=\"feature_text has-dark-color\">Toiletten<\/span>\n            <\/div>\n        \n        \n                    <div class=\"feature\">\n                <div class=\"feature_picto\">\n                <i class=\"fa-sharp fa-solid fa-tv\"><\/i>                <\/div>\n                <span class=\"feature_text has-dark-color\">Televisie<\/span>\n            <\/div>\n        \n                    <div class=\"feature\">\n                <div class=\"feature_picto\">\n                <i class=\"fa-sharp fa-solid fa-umbrella-beach\"><\/i>                <\/div>\n                <span class=\"feature_text has-dark-color\">Terras<\/span>\n            <\/div>\n        \n\n                    <div class=\"feature\">\n                <div class=\"feature_picto\">\n                <i class=\"fa-sharp fa-solid fa-paw\"><\/i>                <\/div>\n                <span class=\"feature_text has-dark-color\">Huisdieren toegestaan<\/span>\n            <\/div>\n            <\/div>\n<\/div>\n                    \n\n                     <div class=\"wp-block-buttons is-layout-flex\">\n   <div class=\"wp-block-button\">\n     <a class=\"wp-block-button__link accommodation-inventory-button\"\n        data-fancybox data-src=\"#modal-inventory\"\n        aria-label=\"Descriptif complet\"\n        title=\"Descriptif complet\">\n       Inventaris     <\/a>\n   <\/div>\n <\/div>\n <div id=\"modal-inventory\" class=\"accommodation-modal-inventory\" style=\"display: none;\">\n      <header class=\"inventory-header\">\n        Volledige inventaris      <\/header>\n      <ul class=\"accommodation-inventory\"><li class=\"item depth-0\" style=\"--picto: '\\f085';\">\n      <span class=\"name\">Algemeen<\/span><ul class=\"sub-items\"><li class=\"item depth-1\">\n      <span class=\"name\">Oppervlakten<\/span><ul class=\"sub-items\"><li class=\"item depth-2\">\n      <span class=\"name\">Totale oppervlakte (in m\u00b2) : 30<\/span><\/li><\/ul><\/li><li class=\"item depth-1\">\n      <span class=\"name\">Extra informatie<\/span><ul class=\"sub-items\"><li class=\"item depth-2\">\n      <span class=\"name\">Rokers accommodatie : nee<\/span><\/li><li class=\"item depth-2\">\n      <span class=\"name\">Toegankelijk voor mindervaliden : ja : yes<\/span><\/li><\/ul><\/li><\/ul><\/li><li class=\"item depth-0\" style=\"--picto: '\\f1b0';\">\n      <span class=\"name\">Huisdieren<\/span><ul class=\"sub-items\"><li class=\"item depth-1\">\n      <span class=\"name\">Huisdieren : geaccepteerd onder voorwaarden<\/span><ul class=\"sub-items\"><li class=\"item depth-2\">\n      <span class=\"name\">met bijbetaling<\/span><\/li><li class=\"item depth-2\">\n      <span class=\"name\">inentingsboekje verplicht<\/span><\/li><li class=\"item depth-2\">\n      <span class=\"name\">aan de lijn<\/span><\/li><\/ul><\/li><\/ul><\/li><li class=\"item depth-0\" style=\"--picto: '\\f236';\">\n      <span class=\"name\">Slaapkamers en bedden<\/span><ul class=\"sub-items\"><li class=\"item depth-1\">\n      <span class=\"name\">Aparte slaapkamers<\/span><ul class=\"sub-items\"><li class=\"item depth-2\">\n      <span class=\"name\">Aparte slaapkamers : n\u00b01<\/span><ul class=\"sub-items\"><li class=\"item depth-3\">\n      <span class=\"name\">Algemeen<\/span><ul class=\"sub-items\"><li class=\"item depth-4\">\n      <span class=\"name\">Tweepersoonsbed : 1<\/span><ul class=\"sub-items\"><li class=\"item depth-5\">\n      <span class=\"name\">Afmetingen (bed) : 140 x 190<\/span><\/li><\/ul><\/li><\/ul><\/li><\/ul><\/li><li class=\"item depth-2\">\n      <span class=\"name\">Aparte slaapkamers : n\u00b02<\/span><ul class=\"sub-items\"><li class=\"item depth-3\">\n      <span class=\"name\">Algemeen<\/span><ul class=\"sub-items\"><li class=\"item depth-4\">\n      <span class=\"name\">\u00c9\u00e9npersoonsbed : 2<\/span><ul class=\"sub-items\"><li class=\"item depth-5\">\n      <span class=\"name\">Afmetingen (bed) : 90 x 190<\/span><\/li><li class=\"item depth-5\">\n      <span class=\"name\">Soort bed<\/span><ul class=\"sub-items\"><li class=\"item depth-6\">\n      <span class=\"name\">Twee \u00e9\u00e9npersoonsbedden<\/span><\/li><\/ul><\/li><\/ul><\/li><\/ul><\/li><\/ul><\/li><\/ul><\/li><li class=\"item depth-1\">\n      <span class=\"name\">Slaapplaatsen buiten slaapkamers : 1<\/span><ul class=\"sub-items\"><li class=\"item depth-2\">\n      <span class=\"name\">Maximum aantal personen : 2<\/span><\/li><li class=\"item depth-2\">\n      <span class=\"name\">Opklapbed<\/span><\/li><\/ul><\/li><li class=\"item depth-1\">\n      <span class=\"name\">Kind\/ Baby<\/span><ul class=\"sub-items\"><li class=\"item depth-2\">\n      <span class=\"name\">Babybed : 1<\/span><ul class=\"sub-items\"><li class=\"item depth-3\">\n      <span class=\"name\">met bijbetaling<\/span><\/li><\/ul><\/li><\/ul><\/li><li class=\"item depth-1\">\n      <span class=\"name\">Beddengoed<\/span><ul class=\"sub-items\"><li class=\"item depth-2\">\n      <span class=\"name\">Kussens : aanwezig<\/span><\/li><li class=\"item depth-2\">\n      <span class=\"name\">Dekens : aanwezig<\/span><\/li><li class=\"item depth-2\">\n      <span class=\"name\">Dekbedden : aanwezig<\/span><\/li><\/ul><\/li><\/ul><\/li><li class=\"item depth-0\" style=\"--picto: '\\f2e6';\">\n      <span class=\"name\"> Keuken &#038; Sanitair<\/span><ul class=\"sub-items\"><li class=\"item depth-1\">\n      <span class=\"name\">Keuken<\/span><ul class=\"sub-items\"><li class=\"item depth-2\">\n      <span class=\"name\">Keuken : 1<\/span><ul class=\"sub-items\"><li class=\"item depth-3\">\n      <span class=\"name\">uitgerust<\/span><\/li><li class=\"item depth-3\">\n      <span class=\"name\">servies\/bestek afgestemd op aantal personen<\/span><\/li><li class=\"item depth-3\">\n      <span class=\"name\">Keukenapparatuur<\/span><ul class=\"sub-items\"><li class=\"item depth-4\">\n      <span class=\"name\">Koud water<\/span><\/li><li class=\"item depth-4\">\n      <span class=\"name\">Warm water<\/span><\/li><li class=\"item depth-4\">\n      <span class=\"name\">Gootsteen : 1<\/span><\/li><li class=\"item depth-4\">\n      <span class=\"name\">Koelkast : 1<\/span><\/li><li class=\"item depth-4\">\n      <span class=\"name\">Kookplaten: 4 pitten : 1<\/span><\/li><li class=\"item depth-4\">\n      <span class=\"name\">Magnetron : 1<\/span><\/li><li class=\"item depth-4\">\n      <span class=\"name\">Afzuigkap : 1<\/span><\/li><li class=\"item depth-4\">\n      <span class=\"name\">Elektrisch koffiezetapparaat : 1<\/span><\/li><\/ul><\/li><\/ul><\/li><\/ul><\/li><li class=\"item depth-1\">\n      <span class=\"name\">Sanitair<\/span><ul class=\"sub-items\"><li class=\"item depth-2\">\n      <span class=\"name\">Badkamer : 1<\/span><ul class=\"sub-items\"><li class=\"item depth-3\">\n      <span class=\"name\">Aangepaste douche voor mindervaliden<\/span><\/li><li class=\"item depth-3\">\n      <span class=\"name\">Wastafel<\/span><\/li><\/ul><\/li><li class=\"item depth-2\">\n      <span class=\"name\">toilet : 1<\/span><ul class=\"sub-items\"><li class=\"item depth-3\">\n      <span class=\"name\">apart<\/span><\/li><li class=\"item depth-3\">\n      <span class=\"name\">Aangepast voor mindervaliden<\/span><\/li><\/ul><\/li><\/ul><\/li><\/ul><\/li><li class=\"item depth-0\" style=\"--picto: '\\f043';\">\n      <span class=\"name\">Schoonmaak<\/span><ul class=\"sub-items\"><li class=\"item depth-1\">\n      <span class=\"name\">Schoonmaak van de accommodatie<\/span><ul class=\"sub-items\"><li class=\"item depth-2\">\n      <span class=\"name\">met bijbetaling<\/span><\/li><\/ul><\/li><li class=\"item depth-1\">\n      <span class=\"name\">Vuilnisbak<\/span><\/li><li class=\"item depth-1\">\n      <span class=\"name\">Schrobber<\/span><\/li><li class=\"item depth-1\">\n      <span class=\"name\">Stoffer<\/span><\/li><li class=\"item depth-1\">\n      <span class=\"name\">Blik<\/span><\/li><li class=\"item depth-1\">\n      <span class=\"name\">Emmer<\/span><\/li><li class=\"item depth-1\">\n      <span class=\"name\">Dweil<\/span><\/li><li class=\"item depth-1\">\n      <span class=\"name\">Toiletborstel<\/span><\/li><li class=\"item depth-1\">\n      <span class=\"name\">Wasrek<\/span><\/li><\/ul><\/li><li class=\"item depth-0\" style=\"--picto: '\\f015';\">\n      <span class=\"name\">Binnenvoorzieningen<\/span><ul class=\"sub-items\"><li class=\"item depth-1\">\n      <span class=\"name\">Temperatuurregeling<\/span><ul class=\"sub-items\"><li class=\"item depth-2\">\n      <span class=\"name\">Verwarming<\/span><ul class=\"sub-items\"><li class=\"item depth-3\">\n      <span class=\"name\">elektrische<\/span><\/li><\/ul><\/li><li class=\"item depth-2\">\n      <span class=\"name\">Dubbele beglazing<\/span><\/li><\/ul><\/li><li class=\"item depth-1\">\n      <span class=\"name\">Multimedia-uitrusting<\/span><ul class=\"sub-items\"><li class=\"item depth-2\">\n      <span class=\"name\">Televisie<\/span><\/li><\/ul><\/li><\/ul><\/li><li class=\"item depth-0\" style=\"--picto: '\\e28f';\">\n      <span class=\"name\">Buitenvoorzieningen <\/span><ul class=\"sub-items\"><li class=\"item depth-1\">\n      <span class=\"name\">Terras : 1<\/span><ul class=\"sub-items\"><li class=\"item depth-2\">\n      <span class=\"name\">half-overdekt<\/span><\/li><\/ul><\/li><li class=\"item depth-1\">\n      <span class=\"name\">Tuintafel<\/span><\/li><li class=\"item depth-1\">\n      <span class=\"name\">Tuinstoelen<\/span><\/li><li class=\"item depth-1\">\n      <span class=\"name\">Parasol<\/span><\/li><li class=\"item depth-1\">\n      <span class=\"name\">Barbecue<\/span><ul class=\"sub-items\"><li class=\"item depth-2\">\n      <span class=\"name\">aanwezig<\/span><\/li><\/ul><\/li><\/ul><\/li><li class=\"item depth-0\" style=\"--picto: '\\f8ac';\">\n      <span class=\"name\">Beveiliging &#038; Parkeerplaats<\/span><ul class=\"sub-items\"><li class=\"item depth-1\">\n      <span class=\"name\">Beveiliging<\/span><ul class=\"sub-items\"><li class=\"item depth-2\">\n      <span class=\"name\">Brandblusser<\/span><\/li><\/ul><\/li><li class=\"item depth-1\">\n      <span class=\"name\">Parkeerplaats<\/span><ul class=\"sub-items\"><li class=\"item depth-2\">\n      <span class=\"name\">Parkeerplaats<\/span><ul class=\"sub-items\"><li class=\"item depth-3\">\n      <span class=\"name\">auto op de staanplaats<\/span><\/li><\/ul><\/li><\/ul><\/li><\/ul><\/li><li class=\"item depth-0\" style=\"--picto: '\\f274';\">\n      <span class=\"name\">Praktische gasteninformatie<\/span><ul class=\"sub-items\"><li class=\"item depth-1\">\n      <span class=\"name\">Kosten<\/span><ul class=\"sub-items\"><li class=\"item depth-2\">\n      <span class=\"name\">Water<\/span><ul class=\"sub-items\"><li class=\"item depth-3\">\n      <span class=\"name\">inclusief<\/span><\/li><\/ul><\/li><li class=\"item depth-2\">\n      <span class=\"name\">Elektriciteit <\/span><ul class=\"sub-items\"><li class=\"item depth-3\">\n      <span class=\"name\">inclusief<\/span><\/li><\/ul><\/li><li class=\"item depth-2\">\n      <span class=\"name\">Gas<\/span><ul class=\"sub-items\"><li class=\"item depth-3\">\n      <span class=\"name\">inclusief<\/span><\/li><\/ul><\/li><li class=\"item depth-2\">\n      <span class=\"name\">Verwarming<\/span><ul class=\"sub-items\"><li class=\"item depth-3\">\n      <span class=\"name\">inclusief<\/span><\/li><\/ul><\/li><\/ul><\/li><\/ul><\/li><\/ul>    <\/div>\n \n                <\/div>\n                \n\n                \n                <div class=\"wp-block-column col-right is-layout-flow wp-block-column-is-layout-flow\" style=\"padding-right:0;padding-left:0;flex-basis:30%\">\n                    <div class=\"wp-block-group hrz-hebergement-sticky has-global-padding is-layout-constrained wp-block-group-is-layout-constrained\">\n                        <div class=\"wp-block-group has-global-padding is-content-justification-right is-layout-constrained wp-container-core-group-is-layout-4c7491be wp-block-group-is-layout-constrained\" style=\"margin-top:0;margin-bottom:0;padding-top:0;padding-right:0;padding-bottom:0;padding-left:0\">\n\n\t<!-- wp:group {\"className\":\"card-resa\",\"style\":{\"spacing\":{\"margin\":{\"top\":\"0\",\"bottom\":\"0\"},\"blockGap\":\"0\",\"padding\":{\"bottom\":\"var:preset|spacing|s\"}}},\"layout\":{\"type\":\"flex\",\"orientation\":\"vertical\",\"justifyContent\":\"stretch\"}} -->\n\t<div data-booking-product='141021' data-booking-etab='5131' \t\tclass=\"wp-block-group card-resa\"\n\t\tstyle=\"margin-top:0;margin-bottom:0;padding-bottom:var(--wp--preset--spacing--s)\">\n\t\t<!-- wp:group {\"className\":\"card-resa-content\",\"style\":{\"border\":{\"radius\":{\"topLeft\":\"15px\",\"topRight\":\"15px\"}},\"spacing\":{\"blockGap\":\"var:preset|spacing|m\",\"padding\":{\"top\":\"1rem\",\"bottom\":1rem\",\"left\":\"1rem\",\"right\":\"1rem\"},\"margin\":{\"top\":\"0\",\"bottom\":\"0\"}}},\"backgroundColor\":\"white\",\"layout\":{\"type\":\"default\"}} -->\n\t\t<div class=\"wp-block-group has-white-background-color has-background card-resa-content\"\n\t\t\tstyle=\"border-top-left-radius:15px;border-top-right-radius:15px;margin-top:0;margin-bottom:0;padding-top:1rem;padding-right: 1rem;padding-bottom: 1rem;padding-left: 1rem;\">\n\t\t\t<!-- wp:group {\"className\":\"booking_last\",\"style\":{\"spacing\":{\"padding\":{\"top\":\"var:preset|spacing|s\",\"right\":\"var:preset|spacing|s\",\"bottom\":\"var:preset|spacing|s\",\"left\":\"var:preset|spacing|s\"},\"margin\":{\"bottom\":\"2rem\"}},\"border\":{\"radius\":{\"topLeft\":\"0px\",\"bottomLeft\":\"25px\",\"bottomRight\":\"25px\"}},\"layout\":{\"selfStretch\":\"fit\",\"flesize\":null}},\"backgroundColor\":\"secondary\",\"textColor\":\"white\",\"fontSize\":\"m\",\"layout\":{\"type\":\"default\"}} -->\n\t\t\t<div\n\t\t\t\tclass=\"wp-block-group booking_last has-white-color has-secondary-background-color has-text-color has-background has-m-font-size\"\n\t\t\t\tstyle=\"border-top-left-radius:0px;border-bottom-left-radius:25px;border-bottom-right-radius:25px;margin-bottom:2rem;padding-top:var(--wp--preset--spacing--s);padding-right:var(--wp--preset--spacing--s);padding-bottom:var(--wp--preset--spacing--s);padding-left:var(--wp--preset--spacing--s)\">\n\t\t\t\t<!-- wp:paragraph {\"align\":\"center\",\"className\":\"booking_last\",\"style\":{\"typography\":{\"fontWeight\":\"400\",\"fontStyle\":\"normal\",\"textTransform\":\"uppercase\"},\"spacing\":{\"padding\":{\"top\":\"0\",\"bottom\":\"0\",\"left\":\"0\",\"right\":\"0\"},\"margin\":{\"right\":\"0\",\"left\":\"0\",\"top\":\"0\",\"bottom\":\"0\"}}},\"fontFamily\":\"secondary\"} -->\n\t\t\t\t<p class=\"has-text-align-center booking_last has-secondary-font-family\"\n\t\t\t\t\tstyle=\"margin-top:0;margin-right:0;margin-bottom:0;margin-left:0;padding-top:0;padding-right:0;padding-bottom:0;padding-left:0;font-style:normal;font-weight:400;text-transform:uppercase\">\n\t\t\t\t\tMeer dan <span class=\"ctouvert_last_value\"><\/span> beschikbaar\t\t\t\t<\/p>\n\t\t\t\t<!-- \/wp:paragraph -->\n\t\t\t<\/div>\n\t\t\t<!-- \/wp:group -->\n\n\t\t\t<!-- wp:horizon-blocks\/selected-dates -->\n\t\t\t<div class=\"dates\">\n\t\t\t\t<input name=\"heb-start-date\" id=\"heb-start-date\" class=\"hasDate\" placeholder=\"Arriv\u00e9e\" type=\"hidden\"\n\t\t\t\t\tautocomplete=\"off\" readonly \/>\n\t\t\t\t<input name=\"heb-end-date\" id=\"heb-end-date\" class=\"hasDate\" placeholder=\"D\u00e9part\" type=\"hidden\"\n\t\t\t\t\tautocomplete=\"off\" readonly \/>\n\t\t\t\t<label for=\"heb-range-input\" class=\"heb-range-input\">\n\t\t\t\t\t<i class=\"fa-sharp fa-solid fa-calendar-days\"><\/i>\n\t\t\t\t<\/label>\n\t\t\t\t<input name=\"heb-range-input\" id=\"heb-range-input\" type=\"text\" autocomplete=\"off\" readonly \/>\n\t\t\t<\/div>\n\t\t\t<!-- \/wp:horizon-blocks\/selected-dates -->\n\n\t\t\t<!-- wp:group {\"metadata\":{\"name\":\"card-price\"},\"className\":\"card-price\",\"style\":{\"elements\":{\"link\":{\"color\":{\"text\":\"var:preset|color|primary\"}}}},\"textColor\":\"primary\",\"layout\":{\"type\":\"constrained\"}} -->\n\t\t\t<div class=\"wp-block-group card-price has-primary-color has-text-color has-link-color\">\n\t\t\t\t<!-- wp:group {\"metadata\":{\"name\":\"no_value\"},\"className\":\"booking_no_value\",\"style\":{\"elements\":{\"fontSize\":\"m\",\"fontFamily\":\"secondary\",\"layout\":{\"type\":\"constrained\",\"justifyContent\":\"center\"}} -->\n\t\t\t\t<div\n\t\t\t\t\tclass=\"wp-block-group booking_no_value has-text-color has-link-color has-secondary-font-family has-m-font-size\">\n\t\t\t\t\t<!-- wp:paragraph {\"align\":\"center\",\"style\":{\"elements\":{\"link\":{\"color\":{\"text\":\"var:preset|color|secondary\"}}}},\"textColor\":\"secondary\",\"fontSize\":\"l\",\"fontFamily\":\"secondary\"} -->\n\t\t\t\t\t<p class=\"has-text-align-center has-secondary-color has-text-color has-link-color has-secondary-font-family has-l-font-size\">Disponible \u00e0 d&#8217;autres dates<\/p>\n\t\t\t\t\t<!-- \/wp:paragraph -->\n\t\t\t\t<\/div>\n\t\t\t\t<!-- \/wp:group -->\n\n\t\t\t\t<!-- wp:group {\"metadata\":{\"name\":\"default\"},\"className\":\"booking_default\",\"style\":{\"spacing\":{\"margin\":{\"top\":\"0\",\"bottom\":\"0\"},\"blockGap\":\"0\",\"padding\":{\"top\":\"var:preset|spacing|s\",\"bottom\":\"var:preset|spacing|s\"}}},\"layout\":{\"type\":\"constrained\"}} -->\n\t\t\t\t<div class=\"wp-block-group booking_default\"\n\t\t\t\t\tstyle=\"margin-top:0;margin-bottom:0;padding-top:var(--wp--preset--spacing--s);padding-bottom:var(--wp--preset--spacing--s)\">\n\t\t\t\t\t<!-- wp:paragraph {\"align\":\"center\",\"className\":\"is-style-Subtitles booking_price\",\"style\":{\"elements\":{\"link\":{\"color\":{\"text\":\"var:preset|color|primary\"}}},\"typography\":{\"textDecoration\":\"line-through\",\"lineHeight\":\"1.2\",\"fontWeight\":\"400\",\"fontStyle\":\"normal\"}},\"textColor\":\"primary\",\"fontSize\":\"xxxl\",\"fontFamily\":\"primary\"} -->\n\t\t\t\t\t<p class=\"has-text-align-center is-style-Subtitles booking_price has-primary-color has-text-color has-link-color has-primary-font-family has-xxxl-font-size\"\n\t\t\t\t\t\tstyle=\"font-style:normal;font-weight:400;line-height:1.2;text-decoration:line-through\"><\/p>\n\t\t\t\t\t<!-- \/wp:paragraph -->\n\n\t\t\t\t\t<!-- wp:paragraph {\"align\":\"center\",\"className\":\"is-style-Subtitles booking_no_discount\",\"style\":{\"typography\":{\"fontWeight\":\"700\",\"lineHeight\":\"1.2\",\"fontStyle\":\"normal\"},\"elements\":{\"link\":{\"color\":{\"text\":\"var:preset|color|primary\"}}}},\"textColor\":\"primary\",\"fontSize\":\"xxxxl\",\"fontFamily\":\"primary\"} -->\n\t\t\t\t\t<p class=\"has-text-align-center is-style-Subtitles booking_no_discount has-primary-color has-text-color has-link-color has-primary-font-family has-xxxxl-font-size\"\n\t\t\t\t\t\tstyle=\"font-style:normal;font-weight:700;line-height:1.2\"><\/p>\n\t\t\t\t\t<!-- \/wp:paragraph -->\n\t\t\t\t<\/div>\n\t\t\t\t<!-- \/wp:group -->\n\n\n\t\t\t\t<!-- wp:group {\"metadata\":{\"name\":\"flex\"},\"className\":\"booking_flex\",\"style\":{\"spacing\":{\"margin\":{\"top\":\"1rem\",\"bottom\":\"0\"},\"blockGap\":\"0\",\"layout\":{\"type\":\"constrained\"}} -->\n\t\t\t\t<div class=\"wp-block-group booking_flex\"\n\t\t\t\t\tstyle=\"margin-top:1rem;margin-bottom:0;\">\n\t\t\t\t\t\t\t\t\t\t\t\t\t\t\t<div class=\"booking_price_flex_box\">\n\t\t\t\t\t\t<!-- wp:paragraph {\"align\":\"center\",\"className\":\"is-style-Subtitles booking_price_flex\",\"style\":{\"elements\":{\"link\":{\"color\":{\"text\":\"var:preset|color|primary\"}}},\"typography\":{\"textDecoration\":\"line-through\",\"lineHeight\":\"1.2\",\"fontWeight\":\"400\",\"fontStyle\":\"normal\"}},\"textColor\":\"primary\",\"fontSize\":\"l\",\"fontFamily\":\"primary\"} -->\n\t\t\t\t\t\t<p class=\"has-text-align-center is-style-Subtitles booking_price_flex has-primary-color has-text-color has-link-color has-primary-font-family has-l-font-size\"\n\t\t\t\t\t\t\tstyle=\"font-style:normal;font-weight:400;line-height:1.2;text-decoration:line-through\"><\/p>\n\t\t\t\t\t\t<!-- \/wp:paragraph -->\n\n\t\t\t\t\t\t<!-- wp:paragraph {\"align\":\"center\",\"className\":\"is-style-Subtitles booking_no_discount_flex\",\"style\":{\"typography\":{\"fontWeight\":\"700\",\"lineHeight\":\"1.2\",\"fontStyle\":\"normal\"},\"elements\":{\"link\":{\"color\":{\"text\":\"var:preset|color|primary\"}}}},\"textColor\":\"primary\",\"fontSize\":\"xl\",\"fontFamily\":\"primary\"} -->\n\t\t\t\t\t\t<p class=\"has-text-align-center is-style-Subtitles booking_no_discount_flex has-primary-color has-text-color has-link-color has-primary-font-family has-xl-font-size\"\n\t\t\t\t\t\t\tstyle=\"font-style:normal;font-weight:700;line-height:1.2\"><\/p>\n\t\t\t\t\t\t<!-- \/wp:paragraph -->\n\t\t\t\t\t<\/div>\n\t\t\t\t<\/div>\n\t\t\t\t<!-- \/wp:group -->\n\n\n\n\t\t\t\t<!-- wp:group {\"metadata\":{\"name\":\"alt\"},\"className\":\"booking_alt\",\"layout\":{\"type\":\"constrained\"}} -->\n\t\t\t\t<div class=\"wp-block-group booking_alt\">\n\t\t\t\t\t<!-- wp:paragraph -->\n\t\t\t\t\t<p><\/p>\n\t\t\t\t\t<!-- \/wp:paragraph -->\n\n\t\t\t\t\t<!-- wp:group {\"className\":\"booking_alt_content\",\"layout\":{\"type\":\"constrained\"}} -->\n\t\t\t\t\t<div class=\"wp-block-group booking_alt_content\"><\/div>\n\t\t\t\t\t<!-- \/wp:group -->\n\t\t\t\t<\/div>\n\t\t\t\t<!-- \/wp:group -->\n\t\t\t\t\t\t\t<\/div>\n\t\t\t<!-- \/wp:group -->\n\t\t<\/div>\n\t\t<!-- \/wp:group -->\n\n\t\t<!-- wp:buttons {\"align\":\"full\",\"style\":{\"border\":{\"radius\":\"0px\"},\"spacing\":{\"blockGap\":{\"top\":\"0\",\"left\":\"0\"},\"margin\":{\"top\":\"0\",\"bottom\":\"0\"}}},\"fontSize\":\"l\",\"layout\":{\"type\":\"flex\",\"justifyContent\":\"space-between\",\"verticalAlignment\":\"stretch\",\"flexWrap\":\"nowrap\"}} -->\n\t\t<div class=\"wp-block-buttons alignfull has-custom-font-size has-l-font-size\"\n\t\t\tstyle=\"border-radius:0px;margin-top:0;margin-bottom:0\">\n\t\t\t<!-- wp:button {\"textAlign\":\"center\",\"textColor\":\"white\",\"width\":100,\"className\":\"booking-btn is-style-secondary-full-buttom\",\"style\":{\"border\":{\"radius\":{\"bottomLeft\":\"15px\",\"bottomRight\":\"15px\",\"topLeft\":\"0px\",\"topRight\":\"0px\"}},\"spacing\":{\"padding\":{\"left\":\"0\",\"right\":\"0\",\"top\":\"var:preset|spacing|m\",\"bottom\":\"var:preset|spacing|m\"}},\"elements\":{\"link\":{\"color\":{\"text\":\"var:preset|color|white\"}}},\"typography\":{\"fontWeight\":\"700\",\"fontStyle\":\"normal\"}},\"fontSize\":\"l\",\"hoverBackgroundColor\":\"#ed6c15ed\",\"hoverTextColor\":\"#fafafa\"} -->\n\t\t\t<div\n\t\t\t\tclass=\"wp-block-button has-custom-width wp-block-button__width-100 booking-btn is-style-secondary-full-buttom\"\n\t\t\t\tstyle=\"\">\n\t\t\t\t<a class=\"wp-block-button__link has-white-color has-text-color has-link-color has-xxxl-font-size has-text-align-center has-custom-font-size\"\n\t\t\t\t\tstyle=\"border-top-left-radius:0px;border-top-right-radius:0px;border-bottom-left-radius:15px;border-bottom-right-radius:15px;padding-top:var(--wp--preset--spacing--m);padding-right:0;padding-bottom:var(--wp--preset--spacing--m);padding-left:0;font-style:normal;font-weight:700\">Boek<\/a>\n\t\t\t<\/div>\n\t\t\t<!-- \/wp:button -->\n\t\t<\/div>\n\t\t<!-- \/wp:buttons -->\n\t<\/div>\n\t<!-- \/wp:group -->\n\n\n<\/div>\n                        \n                    <\/div>\n                    \n                <\/div>\n                \n            <\/div>\n            \n        <\/div>\n        \n\n        \n        <div style=\"height:100px\" aria-hidden=\"true\" class=\"wp-block-spacer spacer-top\"><\/div>\n        \n    <\/div>\n    \n\n    \n    <div class=\"wp-block-group alignfull has-beige-background-color has-background has-global-padding is-layout-constrained wp-block-group-is-layout-constrained\" style=\"padding-top:0\">\n        <div style=\"height:40px\" aria-hidden=\"true\" class=\"wp-block-spacer spacer-top\"><\/div>\n        \n\n            <div class=\"wp-block-group alignfull complementary-section wrap-mobile\"\n         style=\"padding-top:var(--wp--preset--spacing--l)\">\n        \n        <div class=\"wp-block-group recomendation-block\"\n             style=\"padding-top:var(--wp--preset--spacing--l);padding-bottom:var(--wp--preset--spacing--l);padding-left:var(--wp--preset--spacing--xxl);padding-right:var(--wp--preset--spacing--xxl);width:100%;\">\n            <div class=\"wp-block-group text-m-center title-block\" style=\"gap:0;\">\n                <h2 class=\"wp-block-heading has-primary-color has-text-color has-link-color has-dark-color has-xl-font-size \"\n                    style=\"margin:0;padding-top:0;padding-bottom:0;\">Accommodatie<\/h2>\n                <p class=\"has-secondary-font-family has-xxl-font-size has-dark-color\" style=\"margin:0;padding-top:0;padding-bottom:0;text-transform:uppercase\">\n                    Onze andere accommodaties                <\/p>\n            <\/div>\n\n            <div style=\"margin-top:0rem;margin-bottom:0rem;height:calc(100px - 1rem)\" aria-hidden=\"true\"\n                 class=\"wp-block-spacer\"><\/div>\n\n            <div class=\"wp-block-group\" style=\"position:relative;\">\n                                    <div class=\"swiper-compare dark-pagination\">\n                        <div class=\"swiper-wrapper\">\n                                                            <div class=\"swiper-slide\">\n                                    <div class=\"wp-block-group card-gamme is-style-default is-style-relative\"\n                                        data-booking-product=\"51774\"                                        data-booking-etab=\"5131\">\n                                        <div class=\"wp-block-group thumbnail-image\">\n                                            <a href=\"https:\/\/www.lelac-carnac.com\/nl\/hebergements\/stacaravan-ty-lok-26m%c2%b2-2-kamers-halfoverdekt-terras\/\" title=\"\">\n                                                <figure class=\"wp-block-image alignfull size-large\" style=\"margin:0;\">\n                                                    <img decoding=\"async\" src=\"https:\/\/cdn.horizon-marketing.com\/spio\/ret_img,q_cdnize,to_webp,s_webp\/www.lelac-carnac.com\/wp-content\/uploads\/2026\/01\/00000239740.jpg\"\n                                                         alt=\"Stacaravan Ty Lok &#8211; 26m\u00b2 &#8211; 2 kamers + halfoverdekt terras\"\/>\n                                                <\/figure>\n                                                <div class=\"full\">\n                                                    <p class=\"text\">Ook op andere data beschikbaar<\/p>\n                                                <\/div>\n                                            <\/a>\n                                        <\/div>\n\n                                        <div class=\"wp-block-group has-white-background-color has-background card-content\">\n                                            <div class=\"wp-block-group content\">\n                                                <h3 class=\"wp-block-heading has-secondary-color has-link-color has-secondary-color\">\n                                                    Stacaravan Ty Lok &#8211; 26m\u00b2 &#8211; 2 kamers + halfoverdekt terras                                                <\/h3>\n\n                                                <p class=\"booking_subtitle has-primary-color has-text-color has-link-color has-s-font-size\">\n                                                                                                  <\/p>\n                                            <\/div>\n\n                                            <div class=\"wp-block-group card-price has-background\">\n                                                <div class=\"booking_default\">\n                                                    <p class=\"has-text-align-right\">\n                                                        Van                                                    <\/p>\n\n                                                    <p class=\"has-text-align-right booking_price has-secondary-font-family\"><\/p>\n                                                    <p class=\"has-text-align-right booking_no_discount has-secondary-font-family\"><\/p>\n\n                                                    <p class=\"has-text-align-right dates\">\n                                                        Van <span class=\"start\"><\/span> naar <span class=\"end\"><\/span>                                                    <\/p>\n                                                <\/div>\n                                                <div class=\"wp-block-group booking_alt\">\n                                                    <p class=\"booking_alt_text\">Ook op andere data beschikbaar<\/p>\n                                                    <div class=\"booking_alt_content\">\n                                                    <\/div>\n                                                <\/div>\n                                            <\/div>\n                                        <\/div>\n                                        <div class=\"wp-block-buttons has-custom-font-size has-l-font-size\">\n                                            <div class=\"wp-block-button has-custom-width wp-block-button__width-100 has-custom-font-size booking-btn has-secondary-font-family\">\n                                                <a href=\"https:\/\/www.lelac-carnac.com\/nl\/hebergements\/stacaravan-ty-lok-26m%c2%b2-2-kamers-halfoverdekt-terras\/\"\n                                                   class=\"wp-block-button__link has-white-color has-text-color has-background has-link-color has-text-align-center wp-element-button\">Ontdek<\/a>\n                                            <\/div>\n                                        <\/div>\n                                        <div class=\"booking_last\">\n                                            <p class=\"booking_last_content\">\n                                                Alleen <span class=\"booking_last_value\"><\/span> <br>beschikbaar                                            <\/p>\n                                        <\/div>\n                                        <div class=\"booking_exclusive is-style-hover-image-effect\"><\/div>\n                                    <\/div>\n                                <\/div>\n                                                            <div class=\"swiper-slide\">\n                                    <div class=\"wp-block-group card-gamme is-style-default is-style-relative\"\n                                        data-booking-product=\"89880\"                                        data-booking-etab=\"5131\">\n                                        <div class=\"wp-block-group thumbnail-image\">\n                                            <a href=\"https:\/\/www.lelac-carnac.com\/nl\/hebergements\/stacaravan-ty-latz-22m%c2%b2-1-kamer-terras\/\" title=\"\">\n                                                <figure class=\"wp-block-image alignfull size-large\" style=\"margin:0;\">\n                                                    <img decoding=\"async\" src=\"https:\/\/cdn.horizon-marketing.com\/spio\/ret_img,q_cdnize,to_webp,s_webp\/www.lelac-carnac.com\/wp-content\/uploads\/2026\/01\/00001243496-1024x684.jpg\"\n                                                         alt=\"Stacaravan Ty Latz &#8211; 22m\u00b2 &#8211; 1 kamer + terras\"\/>\n                                                <\/figure>\n                                                <div class=\"full\">\n                                                    <p class=\"text\">Ook op andere data beschikbaar<\/p>\n                                                <\/div>\n                                            <\/a>\n                                        <\/div>\n\n                                        <div class=\"wp-block-group has-white-background-color has-background card-content\">\n                                            <div class=\"wp-block-group content\">\n                                                <h3 class=\"wp-block-heading has-secondary-color has-link-color has-secondary-color\">\n                                                    Stacaravan Ty Latz &#8211; 22m\u00b2 &#8211; 1 kamer + terras                                                <\/h3>\n\n                                                <p class=\"booking_subtitle has-primary-color has-text-color has-link-color has-s-font-size\">\n                                                                                                  <\/p>\n                                            <\/div>\n\n                                            <div class=\"wp-block-group card-price has-background\">\n                                                <div class=\"booking_default\">\n                                                    <p class=\"has-text-align-right\">\n                                                        Van                                                    <\/p>\n\n                                                    <p class=\"has-text-align-right booking_price has-secondary-font-family\"><\/p>\n                                                    <p class=\"has-text-align-right booking_no_discount has-secondary-font-family\"><\/p>\n\n                                                    <p class=\"has-text-align-right dates\">\n                                                        Van <span class=\"start\"><\/span> naar <span class=\"end\"><\/span>                                                    <\/p>\n                                                <\/div>\n                                                <div class=\"wp-block-group booking_alt\">\n                                                    <p class=\"booking_alt_text\">Ook op andere data beschikbaar<\/p>\n                                                    <div class=\"booking_alt_content\">\n                                                    <\/div>\n                                                <\/div>\n                                            <\/div>\n                                        <\/div>\n                                        <div class=\"wp-block-buttons has-custom-font-size has-l-font-size\">\n                                            <div class=\"wp-block-button has-custom-width wp-block-button__width-100 has-custom-font-size booking-btn has-secondary-font-family\">\n                                                <a href=\"https:\/\/www.lelac-carnac.com\/nl\/hebergements\/stacaravan-ty-latz-22m%c2%b2-1-kamer-terras\/\"\n                                                   class=\"wp-block-button__link has-white-color has-text-color has-background has-link-color has-text-align-center wp-element-button\">Ontdek<\/a>\n                                            <\/div>\n                                        <\/div>\n                                        <div class=\"booking_last\">\n                                            <p class=\"booking_last_content\">\n                                                Alleen <span class=\"booking_last_value\"><\/span> <br>beschikbaar                                            <\/p>\n                                        <\/div>\n                                        <div class=\"booking_exclusive is-style-hover-image-effect\"><\/div>\n                                    <\/div>\n                                <\/div>\n                                                            <div class=\"swiper-slide\">\n                                    <div class=\"wp-block-group card-gamme is-style-default is-style-relative\"\n                                        data-booking-product=\"89878\"                                        data-booking-etab=\"5131\">\n                                        <div class=\"wp-block-group thumbnail-image\">\n                                            <a href=\"https:\/\/www.lelac-carnac.com\/nl\/hebergements\/stacaravan-ty-ker-solo-23m%c2%b2-1-kamer-terras\/\" title=\"\">\n                                                <figure class=\"wp-block-image alignfull size-large\" style=\"margin:0;\">\n                                                    <img decoding=\"async\" src=\"https:\/\/cdn.horizon-marketing.com\/spio\/ret_img,q_cdnize,to_webp,s_webp\/www.lelac-carnac.com\/wp-content\/uploads\/2026\/01\/00000677642-1024x683.jpg\"\n                                                         alt=\"Stacaravan Ty Ker Solo &#8211; 23m\u00b2 &#8211; 1 kamer + terras\"\/>\n                                                <\/figure>\n                                                <div class=\"full\">\n                                                    <p class=\"text\">Ook op andere data beschikbaar<\/p>\n                                                <\/div>\n                                            <\/a>\n                                        <\/div>\n\n                                        <div class=\"wp-block-group has-white-background-color has-background card-content\">\n                                            <div class=\"wp-block-group content\">\n                                                <h3 class=\"wp-block-heading has-secondary-color has-link-color has-secondary-color\">\n                                                    Stacaravan Ty Ker Solo &#8211; 23m\u00b2 &#8211; 1 kamer + terras                                                <\/h3>\n\n                                                <p class=\"booking_subtitle has-primary-color has-text-color has-link-color has-s-font-size\">\n                                                                                                  <\/p>\n                                            <\/div>\n\n                                            <div class=\"wp-block-group card-price has-background\">\n                                                <div class=\"booking_default\">\n                                                    <p class=\"has-text-align-right\">\n                                                        Van                                                    <\/p>\n\n                                                    <p class=\"has-text-align-right booking_price has-secondary-font-family\"><\/p>\n                                                    <p class=\"has-text-align-right booking_no_discount has-secondary-font-family\"><\/p>\n\n                                                    <p class=\"has-text-align-right dates\">\n                                                        Van <span class=\"start\"><\/span> naar <span class=\"end\"><\/span>                                                    <\/p>\n                                                <\/div>\n                                                <div class=\"wp-block-group booking_alt\">\n                                                    <p class=\"booking_alt_text\">Ook op andere data beschikbaar<\/p>\n                                                    <div class=\"booking_alt_content\">\n                                                    <\/div>\n                                                <\/div>\n                                            <\/div>\n                                        <\/div>\n                                        <div class=\"wp-block-buttons has-custom-font-size has-l-font-size\">\n                                            <div class=\"wp-block-button has-custom-width wp-block-button__width-100 has-custom-font-size booking-btn has-secondary-font-family\">\n                                                <a href=\"https:\/\/www.lelac-carnac.com\/nl\/hebergements\/stacaravan-ty-ker-solo-23m%c2%b2-1-kamer-terras\/\"\n                                                   class=\"wp-block-button__link has-white-color has-text-color has-background has-link-color has-text-align-center wp-element-button\">Ontdek<\/a>\n                                            <\/div>\n                                        <\/div>\n                                        <div class=\"booking_last\">\n                                            <p class=\"booking_last_content\">\n                                                Alleen <span class=\"booking_last_value\"><\/span> <br>beschikbaar                                            <\/p>\n                                        <\/div>\n                                        <div class=\"booking_exclusive is-style-hover-image-effect\"><\/div>\n                                    <\/div>\n                                <\/div>\n                                                            <div class=\"swiper-slide\">\n                                    <div class=\"wp-block-group card-gamme is-style-default is-style-relative\"\n                                        data-booking-product=\"63080\"                                        data-booking-etab=\"5131\">\n                                        <div class=\"wp-block-group thumbnail-image\">\n                                            <a href=\"https:\/\/www.lelac-carnac.com\/nl\/hebergements\/stacaravan-ty-ker-24m%c2%b2-2-kamers-terras\/\" title=\"\">\n                                                <figure class=\"wp-block-image alignfull size-large\" style=\"margin:0;\">\n                                                    <img decoding=\"async\" src=\"https:\/\/cdn.horizon-marketing.com\/spio\/ret_img,q_cdnize,to_webp,s_webp\/www.lelac-carnac.com\/wp-content\/uploads\/2026\/01\/00001275014-1024x576.jpeg\"\n                                                         alt=\"Stacaravan Ty Ker &#8211; 24m\u00b2 &#8211; 2 kamers + terras\"\/>\n                                                <\/figure>\n                                                <div class=\"full\">\n                                                    <p class=\"text\">Ook op andere data beschikbaar<\/p>\n                                                <\/div>\n                                            <\/a>\n                                        <\/div>\n\n                                        <div class=\"wp-block-group has-white-background-color has-background card-content\">\n                                            <div class=\"wp-block-group content\">\n                                                <h3 class=\"wp-block-heading has-secondary-color has-link-color has-secondary-color\">\n                                                    Stacaravan Ty Ker &#8211; 24m\u00b2 &#8211; 2 kamers + terras                                                <\/h3>\n\n                                                <p class=\"booking_subtitle has-primary-color has-text-color has-link-color has-s-font-size\">\n                                                                                                  <\/p>\n                                            <\/div>\n\n                                            <div class=\"wp-block-group card-price has-background\">\n                                                <div class=\"booking_default\">\n                                                    <p class=\"has-text-align-right\">\n                                                        Van                                                    <\/p>\n\n                                                    <p class=\"has-text-align-right booking_price has-secondary-font-family\"><\/p>\n                                                    <p class=\"has-text-align-right booking_no_discount has-secondary-font-family\"><\/p>\n\n                                                    <p class=\"has-text-align-right dates\">\n                                                        Van <span class=\"start\"><\/span> naar <span class=\"end\"><\/span>                                                    <\/p>\n                                                <\/div>\n                                                <div class=\"wp-block-group booking_alt\">\n                                                    <p class=\"booking_alt_text\">Ook op andere data beschikbaar<\/p>\n                                                    <div class=\"booking_alt_content\">\n                                                    <\/div>\n                                                <\/div>\n                                            <\/div>\n                                        <\/div>\n                                        <div class=\"wp-block-buttons has-custom-font-size has-l-font-size\">\n                                            <div class=\"wp-block-button has-custom-width wp-block-button__width-100 has-custom-font-size booking-btn has-secondary-font-family\">\n                                                <a href=\"https:\/\/www.lelac-carnac.com\/nl\/hebergements\/stacaravan-ty-ker-24m%c2%b2-2-kamers-terras\/\"\n                                                   class=\"wp-block-button__link has-white-color has-text-color has-background has-link-color has-text-align-center wp-element-button\">Ontdek<\/a>\n                                            <\/div>\n                                        <\/div>\n                                        <div class=\"booking_last\">\n                                            <p class=\"booking_last_content\">\n                                                Alleen <span class=\"booking_last_value\"><\/span> <br>beschikbaar                                            <\/p>\n                                        <\/div>\n                                        <div class=\"booking_exclusive is-style-hover-image-effect\"><\/div>\n                                    <\/div>\n                                <\/div>\n                                                            <div class=\"swiper-slide\">\n                                    <div class=\"wp-block-group card-gamme is-style-default is-style-relative\"\n                                        data-booking-product=\"141009\"                                        data-booking-etab=\"5131\">\n                                        <div class=\"wp-block-group thumbnail-image\">\n                                            <a href=\"https:\/\/www.lelac-carnac.com\/nl\/hebergements\/stacaravan-ty-heol-30m%c2%b2-2-kamers-terras\/\" title=\"\">\n                                                <figure class=\"wp-block-image alignfull size-large\" style=\"margin:0;\">\n                                                    <img decoding=\"async\" src=\"https:\/\/cdn.horizon-marketing.com\/spio\/ret_img,q_cdnize,to_webp,s_webp\/www.lelac-carnac.com\/wp-content\/uploads\/2026\/01\/00001275023-1024x558.jpeg\"\n                                                         alt=\"Stacaravan Ty Heol &#8211; 30m\u00b2 &#8211; 2 kamers + terras\"\/>\n                                                <\/figure>\n                                                <div class=\"full\">\n                                                    <p class=\"text\">Ook op andere data beschikbaar<\/p>\n                                                <\/div>\n                                            <\/a>\n                                        <\/div>\n\n                                        <div class=\"wp-block-group has-white-background-color has-background card-content\">\n                                            <div class=\"wp-block-group content\">\n                                                <h3 class=\"wp-block-heading has-secondary-color has-link-color has-secondary-color\">\n                                                    Stacaravan Ty Heol &#8211; 30m\u00b2 &#8211; 2 kamers + terras                                                <\/h3>\n\n                                                <p class=\"booking_subtitle has-primary-color has-text-color has-link-color has-s-font-size\">\n                                                                                                  <\/p>\n                                            <\/div>\n\n                                            <div class=\"wp-block-group card-price has-background\">\n                                                <div class=\"booking_default\">\n                                                    <p class=\"has-text-align-right\">\n                                                        Van                                                    <\/p>\n\n                                                    <p class=\"has-text-align-right booking_price has-secondary-font-family\"><\/p>\n                                                    <p class=\"has-text-align-right booking_no_discount has-secondary-font-family\"><\/p>\n\n                                                    <p class=\"has-text-align-right dates\">\n                                                        Van <span class=\"start\"><\/span> naar <span class=\"end\"><\/span>                                                    <\/p>\n                                                <\/div>\n                                                <div class=\"wp-block-group booking_alt\">\n                                                    <p class=\"booking_alt_text\">Ook op andere data beschikbaar<\/p>\n                                                    <div class=\"booking_alt_content\">\n                                                    <\/div>\n                                                <\/div>\n                                            <\/div>\n                                        <\/div>\n                                        <div class=\"wp-block-buttons has-custom-font-size has-l-font-size\">\n                                            <div class=\"wp-block-button has-custom-width wp-block-button__width-100 has-custom-font-size booking-btn has-secondary-font-family\">\n                                                <a href=\"https:\/\/www.lelac-carnac.com\/nl\/hebergements\/stacaravan-ty-heol-30m%c2%b2-2-kamers-terras\/\"\n                                                   class=\"wp-block-button__link has-white-color has-text-color has-background has-link-color has-text-align-center wp-element-button\">Ontdek<\/a>\n                                            <\/div>\n                                        <\/div>\n                                        <div class=\"booking_last\">\n                                            <p class=\"booking_last_content\">\n                                                Alleen <span class=\"booking_last_value\"><\/span> <br>beschikbaar                                            <\/p>\n                                        <\/div>\n                                        <div class=\"booking_exclusive is-style-hover-image-effect\"><\/div>\n                                    <\/div>\n                                <\/div>\n                                                            <div class=\"swiper-slide\">\n                                    <div class=\"wp-block-group card-gamme is-style-default is-style-relative\"\n                                        data-booking-product=\"89881\"                                        data-booking-etab=\"5131\">\n                                        <div class=\"wp-block-group thumbnail-image\">\n                                            <a href=\"https:\/\/www.lelac-carnac.com\/nl\/hebergements\/stacaravan-ty-breizh-28m%c2%b2-2-kamers-terras\/\" title=\"\">\n                                                <figure class=\"wp-block-image alignfull size-large\" style=\"margin:0;\">\n                                                    <img decoding=\"async\" src=\"https:\/\/cdn.horizon-marketing.com\/spio\/ret_img,q_cdnize,to_webp,s_webp\/www.lelac-carnac.com\/wp-content\/uploads\/2026\/01\/00001243454-1024x768.jpeg\"\n                                                         alt=\"Stacaravan Ty Breizh &#8211; 28m\u00b2 &#8211; 2 kamers + terras\"\/>\n                                                <\/figure>\n                                                <div class=\"full\">\n                                                    <p class=\"text\">Ook op andere data beschikbaar<\/p>\n                                                <\/div>\n                                            <\/a>\n                                        <\/div>\n\n                                        <div class=\"wp-block-group has-white-background-color has-background card-content\">\n                                            <div class=\"wp-block-group content\">\n                                                <h3 class=\"wp-block-heading has-secondary-color has-link-color has-secondary-color\">\n                                                    Stacaravan Ty Breizh &#8211; 28m\u00b2 &#8211; 2 kamers + terras                                                <\/h3>\n\n                                                <p class=\"booking_subtitle has-primary-color has-text-color has-link-color has-s-font-size\">\n                                                                                                  <\/p>\n                                            <\/div>\n\n                                            <div class=\"wp-block-group card-price has-background\">\n                                                <div class=\"booking_default\">\n                                                    <p class=\"has-text-align-right\">\n                                                        Van                                                    <\/p>\n\n                                                    <p class=\"has-text-align-right booking_price has-secondary-font-family\"><\/p>\n                                                    <p class=\"has-text-align-right booking_no_discount has-secondary-font-family\"><\/p>\n\n                                                    <p class=\"has-text-align-right dates\">\n                                                        Van <span class=\"start\"><\/span> naar <span class=\"end\"><\/span>                                                    <\/p>\n                                                <\/div>\n                                                <div class=\"wp-block-group booking_alt\">\n                                                    <p class=\"booking_alt_text\">Ook op andere data beschikbaar<\/p>\n                                                    <div class=\"booking_alt_content\">\n                                                    <\/div>\n                                                <\/div>\n                                            <\/div>\n                                        <\/div>\n                                        <div class=\"wp-block-buttons has-custom-font-size has-l-font-size\">\n                                            <div class=\"wp-block-button has-custom-width wp-block-button__width-100 has-custom-font-size booking-btn has-secondary-font-family\">\n                                                <a href=\"https:\/\/www.lelac-carnac.com\/nl\/hebergements\/stacaravan-ty-breizh-28m%c2%b2-2-kamers-terras\/\"\n                                                   class=\"wp-block-button__link has-white-color has-text-color has-background has-link-color has-text-align-center wp-element-button\">Ontdek<\/a>\n                                            <\/div>\n                                        <\/div>\n                                        <div class=\"booking_last\">\n                                            <p class=\"booking_last_content\">\n                                                Alleen <span class=\"booking_last_value\"><\/span> <br>beschikbaar                                            <\/p>\n                                        <\/div>\n                                        <div class=\"booking_exclusive is-style-hover-image-effect\"><\/div>\n                                    <\/div>\n                                <\/div>\n                                                            <div class=\"swiper-slide\">\n                                    <div class=\"wp-block-group card-gamme is-style-default is-style-relative\"\n                                        data-booking-product=\"141005\"                                        data-booking-etab=\"5131\">\n                                        <div class=\"wp-block-group thumbnail-image\">\n                                            <a href=\"https:\/\/www.lelac-carnac.com\/nl\/hebergements\/stacaravan-ty-brehat-37m%c2%b2-3-kamers-terras\/\" title=\"\">\n                                                <figure class=\"wp-block-image alignfull size-large\" style=\"margin:0;\">\n                                                    <img decoding=\"async\" src=\"https:\/\/cdn.horizon-marketing.com\/spio\/ret_img,q_cdnize,to_webp,s_webp\/www.lelac-carnac.com\/wp-content\/uploads\/2026\/01\/00001243433-1024x768.jpg\"\n                                                         alt=\"Stacaravan Ty Brehat &#8211; 37m\u00b2 &#8211; 3 kamers + terras\"\/>\n                                                <\/figure>\n                                                <div class=\"full\">\n                                                    <p class=\"text\">Ook op andere data beschikbaar<\/p>\n                                                <\/div>\n                                            <\/a>\n                                        <\/div>\n\n                                        <div class=\"wp-block-group has-white-background-color has-background card-content\">\n                                            <div class=\"wp-block-group content\">\n                                                <h3 class=\"wp-block-heading has-secondary-color has-link-color has-secondary-color\">\n                                                    Stacaravan Ty Brehat &#8211; 37m\u00b2 &#8211; 3 kamers + terras                                                <\/h3>\n\n                                                <p class=\"booking_subtitle has-primary-color has-text-color has-link-color has-s-font-size\">\n                                                                                                  <\/p>\n                                            <\/div>\n\n                                            <div class=\"wp-block-group card-price has-background\">\n                                                <div class=\"booking_default\">\n                                                    <p class=\"has-text-align-right\">\n                                                        Van                                                    <\/p>\n\n                                                    <p class=\"has-text-align-right booking_price has-secondary-font-family\"><\/p>\n                                                    <p class=\"has-text-align-right booking_no_discount has-secondary-font-family\"><\/p>\n\n                                                    <p class=\"has-text-align-right dates\">\n                                                        Van <span class=\"start\"><\/span> naar <span class=\"end\"><\/span>                                                    <\/p>\n                                                <\/div>\n                                                <div class=\"wp-block-group booking_alt\">\n                                                    <p class=\"booking_alt_text\">Ook op andere data beschikbaar<\/p>\n                                                    <div class=\"booking_alt_content\">\n                                                    <\/div>\n                                                <\/div>\n                                            <\/div>\n                                        <\/div>\n                                        <div class=\"wp-block-buttons has-custom-font-size has-l-font-size\">\n                                            <div class=\"wp-block-button has-custom-width wp-block-button__width-100 has-custom-font-size booking-btn has-secondary-font-family\">\n                                                <a href=\"https:\/\/www.lelac-carnac.com\/nl\/hebergements\/stacaravan-ty-brehat-37m%c2%b2-3-kamers-terras\/\"\n                                                   class=\"wp-block-button__link has-white-color has-text-color has-background has-link-color has-text-align-center wp-element-button\">Ontdek<\/a>\n                                            <\/div>\n                                        <\/div>\n                                        <div class=\"booking_last\">\n                                            <p class=\"booking_last_content\">\n                                                Alleen <span class=\"booking_last_value\"><\/span> <br>beschikbaar                                            <\/p>\n                                        <\/div>\n                                        <div class=\"booking_exclusive is-style-hover-image-effect\"><\/div>\n                                    <\/div>\n                                <\/div>\n                                                            <div class=\"swiper-slide\">\n                                    <div class=\"wp-block-group card-gamme is-style-default is-style-relative\"\n                                        data-booking-product=\"141004\"                                        data-booking-etab=\"5131\">\n                                        <div class=\"wp-block-group thumbnail-image\">\n                                            <a href=\"https:\/\/www.lelac-carnac.com\/nl\/hebergements\/stacaravan-ty-brehat-32m%c2%b2-2-kamers-overdekt-terras\/\" title=\"\">\n                                                <figure class=\"wp-block-image alignfull size-large\" style=\"margin:0;\">\n                                                    <img decoding=\"async\" src=\"https:\/\/cdn.horizon-marketing.com\/spio\/ret_img,q_cdnize,to_webp,s_webp\/www.lelac-carnac.com\/wp-content\/themes\/horizon-marketing\/assets\/img\/default-heb.webp\"\n                                                         alt=\"Stacaravan Ty Brehat &#8211; 32m\u00b2 &#8211; 2 kamers + overdekt terras\"\/>\n                                                <\/figure>\n                                                <div class=\"full\">\n                                                    <p class=\"text\">Ook op andere data beschikbaar<\/p>\n                                                <\/div>\n                                            <\/a>\n                                        <\/div>\n\n                                        <div class=\"wp-block-group has-white-background-color has-background card-content\">\n                                            <div class=\"wp-block-group content\">\n                                                <h3 class=\"wp-block-heading has-secondary-color has-link-color has-secondary-color\">\n                                                    Stacaravan Ty Brehat &#8211; 32m\u00b2 &#8211; 2 kamers + overdekt terras                                                <\/h3>\n\n                                                <p class=\"booking_subtitle has-primary-color has-text-color has-link-color has-s-font-size\">\n                                                                                                  <\/p>\n                                            <\/div>\n\n                                            <div class=\"wp-block-group card-price has-background\">\n                                                <div class=\"booking_default\">\n                                                    <p class=\"has-text-align-right\">\n                                                        Van                                                    <\/p>\n\n                                                    <p class=\"has-text-align-right booking_price has-secondary-font-family\"><\/p>\n                                                    <p class=\"has-text-align-right booking_no_discount has-secondary-font-family\"><\/p>\n\n                                                    <p class=\"has-text-align-right dates\">\n                                                        Van <span class=\"start\"><\/span> naar <span class=\"end\"><\/span>                                                    <\/p>\n                                                <\/div>\n                                                <div class=\"wp-block-group booking_alt\">\n                                                    <p class=\"booking_alt_text\">Ook op andere data beschikbaar<\/p>\n                                                    <div class=\"booking_alt_content\">\n                                                    <\/div>\n                                                <\/div>\n                                            <\/div>\n                                        <\/div>\n                                        <div class=\"wp-block-buttons has-custom-font-size has-l-font-size\">\n                                            <div class=\"wp-block-button has-custom-width wp-block-button__width-100 has-custom-font-size booking-btn has-secondary-font-family\">\n                                                <a href=\"https:\/\/www.lelac-carnac.com\/nl\/hebergements\/stacaravan-ty-brehat-32m%c2%b2-2-kamers-overdekt-terras\/\"\n                                                   class=\"wp-block-button__link has-white-color has-text-color has-background has-link-color has-text-align-center wp-element-button\">Ontdek<\/a>\n                                            <\/div>\n                                        <\/div>\n                                        <div class=\"booking_last\">\n                                            <p class=\"booking_last_content\">\n                                                Alleen <span class=\"booking_last_value\"><\/span> <br>beschikbaar                                            <\/p>\n                                        <\/div>\n                                        <div class=\"booking_exclusive is-style-hover-image-effect\"><\/div>\n                                    <\/div>\n                                <\/div>\n                                                            <div class=\"swiper-slide\">\n                                    <div class=\"wp-block-group card-gamme is-style-default is-style-relative\"\n                                        data-booking-product=\"141003\"                                        data-booking-etab=\"5131\">\n                                        <div class=\"wp-block-group thumbnail-image\">\n                                            <a href=\"https:\/\/www.lelac-carnac.com\/nl\/hebergements\/stacaravan-ty-brehat-40-m%c2%b2-2-slaapkamers-2-badkamers-overdekt-terras\/\" title=\"\">\n                                                <figure class=\"wp-block-image alignfull size-large\" style=\"margin:0;\">\n                                                    <img decoding=\"async\" src=\"https:\/\/cdn.horizon-marketing.com\/spio\/ret_img,q_cdnize,to_webp,s_webp\/www.lelac-carnac.com\/wp-content\/uploads\/2026\/01\/00001286014-1024x768.jpg\"\n                                                         alt=\"Stacaravan Ty Brehat &#8211; 40 m\u00b2 &#8211; 2 slaapkamers &#8211; 2 badkamers + overdekt terras\"\/>\n                                                <\/figure>\n                                                <div class=\"full\">\n                                                    <p class=\"text\">Ook op andere data beschikbaar<\/p>\n                                                <\/div>\n                                            <\/a>\n                                        <\/div>\n\n                                        <div class=\"wp-block-group has-white-background-color has-background card-content\">\n                                            <div class=\"wp-block-group content\">\n                                                <h3 class=\"wp-block-heading has-secondary-color has-link-color has-secondary-color\">\n                                                    Stacaravan Ty Brehat &#8211; 40 m\u00b2 &#8211; 2 slaapkamers &#8211; 2 badkamers + overdekt terras                                                <\/h3>\n\n                                                <p class=\"booking_subtitle has-primary-color has-text-color has-link-color has-s-font-size\">\n                                                                                                  <\/p>\n                                            <\/div>\n\n                                            <div class=\"wp-block-group card-price has-background\">\n                                                <div class=\"booking_default\">\n                                                    <p class=\"has-text-align-right\">\n                                                        Van                                                    <\/p>\n\n                                                    <p class=\"has-text-align-right booking_price has-secondary-font-family\"><\/p>\n                                                    <p class=\"has-text-align-right booking_no_discount has-secondary-font-family\"><\/p>\n\n                                                    <p class=\"has-text-align-right dates\">\n                                                        Van <span class=\"start\"><\/span> naar <span class=\"end\"><\/span>                                                    <\/p>\n                                                <\/div>\n                                                <div class=\"wp-block-group booking_alt\">\n                                                    <p class=\"booking_alt_text\">Ook op andere data beschikbaar<\/p>\n                                                    <div class=\"booking_alt_content\">\n                                                    <\/div>\n                                                <\/div>\n                                            <\/div>\n                                        <\/div>\n                                        <div class=\"wp-block-buttons has-custom-font-size has-l-font-size\">\n                                            <div class=\"wp-block-button has-custom-width wp-block-button__width-100 has-custom-font-size booking-btn has-secondary-font-family\">\n                                                <a href=\"https:\/\/www.lelac-carnac.com\/nl\/hebergements\/stacaravan-ty-brehat-40-m%c2%b2-2-slaapkamers-2-badkamers-overdekt-terras\/\"\n                                                   class=\"wp-block-button__link has-white-color has-text-color has-background has-link-color has-text-align-center wp-element-button\">Ontdek<\/a>\n                                            <\/div>\n                                        <\/div>\n                                        <div class=\"booking_last\">\n                                            <p class=\"booking_last_content\">\n                                                Alleen <span class=\"booking_last_value\"><\/span> <br>beschikbaar                                            <\/p>\n                                        <\/div>\n                                        <div class=\"booking_exclusive is-style-hover-image-effect\"><\/div>\n                                    <\/div>\n                                <\/div>\n                                                            <div class=\"swiper-slide\">\n                                    <div class=\"wp-block-group card-gamme is-style-default is-style-relative\"\n                                        data-booking-product=\"51776\"                                        data-booking-etab=\"5131\">\n                                        <div class=\"wp-block-group thumbnail-image\">\n                                            <a href=\"https:\/\/www.lelac-carnac.com\/nl\/hebergements\/stacaravan-ty-bihan-32m%c2%b2-3-kamers-terras\/\" title=\"\">\n                                                <figure class=\"wp-block-image alignfull size-large\" style=\"margin:0;\">\n                                                    <img decoding=\"async\" src=\"https:\/\/cdn.horizon-marketing.com\/spio\/ret_img,q_cdnize,to_webp,s_webp\/www.lelac-carnac.com\/wp-content\/uploads\/2026\/01\/00001243391.png\"\n                                                         alt=\"Stacaravan Ty Bihan &#8211; 32m\u00b2 &#8211; 3 kamers + terras\"\/>\n                                                <\/figure>\n                                                <div class=\"full\">\n                                                    <p class=\"text\">Ook op andere data beschikbaar<\/p>\n                                                <\/div>\n                                            <\/a>\n                                        <\/div>\n\n                                        <div class=\"wp-block-group has-white-background-color has-background card-content\">\n                                            <div class=\"wp-block-group content\">\n                                                <h3 class=\"wp-block-heading has-secondary-color has-link-color has-secondary-color\">\n                                                    Stacaravan Ty Bihan &#8211; 32m\u00b2 &#8211; 3 kamers + terras                                                <\/h3>\n\n                                                <p class=\"booking_subtitle has-primary-color has-text-color has-link-color has-s-font-size\">\n                                                                                                  <\/p>\n                                            <\/div>\n\n                                            <div class=\"wp-block-group card-price has-background\">\n                                                <div class=\"booking_default\">\n                                                    <p class=\"has-text-align-right\">\n                                                        Van                                                    <\/p>\n\n                                                    <p class=\"has-text-align-right booking_price has-secondary-font-family\"><\/p>\n                                                    <p class=\"has-text-align-right booking_no_discount has-secondary-font-family\"><\/p>\n\n                                                    <p class=\"has-text-align-right dates\">\n                                                        Van <span class=\"start\"><\/span> naar <span class=\"end\"><\/span>                                                    <\/p>\n                                                <\/div>\n                                                <div class=\"wp-block-group booking_alt\">\n                                                    <p class=\"booking_alt_text\">Ook op andere data beschikbaar<\/p>\n                                                    <div class=\"booking_alt_content\">\n                                                    <\/div>\n                                                <\/div>\n                                            <\/div>\n                                        <\/div>\n                                        <div class=\"wp-block-buttons has-custom-font-size has-l-font-size\">\n                                            <div class=\"wp-block-button has-custom-width wp-block-button__width-100 has-custom-font-size booking-btn has-secondary-font-family\">\n                                                <a href=\"https:\/\/www.lelac-carnac.com\/nl\/hebergements\/stacaravan-ty-bihan-32m%c2%b2-3-kamers-terras\/\"\n                                                   class=\"wp-block-button__link has-white-color has-text-color has-background has-link-color has-text-align-center wp-element-button\">Ontdek<\/a>\n                                            <\/div>\n                                        <\/div>\n                                        <div class=\"booking_last\">\n                                            <p class=\"booking_last_content\">\n                                                Alleen <span class=\"booking_last_value\"><\/span> <br>beschikbaar                                            <\/p>\n                                        <\/div>\n                                        <div class=\"booking_exclusive is-style-hover-image-effect\"><\/div>\n                                    <\/div>\n                                <\/div>\n                                                            <div class=\"swiper-slide\">\n                                    <div class=\"wp-block-group card-gamme is-style-default is-style-relative\"\n                                        data-booking-product=\"45310\"                                        data-booking-etab=\"5131\">\n                                        <div class=\"wp-block-group thumbnail-image\">\n                                            <a href=\"https:\/\/www.lelac-carnac.com\/nl\/hebergements\/roulotte-21m%c2%b2-2-kamers-terras\/\" title=\"\">\n                                                <figure class=\"wp-block-image alignfull size-large\" style=\"margin:0;\">\n                                                    <img decoding=\"async\" src=\"https:\/\/cdn.horizon-marketing.com\/spio\/ret_img,q_cdnize,to_webp,s_webp\/www.lelac-carnac.com\/wp-content\/uploads\/2026\/01\/00001243376-1024x412.jpg\"\n                                                         alt=\"Roulotte &#8211; 21m\u00b2 &#8211; 2 kamers + terras\"\/>\n                                                <\/figure>\n                                                <div class=\"full\">\n                                                    <p class=\"text\">Ook op andere data beschikbaar<\/p>\n                                                <\/div>\n                                            <\/a>\n                                        <\/div>\n\n                                        <div class=\"wp-block-group has-white-background-color has-background card-content\">\n                                            <div class=\"wp-block-group content\">\n                                                <h3 class=\"wp-block-heading has-secondary-color has-link-color has-secondary-color\">\n                                                    Roulotte &#8211; 21m\u00b2 &#8211; 2 kamers + terras                                                <\/h3>\n\n                                                <p class=\"booking_subtitle has-primary-color has-text-color has-link-color has-s-font-size\">\n                                                                                                  <\/p>\n                                            <\/div>\n\n                                            <div class=\"wp-block-group card-price has-background\">\n                                                <div class=\"booking_default\">\n                                                    <p class=\"has-text-align-right\">\n                                                        Van                                                    <\/p>\n\n                                                    <p class=\"has-text-align-right booking_price has-secondary-font-family\"><\/p>\n                                                    <p class=\"has-text-align-right booking_no_discount has-secondary-font-family\"><\/p>\n\n                                                    <p class=\"has-text-align-right dates\">\n                                                        Van <span class=\"start\"><\/span> naar <span class=\"end\"><\/span>                                                    <\/p>\n                                                <\/div>\n                                                <div class=\"wp-block-group booking_alt\">\n                                                    <p class=\"booking_alt_text\">Ook op andere data beschikbaar<\/p>\n                                                    <div class=\"booking_alt_content\">\n                                                    <\/div>\n                                                <\/div>\n                                            <\/div>\n                                        <\/div>\n                                        <div class=\"wp-block-buttons has-custom-font-size has-l-font-size\">\n                                            <div class=\"wp-block-button has-custom-width wp-block-button__width-100 has-custom-font-size booking-btn has-secondary-font-family\">\n                                                <a href=\"https:\/\/www.lelac-carnac.com\/nl\/hebergements\/roulotte-21m%c2%b2-2-kamers-terras\/\"\n                                                   class=\"wp-block-button__link has-white-color has-text-color has-background has-link-color has-text-align-center wp-element-button\">Ontdek<\/a>\n                                            <\/div>\n                                        <\/div>\n                                        <div class=\"booking_last\">\n                                            <p class=\"booking_last_content\">\n                                                Alleen <span class=\"booking_last_value\"><\/span> <br>beschikbaar                                            <\/p>\n                                        <\/div>\n                                        <div class=\"booking_exclusive is-style-hover-image-effect\"><\/div>\n                                    <\/div>\n                                <\/div>\n                                                    <\/div>\n                    <\/div>\n                    <div class=\"swiper-pagination\" style=\"bottom:-2rem;\"><\/div>\n\n                    <div class=\"swiper-button-prev compare-prev\"><\/div>\n                    <div class=\"swiper-button-next compare-next\"><\/div>\n                \n                \n            <\/div>\n        <\/div>\n    <\/div>\n    \n\n\n        \n        <div class=\"wp-block-group alignfull has-global-padding is-layout-constrained wp-block-group-is-layout-constrained\">\n            <div style=\"height:100px\" aria-hidden=\"true\" class=\"wp-block-spacer spacer-top\"><\/div>\n            \n        <\/div>\n        \n    <\/div>\n    \n<\/div>\n","protected":false},"excerpt":{"rendered":"<p>Beschrijving van de accommodatie Uitrusting<\/p>\n","protected":false},"featured_media":1663,"parent":0,"template":"page-no-gsap","format":"standard","meta":{"_acf_changed":false,"_seopress_robots_primary_cat":"","_seopress_titles_title":"","_seopress_titles_desc":"","_seopress_robots_index":"","hebergement-strikethrough-price":"","hebergement-price":"","hebergement-type-price":"\/ week","footnotes":""},"gamme_hebergement":[44],"categorie-dhebergement":[35],"class_list":["post-1662","hebergements","type-hebergements","status-publish","format-standard","has-post-thumbnail","hentry"],"acf":{"booking_product":"141021","related_camping":[1904],"identifiant_ctoutvert_test":"","photo_text":"","photos":[1663,1664,1665,1666,1667,1668],"upgrade_hebergement":null,"hebergement-strikethrough-price":"","hebergement-price":"","hebergement-type-price":"\/ week"},"_links":{"self":[{"href":"https:\/\/www.lelac-carnac.com\/nl\/wp-json\/wp\/v2\/hebergements\/1662","targetHints":{"allow":["GET"]}}],"collection":[{"href":"https:\/\/www.lelac-carnac.com\/nl\/wp-json\/wp\/v2\/hebergements"}],"about":[{"href":"https:\/\/www.lelac-carnac.com\/nl\/wp-json\/wp\/v2\/types\/hebergements"}],"version-history":[{"count":1,"href":"https:\/\/www.lelac-carnac.com\/nl\/wp-json\/wp\/v2\/hebergements\/1662\/revisions"}],"predecessor-version":[{"id":1669,"href":"https:\/\/www.lelac-carnac.com\/nl\/wp-json\/wp\/v2\/hebergements\/1662\/revisions\/1669"}],"acf:attachment":[{"embeddable":true,"href":"https:\/\/www.lelac-carnac.com\/nl\/wp-json\/wp\/v2\/media\/1668"},{"embeddable":true,"href":"https:\/\/www.lelac-carnac.com\/nl\/wp-json\/wp\/v2\/media\/1667"},{"embeddable":true,"href":"https:\/\/www.lelac-carnac.com\/nl\/wp-json\/wp\/v2\/media\/1666"},{"embeddable":true,"href":"https:\/\/www.lelac-carnac.com\/nl\/wp-json\/wp\/v2\/media\/1665"},{"embeddable":true,"href":"https:\/\/www.lelac-carnac.com\/nl\/wp-json\/wp\/v2\/media\/1664"},{"embeddable":true,"href":"https:\/\/www.lelac-carnac.com\/nl\/wp-json\/wp\/v2\/media\/1663"}],"acf:post":[{"embeddable":true,"href":"https:\/\/www.lelac-carnac.com\/nl\/wp-json\/wp\/v2\/campings\/1904"}],"wp:featuredmedia":[{"embeddable":true,"href":"https:\/\/www.lelac-carnac.com\/nl\/wp-json\/wp\/v2\/media\/1663"}],"wp:attachment":[{"href":"https:\/\/www.lelac-carnac.com\/nl\/wp-json\/wp\/v2\/media?parent=1662"}],"wp:term":[{"taxonomy":"gamme_hebergement","embeddable":true,"href":"https:\/\/www.lelac-carnac.com\/nl\/wp-json\/wp\/v2\/gamme_hebergement?post=1662"},{"taxonomy":"categorie-dhebergement","embeddable":true,"href":"https:\/\/www.lelac-carnac.com\/nl\/wp-json\/wp\/v2\/categorie-dhebergement?post=1662"}],"curies":[{"name":"wp","href":"https:\/\/api.w.org\/{rel}","templated":true}]}}