{"id":1381,"date":"2026-01-02T10:28:41","date_gmt":"2026-01-02T09:28:41","guid":{"rendered":"https:\/\/www.lelac-carnac.com\/toerisme-in-morbihan\/"},"modified":"2026-04-28T15:56:17","modified_gmt":"2026-04-28T13:56:17","slug":"toerisme-in-morbihan","status":"publish","type":"page","link":"https:\/\/www.lelac-carnac.com\/nl\/toerisme-in-morbihan\/","title":{"rendered":"Toerisme in Morbihan"},"content":{"rendered":"\n<div class=\"wp-block-cover alignfull hrz-hero\" style=\"margin-top:0;margin-bottom:0;padding-top:0;padding-right:0;padding-bottom:0;padding-left:0\"><img alt=\"\" decoding=\"async\" width=\"1920\" height=\"1440\" class=\"wp-block-cover__image-background wp-image-188 size-full\" alt=\"\" src=\"https:\/\/www.lelac-carnac.com\/wp-content\/uploads\/2026\/01\/AdobeStock_381831869.webp\" data-object-fit=\"cover\" srcset=\"https:\/\/www.lelac-carnac.com\/wp-content\/uploads\/2026\/01\/AdobeStock_381831869.webp 1920w, https:\/\/www.lelac-carnac.com\/wp-content\/uploads\/2026\/01\/AdobeStock_381831869-300x225.webp 300w, https:\/\/www.lelac-carnac.com\/wp-content\/uploads\/2026\/01\/AdobeStock_381831869-1024x768.webp 1024w, https:\/\/www.lelac-carnac.com\/wp-content\/uploads\/2026\/01\/AdobeStock_381831869-768x576.webp 768w, https:\/\/www.lelac-carnac.com\/wp-content\/uploads\/2026\/01\/AdobeStock_381831869-1440x1080.webp 1440w, https:\/\/www.lelac-carnac.com\/wp-content\/uploads\/2026\/01\/AdobeStock_381831869-720x540.webp 720w, https:\/\/www.lelac-carnac.com\/wp-content\/uploads\/2026\/01\/AdobeStock_381831869-320x240.webp 320w, https:\/\/www.lelac-carnac.com\/wp-content\/uploads\/2026\/01\/AdobeStock_381831869-160x120.webp 160w\" sizes=\"(max-width: 1920px) 100vw, 1920px\" \/><span aria-hidden=\"true\" class=\"wp-block-cover__background has-transparent-background-color has-background-dim-100 has-background-dim\"><\/span><div class=\"wp-block-cover__inner-container is-layout-flow wp-container-core-cover-is-layout-2a668712 wp-block-cover-is-layout-flow\">\n<div class=\"wp-block-cover is-light has-real-white-color has-text-color has-link-color wp-elements-83b93372de9dd160abd2087f57a96014\" style=\"padding-top:35vh;padding-right:var(--wp--preset--spacing--xs);padding-bottom:35vh;padding-left:var(--wp--preset--spacing--xs)\"><span aria-hidden=\"true\" class=\"wp-block-cover__background has-background-dim-40 has-background-dim has-background-gradient\" style=\"background:linear-gradient(0deg,rgba(255,255,255,0) 0%,rgb(0,0,0) 100%)\"><\/span><div class=\"wp-block-cover__inner-container is-layout-flow wp-block-cover-is-layout-flow\">\n<div class=\"wp-block-group is-layout-flow wp-block-group-is-layout-flow\" style=\"padding-bottom:var(--wp--preset--spacing--xl)\"><h1 style=\"font-style:normal;font-weight:700;\" class=\"has-text-align-center wp-block-post-title has-xxxxxl-font-size has-primary-font-family\">Toerisme in Morbihan<\/h1><\/div>\n<\/div><\/div>\n<\/div><\/div>\n\n<div class=\"wp-block-group alignfull has-global-padding is-layout-constrained wp-block-group-is-layout-constrained\">\n<div class=\"wp-block-group alignfull has-primary-light-background-color has-background has-global-padding is-layout-constrained wp-block-group-is-layout-constrained\">\n<div class=\"wp-block-group alignfull has-global-padding is-layout-constrained wp-block-group-is-layout-constrained\">\n\n\n<div style=\"height:100px\" aria-hidden=\"true\" class=\"wp-block-spacer\"><\/div>\n\n\n\n<div class=\"wp-block-group alignfull is-layout-flow wp-block-group-is-layout-flow\">\n<div class=\"wp-block-group alignwide has-global-padding is-layout-constrained wp-container-core-group-is-layout-e72a8c40 wp-block-group-is-layout-constrained\" style=\"padding-right:var(--wp--preset--spacing--xs);padding-left:var(--wp--preset--spacing--xs)\">\n<div class=\"wp-block-group alignwide is-layout-flow wp-container-core-group-is-layout-da2926eb wp-block-group-is-layout-flow\">\n<h2 class=\"wp-block-heading has-text-align-center is-style-title-below has-real-white-color has-text-color has-link-color wp-elements-b709e3b53029300810863c7b9ed08e57 is-style-title-below--1\">Ontdek <br\/>toeristische bestemmingen in de buurt van Camping Les Rochelets<\/h2>\n\n\n\n<p class=\"has-text-align-center is-style-headline has-real-white-color has-text-color has-link-color wp-elements-a17c2ed63db91e7754e36364ae7b4a98 is-style-headline--2\">Wat te doen rond de camping in Zuid-Bretagne<\/p>\n<\/div>\n\n\n\n<div class=\"wp-block-group has-global-padding is-layout-constrained wp-block-group-is-layout-constrained\">\n<p class=\"has-text-align-center has-real-white-color has-text-color has-link-color wp-elements-147f0dbee448b7514ebf73e3db5af6da\">De Loire-Atlantique is een rijk geschakeerde regio, ideaal voor liefhebbers van natuur, erfgoed en levenskunst. Met zijn Atlantische kustlijn, fijne zandstranden, ongerepte moerassen en steden met een rijk historisch verleden biedt deze bestemming het perfecte decor voor een gevarieerde en onvergetelijke vakantie. Ontdek emblematische plaatsen zoals Nantes en haar culturele erfgoed, de Jade kust, het schiereiland Gu\u00e9rande en haar zoutmoerassen, en charmante badplaatsen zoals La Baule en Pornic. Of u nu op zoek bent naar ontspanning aan zee, natuurwandelingen of culturele ontdekkingen, Loire-Atlantique zal alle reizigers aanspreken.   <\/p>\n<\/div>\n<\/div>\n<\/div>\n\n\n\n<div style=\"height:100px\" aria-hidden=\"true\" class=\"wp-block-spacer\"><\/div>\n<\/div>\n<\/div>\n\n\n\n<div class=\"wp-block-cover alignfull banner-wave-0\"><span aria-hidden=\"true\" class=\"wp-block-cover__background has-transparent-background-color has-background-dim-100 has-background-dim\"><\/span><div class=\"wp-block-cover__inner-container is-layout-flow wp-block-cover-is-layout-flow\">\n<div style=\"height:5vh\" aria-hidden=\"true\" class=\"wp-block-spacer\"><\/div>\n\n\n\n<div class=\"wp-block-group alignfull has-global-padding is-layout-constrained wp-block-group-is-layout-constrained\">\n<div class=\"wp-block-group alignfull wpgrid-map-section has-primary-color has-text-color has-link-color wp-elements-70ec5c8bef6e8980538f0d83bece99d2 is-layout-flow wp-block-group-is-layout-flow\" style=\"padding-top:var(--wp--preset--spacing--xxxl);padding-right:var(--wp--preset--spacing--xs);padding-bottom:var(--wp--preset--spacing--xxxl);padding-left:var(--wp--preset--spacing--xs)\">\n<div style=\"height:100px\" aria-hidden=\"true\" class=\"wp-block-spacer\"><\/div>\n\n\n\n<div class=\"wp-block-columns wpgrid-map-content is-style-hrz-reponsive-order is-layout-flex wp-container-core-columns-is-layout-24d8def1 wp-block-columns-is-layout-flex\" style=\"margin-top:0;margin-bottom:0;padding-top:0;padding-right:0;padding-bottom:0;padding-left:0\">\n<div class=\"wp-block-column wpgrid-map-left has-primary-color has-text-color has-link-color wp-elements-3245a74dbd24901e1fbc3628f69b910e is-layout-flow wp-block-column-is-layout-flow\"><!-- Gridbuilder \u1d42\u1d3e Plugin (https:\/\/wpgridbuilder.com) -->\n<div class=\"wp-grid-builder wpgb-grid-5 grid-color-text\" data-options=\"{&quot;id&quot;:5,&quot;type&quot;:&quot;masonry&quot;,&quot;source&quot;:&quot;post_type&quot;,&quot;loader&quot;:false,&quot;layout&quot;:&quot;vertical&quot;,&quot;reveal&quot;:0,&quot;isMainQuery&quot;:false,&quot;lazyLoad&quot;:false,&quot;cardSizes&quot;:{&quot;9999&quot;:{&quot;columns&quot;:3,&quot;height&quot;:120,&quot;gutter&quot;:10,&quot;ratio&quot;:&quot;1.33333&quot;},&quot;1024&quot;:{&quot;columns&quot;:2,&quot;height&quot;:120,&quot;gutter&quot;:10,&quot;ratio&quot;:&quot;1.33333&quot;},&quot;425&quot;:{&quot;columns&quot;:1,&quot;height&quot;:120,&quot;gutter&quot;:0,&quot;ratio&quot;:&quot;1.33333&quot;}},&quot;fitRows&quot;:false,&quot;equalRows&quot;:0,&quot;equalColumns&quot;:true,&quot;fillLastRow&quot;:0,&quot;centerLastRow&quot;:0,&quot;horizontalOrder&quot;:true,&quot;fullWidth&quot;:false,&quot;transitionDelay&quot;:100,&quot;gallerySlideshow&quot;:false,&quot;rowsNumber&quot;:1,&quot;slideAlign&quot;:&quot;left&quot;,&quot;groupCells&quot;:1,&quot;draggable&quot;:true,&quot;initialIndex&quot;:0,&quot;contain&quot;:false,&quot;freeScroll&quot;:false,&quot;freeFriction&quot;:&quot;0.075&quot;,&quot;friction&quot;:&quot;0.285&quot;,&quot;attraction&quot;:&quot;0.025&quot;,&quot;autoPlay&quot;:0,&quot;pageDotAriaLabel&quot;:&quot;Page dot %d&quot;,&quot;isPreview&quot;:false,&quot;isGutenberg&quot;:false,&quot;rightToLeft&quot;:false}\"><div class=\"wpgb-svg-icons\" hidden>\n\t<svg viewBox=\"0 0 120 24\" width=\"0\" height=\"0\">\n\t<defs>\n        <polygon id=\"wpgb-star-svg\" points=\"12 2.5 15.1 8.8 22 9.8 17 14.6 18.2 21.5 12 18.3 5.8 21.5 7 14.6 2 9.8 8.9 8.8\"><\/polygon>\n    <\/defs>\n    <symbol id=\"wpgb-rating-stars-svg\">\n        <use xlink:href=\"#wpgb-star-svg\"><\/use>\n        <use xlink:href=\"#wpgb-star-svg\" x=\"24\"><\/use>\n        <use xlink:href=\"#wpgb-star-svg\" x=\"48\"><\/use>\n        <use xlink:href=\"#wpgb-star-svg\" x=\"72\"><\/use>\n        <use xlink:href=\"#wpgb-star-svg\" x=\"96\"><\/use>\n    <\/symbol>\n<\/svg>\n<\/div>\n<div class=\"wpgb-wrapper\">\n\t<div class=\"wpgb-main\">\n\t<div class=\"wpgb-area wpgb-area-top-2\">\n\t<div class=\"wpgb-facet wpgb-loading wpgb-facet-1\" data-facet=\"1\" data-grid=\"5\">\t<h4 class=\"wpgb-facet-title\">Locatiecategorie\u00ebn<\/h4>\n\t\t<fieldset>\n\t\t<legend class=\"wpgb-facet-title wpgb-sr-only\">Locatiecategorie\u00ebn<\/legend>\n\t\t<div class=\"wpgb-select-facet\"><label><span class=\"wpgb-sr-only\">Locatiecategorie\u00ebn<\/span><select class=\"wpgb-select wpgb-combobox\" name=\"plune_map_checkbox_cat_lieux\" multiple><option value=\"\">Geen<\/option><option value=\"steden-en-dorpen\">Steden en dorpen&nbsp;(8)<\/option><option value=\"bezoek\">Bezoek&nbsp;(5)<\/option><\/select><span class=\"wpgb-select-controls\"><span class=\"wpgb-select-separator\"><\/span><svg class=\"wpgb-select-toggle\" viewBox=\"0 0 24 24\" height=\"24\" width=\"24\" aria-hidden=\"true\" focusable=\"false\"><path d=\"m12 14.536-.045.043.045-.043-5.3-5.114 5.3 5.114 5.3-5.114-5.3 5.114.045.043Z\"\/><\/svg><\/span><\/label><\/div>\t<\/fieldset>\n\t<\/div><div class=\"wpgb-facet wpgb-loading wpgb-facet-11\" data-facet=\"11\" data-grid=\"5\">\t<h4 class=\"wpgb-facet-title\">Afstand tot de camping<\/h4>\n\t\t<fieldset>\n\t\t<legend class=\"wpgb-facet-title wpgb-sr-only\">Afstand tot de camping<\/legend>\n\t\t<div class=\"wpgb-range-facet\">\n\t\t\t\t<input type=\"range\" class=\"wpgb-range\" name=\"range_distance[]\" min=\"4\" max=\"65\" step=\"1\" value=\"4\" hidden>\n\t\t\t\t<input type=\"range\" class=\"wpgb-range\" name=\"range_distance[]\" min=\"4\" max=\"65\" step=\"0.00001\" value=\"65\" hidden>\n\t\t\t\t<div class=\"wpgb-range-facet-loader\"><div class=\"wpgb-range-slider\"><div class=\"wpgb-range-progress\"><\/div><div class=\"wpgb-range-thumbs\"><div class=\"wpgb-range-thumb\"><\/div><div class=\"wpgb-range-thumb\"><\/div><\/div><\/div><span class=\"wpgb-range-values\"><span><\/span><\/span><button type=\"button\" class=\"wpgb-range-clear\" disabled>Reset<\/button><\/div>\n\t\t\t<\/div>\t<\/fieldset>\n\t<\/div><\/div>\n<div class=\"wpgb-layout\">\n\t<div class=\"wpgb-viewport\">\n\t\t<div class=\"wpgb-masonry\">\n\t\t\t<article class=\"wpgb-card wpgb-card-21 wpgb-post-1985\" data-col=\"1\" data-row=\"1\" data-format=\"standard\" data-fluid><div class=\"wpgb-card-wrapper\"><div class=\"wpgb-card-inner\"><div class=\"wpgb-card-media wpgb-scheme-light\" data-action><svg data-ratio style=\"padding-top:66.67%\" viewBox=\"0 0 768 512\"><\/svg><div class=\"wpgb-card-media-thumbnail\"><a href=\"https:\/\/www.lelac-carnac.com\/wp-content\/uploads\/2026\/01\/marches-morbihan-camping-le-lac-carnac_01-scaled.webp\" tabindex=\"-1\" class=\"wpgb-handle-lb wpgb-lightbox\" data-type=\"image\" data-rel=\"5\" data-title=\"marches-morbihan-camping-le-lac-carnac_01\" title=\"Enlarge photo\"><div style=\"background-image:url(https://cdn.horizon-marketing.com/spio/ret_img,q_cdnize,to_webp,s_webp/www.lelac-carnac.com/wp-content/uploads/2026/01/marches-morbihan-camping-le-lac-carnac_01-768x512.webp)\"><\/div><noscript><img decoding=\"async\" class=\"wpgb-noscript-img\" src=\"https:\/\/cdn.horizon-marketing.com\/spio\/ret_img,q_cdnize,to_webp,s_webp\/www.lelac-carnac.com\/wp-content\/uploads\/2026\/01\/marches-morbihan-camping-le-lac-carnac_01-768x512.webp\" alt=\"\" height=\"512\" width=\"768\"><\/noscript><\/a><\/div><a class=\"wpgb-card-layer-link\" target=\"_self\" href=\"https:\/\/www.lelac-carnac.com\/nl\/lieux\/markten-in-morbihan\/\"><\/a><\/div><div class=\"wpgb-card-content wpgb-scheme-dark\"><div class=\"wpgb-card-body\"><div class=\"wpgb-block-7\"><h3 class=\"wpgb-block-1\"><a href=\"https:\/\/www.lelac-carnac.com\/nl\/lieux\/markten-in-morbihan\/\">Markten in Morbihan<\/a><\/h3><\/div><p class=\"wpgb-block-2\">Quiberon, Carnac, La Trinit\u00e9-sur-Mer, Auray, Vannes&#8230; Markten in Morbihan De beste markten van Morbihan Elke dag een markt, een ander&#8230;<\/p><div class=\"wpgb-block-3\">Afstand tot de camping :  6km<\/div><\/div><div class=\"wpgb-card-footer\"><a class=\"wpgb-block-4\" href=\"https:\/\/www.lelac-carnac.com\/nl\/lieux\/markten-in-morbihan\/\"><strong>Lees meer<\/strong><\/a><\/div><\/div><\/div><\/div><\/article><article class=\"wpgb-card wpgb-card-21 wpgb-post-1979\" data-col=\"1\" data-row=\"1\" data-format=\"standard\" data-fluid><div class=\"wpgb-card-wrapper\"><div class=\"wpgb-card-inner\"><div class=\"wpgb-card-media wpgb-scheme-light\" data-action><svg data-ratio style=\"padding-top:65.89%\" viewBox=\"0 0 768 506\"><\/svg><div class=\"wpgb-card-media-thumbnail\"><a href=\"https:\/\/www.lelac-carnac.com\/wp-content\/uploads\/2026\/01\/evenements-camping-le-lac-carnac_01.webp\" tabindex=\"-1\" class=\"wpgb-handle-lb wpgb-lightbox\" data-type=\"image\" data-rel=\"5\" data-title=\"evenements-camping-le-lac-carnac_01\" title=\"Enlarge photo\"><div style=\"background-image:url(https://cdn.horizon-marketing.com/spio/ret_img,q_cdnize,to_webp,s_webp/www.lelac-carnac.com/wp-content/uploads/2026/01/evenements-camping-le-lac-carnac_01-768x506.webp)\"><\/div><noscript><img decoding=\"async\" class=\"wpgb-noscript-img\" src=\"https:\/\/cdn.horizon-marketing.com\/spio\/ret_img,q_cdnize,to_webp,s_webp\/www.lelac-carnac.com\/wp-content\/uploads\/2026\/01\/evenements-camping-le-lac-carnac_01-768x506.webp\" alt=\"\" height=\"506\" width=\"768\"><\/noscript><\/a><\/div><a class=\"wpgb-card-layer-link\" target=\"_self\" href=\"https:\/\/www.lelac-carnac.com\/nl\/lieux\/evenementen\/\"><\/a><\/div><div class=\"wpgb-card-content wpgb-scheme-dark\"><div class=\"wpgb-card-body\"><div class=\"wpgb-block-7\"><h3 class=\"wpgb-block-1\"><a href=\"https:\/\/www.lelac-carnac.com\/nl\/lieux\/evenementen\/\">Evenementen<\/a><\/h3><\/div><div class=\"wpgb-block-5\"><span class=\"wpgb-block-term\" data-id=\"66\">Bezoek<\/span><\/div><p class=\"wpgb-block-2\">Als de lokale cultuur wakker wordt Must-see evenementen in Carnac Carnac, een niet te missen locatie voor festivalgangers Met de&#8230;<\/p><div class=\"wpgb-block-3\">Afstand tot de camping :  4km<\/div><\/div><div class=\"wpgb-card-footer\"><a class=\"wpgb-block-4\" href=\"https:\/\/www.lelac-carnac.com\/nl\/lieux\/evenementen\/\"><strong>Lees meer<\/strong><\/a><\/div><\/div><\/div><\/div><\/article><article class=\"wpgb-card wpgb-card-21 wpgb-post-1977\" data-col=\"1\" data-row=\"1\" data-format=\"standard\" data-fluid><div class=\"wpgb-card-wrapper\"><div class=\"wpgb-card-inner\"><div class=\"wpgb-card-content wpgb-scheme-dark\"><div class=\"wpgb-card-body\"><div class=\"wpgb-block-7\"><h3 class=\"wpgb-block-1\"><a href=\"https:\/\/www.lelac-carnac.com\/nl\/lieux\/getijdemolen\/\">Getijdemolen<\/a><\/h3><\/div><div class=\"wpgb-block-5\"><span class=\"wpgb-block-term\" data-id=\"66\">Bezoek<\/span><\/div><p class=\"wpgb-block-2\">Een erfgoed gevormd door de getijden Getijdemolen De getijdenmolen bij Carnac is een van de meest karakteristieke kenmerken van het&#8230;<\/p><div class=\"wpgb-block-3\">Afstand tot de camping :  18km<\/div><\/div><div class=\"wpgb-card-footer\"><a class=\"wpgb-block-4\" href=\"https:\/\/www.lelac-carnac.com\/nl\/lieux\/getijdemolen\/\"><strong>Lees meer<\/strong><\/a><\/div><\/div><\/div><\/div><\/article><article class=\"wpgb-card wpgb-card-21 wpgb-post-1971\" data-col=\"1\" data-row=\"1\" data-format=\"standard\" data-fluid><div class=\"wpgb-card-wrapper\"><div class=\"wpgb-card-inner\"><div class=\"wpgb-card-media wpgb-scheme-light\" data-action><svg data-ratio style=\"padding-top:60.03%\" viewBox=\"0 0 768 461\"><\/svg><div class=\"wpgb-card-media-thumbnail\"><a href=\"https:\/\/www.lelac-carnac.com\/wp-content\/uploads\/2026\/01\/AdobeStock_147210-scaled.jpeg\" tabindex=\"-1\" class=\"wpgb-handle-lb wpgb-lightbox\" data-type=\"image\" data-rel=\"5\" data-title=\"crac&#8217;h\" title=\"Enlarge photo\"><div style=\"background-image:url(https://cdn.horizon-marketing.com/spio/ret_img,q_cdnize,to_webp,s_webp/www.lelac-carnac.com/wp-content/uploads/2026/01/AdobeStock_147210-768x461.jpeg)\"><\/div><noscript><img decoding=\"async\" class=\"wpgb-noscript-img\" src=\"https:\/\/cdn.horizon-marketing.com\/spio\/ret_img,q_cdnize,to_webp,s_webp\/www.lelac-carnac.com\/wp-content\/uploads\/2026\/01\/AdobeStock_147210-768x461.jpeg\" alt=\"\" height=\"461\" width=\"768\"><\/noscript><\/a><\/div><a class=\"wpgb-card-layer-link\" target=\"_self\" href=\"https:\/\/www.lelac-carnac.com\/nl\/lieux\/de-crach-ria\/\"><\/a><\/div><div class=\"wpgb-card-content wpgb-scheme-dark\"><div class=\"wpgb-card-body\"><div class=\"wpgb-block-7\"><h3 class=\"wpgb-block-1\"><a href=\"https:\/\/www.lelac-carnac.com\/nl\/lieux\/de-crach-ria\/\">De Crac&#8217;h ria<\/a><\/h3><\/div><div class=\"wpgb-block-5\"><span class=\"wpgb-block-term\" data-id=\"66\">Bezoek<\/span><\/div><p class=\"wpgb-block-2\">een verbazingwekkend huwelijk tussen land en zee in Carnac De Crac&#8217;h ria in Morbihan In Carnac, in de regio Morbihan&#8230;<\/p><div class=\"wpgb-block-3\">Afstand tot de camping :  4.4km<\/div><\/div><div class=\"wpgb-card-footer\"><a class=\"wpgb-block-4\" href=\"https:\/\/www.lelac-carnac.com\/nl\/lieux\/de-crach-ria\/\"><strong>Lees meer<\/strong><\/a><\/div><\/div><\/div><\/div><\/article><article class=\"wpgb-card wpgb-card-21 wpgb-post-1964\" data-col=\"1\" data-row=\"1\" data-format=\"standard\" data-fluid><div class=\"wpgb-card-wrapper\"><div class=\"wpgb-card-inner\"><div class=\"wpgb-card-media wpgb-scheme-light\" data-action><svg data-ratio style=\"padding-top:56.25%\" viewBox=\"0 0 768 432\"><\/svg><div class=\"wpgb-card-media-thumbnail\"><a href=\"https:\/\/www.lelac-carnac.com\/wp-content\/uploads\/2026\/01\/zoo-pont-scorff-camping-le-lac-carnac_03-scaled.webp\" tabindex=\"-1\" class=\"wpgb-handle-lb wpgb-lightbox\" data-type=\"image\" data-rel=\"5\" data-title=\"zoo-pont-scorff-camping-le-lac-carnac_03\" title=\"Enlarge photo\"><div style=\"background-image:url(https://cdn.horizon-marketing.com/spio/ret_img,q_cdnize,to_webp,s_webp/www.lelac-carnac.com/wp-content/uploads/2026/01/zoo-pont-scorff-camping-le-lac-carnac_03-768x432.webp)\"><\/div><noscript><img decoding=\"async\" class=\"wpgb-noscript-img\" src=\"https:\/\/cdn.horizon-marketing.com\/spio\/ret_img,q_cdnize,to_webp,s_webp\/www.lelac-carnac.com\/wp-content\/uploads\/2026\/01\/zoo-pont-scorff-camping-le-lac-carnac_03-768x432.webp\" alt=\"\" height=\"432\" width=\"768\"><\/noscript><\/a><\/div><a class=\"wpgb-card-layer-link\" target=\"_self\" href=\"https:\/\/www.lelac-carnac.com\/nl\/lieux\/dierentuin-pont-de-scorff\/\"><\/a><\/div><div class=\"wpgb-card-content wpgb-scheme-dark\"><div class=\"wpgb-card-body\"><div class=\"wpgb-block-7\"><h3 class=\"wpgb-block-1\"><a href=\"https:\/\/www.lelac-carnac.com\/nl\/lieux\/dierentuin-pont-de-scorff\/\">Dierentuin Pont de Scorff<\/a><\/h3><\/div><div class=\"wpgb-block-5\"><span class=\"wpgb-block-term\" data-id=\"66\">Bezoek<\/span><\/div><p class=\"wpgb-block-2\">Een wildpark in de vallei Dierentuin Pont-Scorff De dierentuin van Pont-Scorff ligt in Pont-Scorff, in de gelijknamige vallei. De dierentuin&#8230;<\/p><div class=\"wpgb-block-3\">Afstand tot de camping :  51km<\/div><\/div><div class=\"wpgb-card-footer\"><a class=\"wpgb-block-4\" href=\"https:\/\/www.lelac-carnac.com\/nl\/lieux\/dierentuin-pont-de-scorff\/\"><strong>Lees meer<\/strong><\/a><\/div><\/div><\/div><\/div><\/article><article class=\"wpgb-card wpgb-card-21 wpgb-post-1951\" data-col=\"1\" data-row=\"1\" data-format=\"standard\" data-fluid><div class=\"wpgb-card-wrapper\"><div class=\"wpgb-card-inner\"><div class=\"wpgb-card-media wpgb-scheme-light\" data-action><svg data-ratio style=\"padding-top:66.67%\" viewBox=\"0 0 768 512\"><\/svg><div class=\"wpgb-card-media-thumbnail\"><a href=\"https:\/\/www.lelac-carnac.com\/wp-content\/uploads\/2026\/01\/zoo-branfere-camping-le-lac-carnac_04-scaled.webp\" tabindex=\"-1\" class=\"wpgb-handle-lb wpgb-lightbox\" data-type=\"image\" data-rel=\"5\" data-title=\"zoo-branfere-camping-le-lac-carnac_04\" title=\"Enlarge photo\"><div style=\"background-image:url(https://cdn.horizon-marketing.com/spio/ret_img,q_cdnize,to_webp,s_webp/www.lelac-carnac.com/wp-content/uploads/2026/01/zoo-branfere-camping-le-lac-carnac_04-768x512.webp)\"><\/div><noscript><img decoding=\"async\" class=\"wpgb-noscript-img\" src=\"https:\/\/cdn.horizon-marketing.com\/spio\/ret_img,q_cdnize,to_webp,s_webp\/www.lelac-carnac.com\/wp-content\/uploads\/2026\/01\/zoo-branfere-camping-le-lac-carnac_04-768x512.webp\" alt=\"\" height=\"512\" width=\"768\"><\/noscript><\/a><\/div><a class=\"wpgb-card-layer-link\" target=\"_self\" href=\"https:\/\/www.lelac-carnac.com\/nl\/lieux\/dierenpark-branfere\/\"><\/a><\/div><div class=\"wpgb-card-content wpgb-scheme-dark\"><div class=\"wpgb-card-body\"><div class=\"wpgb-block-7\"><h3 class=\"wpgb-block-1\"><a href=\"https:\/\/www.lelac-carnac.com\/nl\/lieux\/dierenpark-branfere\/\">Dierenpark Branf\u00e9r\u00e9<\/a><\/h3><\/div><div class=\"wpgb-block-5\"><span class=\"wpgb-block-term\" data-id=\"66\">Bezoek<\/span><\/div><p class=\"wpgb-block-2\">Een natuur- en wildlife tour Wildpark Branf\u00e9r\u00e9 Het dierenpark Branf\u00e9r\u00e9 ligt in Le Guerno en is een populair idee voor&#8230;<\/p><div class=\"wpgb-block-3\">Afstand tot de camping :  65km<\/div><\/div><div class=\"wpgb-card-footer\"><a class=\"wpgb-block-4\" href=\"https:\/\/www.lelac-carnac.com\/nl\/lieux\/dierenpark-branfere\/\"><strong>Lees meer<\/strong><\/a><\/div><\/div><\/div><\/div><\/article><article class=\"wpgb-card wpgb-card-21 wpgb-post-1936\" data-col=\"1\" data-row=\"1\" data-format=\"standard\" data-fluid><div class=\"wpgb-card-wrapper\"><div class=\"wpgb-card-inner\"><div class=\"wpgb-card-media wpgb-scheme-light\" data-action><svg data-ratio style=\"padding-top:66.67%\" viewBox=\"0 0 768 512\"><\/svg><div class=\"wpgb-card-media-thumbnail\"><a href=\"https:\/\/www.lelac-carnac.com\/wp-content\/uploads\/2026\/01\/trinite-sur-mer-camping-le-lac-carnac_04-scaled.webp\" tabindex=\"-1\" class=\"wpgb-handle-lb wpgb-lightbox\" data-type=\"image\" data-rel=\"5\" data-title=\"trinite-sur-mer-camping-le-lac-carnac_04\" title=\"Enlarge photo\"><div style=\"background-image:url(https://cdn.horizon-marketing.com/spio/ret_img,q_cdnize,to_webp,s_webp/www.lelac-carnac.com/wp-content/uploads/2026/01/trinite-sur-mer-camping-le-lac-carnac_04-768x512.webp)\"><\/div><noscript><img decoding=\"async\" class=\"wpgb-noscript-img\" src=\"https:\/\/cdn.horizon-marketing.com\/spio\/ret_img,q_cdnize,to_webp,s_webp\/www.lelac-carnac.com\/wp-content\/uploads\/2026\/01\/trinite-sur-mer-camping-le-lac-carnac_04-768x512.webp\" alt=\"\" height=\"512\" width=\"768\"><\/noscript><\/a><\/div><a class=\"wpgb-card-layer-link\" target=\"_self\" href=\"https:\/\/www.lelac-carnac.com\/nl\/lieux\/la-trinite-sur-mer\/\"><\/a><\/div><div class=\"wpgb-card-content wpgb-scheme-dark\"><div class=\"wpgb-card-body\"><div class=\"wpgb-block-7\"><h3 class=\"wpgb-block-1\"><a href=\"https:\/\/www.lelac-carnac.com\/nl\/lieux\/la-trinite-sur-mer\/\">La Trinit\u00e9-sur-Mer<\/a><\/h3><\/div><div class=\"wpgb-block-5\"><span class=\"wpgb-block-term\" data-id=\"65\">Steden en dorpen<\/span><\/div><p class=\"wpgb-block-2\">Wat is er te doen, te zien en te bezoeken? Camping in de buurt van La Trinit\u00e9-sur-Mer La Trinit\u00e9 sur&#8230;<\/p><div class=\"wpgb-block-3\">Afstand tot de camping :  5.2km<\/div><\/div><div class=\"wpgb-card-footer\"><a class=\"wpgb-block-4\" href=\"https:\/\/www.lelac-carnac.com\/nl\/lieux\/la-trinite-sur-mer\/\"><strong>Lees meer<\/strong><\/a><\/div><\/div><\/div><\/div><\/article><article class=\"wpgb-card wpgb-card-21 wpgb-post-1920\" data-col=\"1\" data-row=\"1\" data-format=\"standard\" data-fluid><div class=\"wpgb-card-wrapper\"><div class=\"wpgb-card-inner\"><div class=\"wpgb-card-media wpgb-scheme-light\" data-action><svg data-ratio style=\"padding-top:66.67%\" viewBox=\"0 0 768 512\"><\/svg><div class=\"wpgb-card-media-thumbnail\"><a href=\"https:\/\/www.lelac-carnac.com\/wp-content\/uploads\/2026\/01\/carnac-camping-le-lac-carnac_06-scaled.webp\" tabindex=\"-1\" class=\"wpgb-handle-lb wpgb-lightbox\" data-type=\"image\" data-rel=\"5\" data-title=\"carnac-camping-le-lac-carnac_06\" title=\"Enlarge photo\"><div style=\"background-image:url(https://cdn.horizon-marketing.com/spio/ret_img,q_cdnize,to_webp,s_webp/www.lelac-carnac.com/wp-content/uploads/2026/01/carnac-camping-le-lac-carnac_06-768x512.webp)\"><\/div><noscript><img decoding=\"async\" class=\"wpgb-noscript-img\" src=\"https:\/\/cdn.horizon-marketing.com\/spio\/ret_img,q_cdnize,to_webp,s_webp\/www.lelac-carnac.com\/wp-content\/uploads\/2026\/01\/carnac-camping-le-lac-carnac_06-768x512.webp\" alt=\"\" height=\"512\" width=\"768\"><\/noscript><\/a><\/div><a class=\"wpgb-card-layer-link\" target=\"_self\" href=\"https:\/\/www.lelac-carnac.com\/nl\/lieux\/carnac\/\"><\/a><\/div><div class=\"wpgb-card-content wpgb-scheme-dark\"><div class=\"wpgb-card-body\"><div class=\"wpgb-block-7\"><h3 class=\"wpgb-block-1\"><a href=\"https:\/\/www.lelac-carnac.com\/nl\/lieux\/carnac\/\">Carnac<\/a><\/h3><\/div><div class=\"wpgb-block-5\"><span class=\"wpgb-block-term\" data-id=\"65\">Steden en dorpen<\/span><\/div><p class=\"wpgb-block-2\">Een complete vakantie die ontspanning, natuur en cultuur combineert Waarom is een kampeervakantie in Carnac zo populair? In het hart&#8230;<\/p><div class=\"wpgb-block-3\">Afstand tot de camping :  6km<\/div><\/div><div class=\"wpgb-card-footer\"><a class=\"wpgb-block-4\" href=\"https:\/\/www.lelac-carnac.com\/nl\/lieux\/carnac\/\"><strong>Lees meer<\/strong><\/a><\/div><\/div><\/div><\/div><\/article><article class=\"wpgb-card wpgb-card-21 wpgb-post-1905\" data-col=\"1\" data-row=\"1\" data-format=\"standard\" data-fluid><div class=\"wpgb-card-wrapper\"><div class=\"wpgb-card-inner\"><div class=\"wpgb-card-media wpgb-scheme-light\" data-action><svg data-ratio style=\"padding-top:55.99%\" viewBox=\"0 0 768 430\"><\/svg><div class=\"wpgb-card-media-thumbnail\"><a href=\"https:\/\/www.lelac-carnac.com\/wp-content\/uploads\/2026\/01\/lorient-camping-le-lac-carnac_02-scaled.webp\" tabindex=\"-1\" class=\"wpgb-handle-lb wpgb-lightbox\" data-type=\"image\" data-rel=\"5\" data-title=\"lorient-camping-le-lac-carnac_02\" title=\"Enlarge photo\"><div style=\"background-image:url(https://cdn.horizon-marketing.com/spio/ret_img,q_cdnize,to_webp,s_webp/www.lelac-carnac.com/wp-content/uploads/2026/01/lorient-camping-le-lac-carnac_02-768x430.webp)\"><\/div><noscript><img decoding=\"async\" class=\"wpgb-noscript-img\" src=\"https:\/\/cdn.horizon-marketing.com\/spio\/ret_img,q_cdnize,to_webp,s_webp\/www.lelac-carnac.com\/wp-content\/uploads\/2026\/01\/lorient-camping-le-lac-carnac_02-768x430.webp\" alt=\"\" height=\"430\" width=\"768\"><\/noscript><\/a><\/div><a class=\"wpgb-card-layer-link\" target=\"_self\" href=\"https:\/\/www.lelac-carnac.com\/nl\/lieux\/lorient\/\"><\/a><\/div><div class=\"wpgb-card-content wpgb-scheme-dark\"><div class=\"wpgb-card-body\"><div class=\"wpgb-block-7\"><h3 class=\"wpgb-block-1\"><a href=\"https:\/\/www.lelac-carnac.com\/nl\/lieux\/lorient\/\">Lorient<\/a><\/h3><\/div><div class=\"wpgb-block-5\"><span class=\"wpgb-block-term\" data-id=\"65\">Steden en dorpen<\/span><\/div><p class=\"wpgb-block-2\">Bezienswaardigheden in de buurt van Carnac Wat is er te doen en te zien in de buurt van Lorient tijdens&#8230;<\/p><div class=\"wpgb-block-3\">Afstand tot de camping :  48km<\/div><\/div><div class=\"wpgb-card-footer\"><a class=\"wpgb-block-4\" href=\"https:\/\/www.lelac-carnac.com\/nl\/lieux\/lorient\/\"><strong>Lees meer<\/strong><\/a><\/div><\/div><\/div><\/div><\/article><article class=\"wpgb-card wpgb-card-21 wpgb-post-1958\" data-col=\"1\" data-row=\"1\" data-format=\"standard\" data-fluid><div class=\"wpgb-card-wrapper\"><div class=\"wpgb-card-inner\"><div class=\"wpgb-card-media wpgb-scheme-light\" data-action><svg data-ratio style=\"padding-top:67.58%\" viewBox=\"0 0 768 519\"><\/svg><div class=\"wpgb-card-media-thumbnail\"><a href=\"https:\/\/www.lelac-carnac.com\/wp-content\/uploads\/2026\/01\/ethel-camping-le-lac-carnac_04-scaled.webp\" tabindex=\"-1\" class=\"wpgb-handle-lb wpgb-lightbox\" data-type=\"image\" data-rel=\"5\" data-title=\"ethel-camping-le-lac-carnac_04\" title=\"Enlarge photo\"><div style=\"background-image:url(https://cdn.horizon-marketing.com/spio/ret_img,q_cdnize,to_webp,s_webp/www.lelac-carnac.com/wp-content/uploads/2026/01/ethel-camping-le-lac-carnac_04-768x519.webp)\"><\/div><noscript><img decoding=\"async\" class=\"wpgb-noscript-img\" src=\"https:\/\/cdn.horizon-marketing.com\/spio\/ret_img,q_cdnize,to_webp,s_webp\/www.lelac-carnac.com\/wp-content\/uploads\/2026\/01\/ethel-camping-le-lac-carnac_04-768x519.webp\" alt=\"\" height=\"519\" width=\"768\"><\/noscript><\/a><\/div><a class=\"wpgb-card-layer-link\" target=\"_self\" href=\"https:\/\/www.lelac-carnac.com\/nl\/lieux\/ria-detel\/\"><\/a><\/div><div class=\"wpgb-card-content wpgb-scheme-dark\"><div class=\"wpgb-card-body\"><div class=\"wpgb-block-7\"><h3 class=\"wpgb-block-1\"><a href=\"https:\/\/www.lelac-carnac.com\/nl\/lieux\/ria-detel\/\">Ria d&#8217;\u00c9tel<\/a><\/h3><\/div><div class=\"wpgb-block-5\"><span class=\"wpgb-block-term\" data-id=\"65\">Steden en dorpen<\/span><\/div><p class=\"wpgb-block-2\">activiteiten, must-sees en praktisch advies Wat te zien in de Ria d&#8217;\u00c9tel Welkom in Zuid-Bretagne! De Ria d&#8217;\u00c9tel, ten westen&#8230;<\/p><div class=\"wpgb-block-3\">Afstand tot de camping :  20.4km<\/div><\/div><div class=\"wpgb-card-footer\"><a class=\"wpgb-block-4\" href=\"https:\/\/www.lelac-carnac.com\/nl\/lieux\/ria-detel\/\"><strong>Lees meer<\/strong><\/a><\/div><\/div><\/div><\/div><\/article><article class=\"wpgb-card wpgb-card-21 wpgb-post-1945\" data-col=\"1\" data-row=\"1\" data-format=\"standard\" data-fluid><div class=\"wpgb-card-wrapper\"><div class=\"wpgb-card-inner\"><div class=\"wpgb-card-media wpgb-scheme-light\" data-action><svg data-ratio style=\"padding-top:66.67%\" viewBox=\"0 0 768 512\"><\/svg><div class=\"wpgb-card-media-thumbnail\"><a href=\"https:\/\/www.lelac-carnac.com\/wp-content\/uploads\/2026\/01\/rhuys-camping-le-lac-carnac_04-scaled.webp\" tabindex=\"-1\" class=\"wpgb-handle-lb wpgb-lightbox\" data-type=\"image\" data-rel=\"5\" data-title=\"rhuys-camping-le-lac-carnac_04\" title=\"Enlarge photo\"><div style=\"background-image:url(https://cdn.horizon-marketing.com/spio/ret_img,q_cdnize,to_webp,s_webp/www.lelac-carnac.com/wp-content/uploads/2026/01/rhuys-camping-le-lac-carnac_04-768x512.webp)\"><\/div><noscript><img decoding=\"async\" class=\"wpgb-noscript-img\" src=\"https:\/\/cdn.horizon-marketing.com\/spio\/ret_img,q_cdnize,to_webp,s_webp\/www.lelac-carnac.com\/wp-content\/uploads\/2026\/01\/rhuys-camping-le-lac-carnac_04-768x512.webp\" alt=\"\" height=\"512\" width=\"768\"><\/noscript><\/a><\/div><a class=\"wpgb-card-layer-link\" target=\"_self\" href=\"https:\/\/www.lelac-carnac.com\/nl\/lieux\/schiereiland-rhuys\/\"><\/a><\/div><div class=\"wpgb-card-content wpgb-scheme-dark\"><div class=\"wpgb-card-body\"><div class=\"wpgb-block-7\"><h3 class=\"wpgb-block-1\"><a href=\"https:\/\/www.lelac-carnac.com\/nl\/lieux\/schiereiland-rhuys\/\">Schiereiland Rhuys<\/a><\/h3><\/div><div class=\"wpgb-block-5\"><span class=\"wpgb-block-term\" data-id=\"65\">Steden en dorpen<\/span><\/div><p class=\"wpgb-block-2\">Wat te zien, wat te doen? Ontdek de must-sees Kamperen bij het schiereiland Rhuys Op zoek naar een andere omgeving?&#8230;<\/p><div class=\"wpgb-block-3\">Afstand tot de camping :  56km<\/div><\/div><div class=\"wpgb-card-footer\"><a class=\"wpgb-block-4\" href=\"https:\/\/www.lelac-carnac.com\/nl\/lieux\/schiereiland-rhuys\/\"><strong>Lees meer<\/strong><\/a><\/div><\/div><\/div><\/div><\/article><article class=\"wpgb-card wpgb-card-21 wpgb-post-1931\" data-col=\"1\" data-row=\"1\" data-format=\"standard\" data-fluid><div class=\"wpgb-card-wrapper\"><div class=\"wpgb-card-inner\"><div class=\"wpgb-card-media wpgb-scheme-light\" data-action><svg data-ratio style=\"padding-top:66.93%\" viewBox=\"0 0 768 514\"><\/svg><div class=\"wpgb-card-media-thumbnail\"><a href=\"https:\/\/www.lelac-carnac.com\/wp-content\/uploads\/2026\/01\/vannes-camping-le-lac-carnac_02-scaled.webp\" tabindex=\"-1\" class=\"wpgb-handle-lb wpgb-lightbox\" data-type=\"image\" data-rel=\"5\" data-title=\"vannes-camping-le-lac-carnac_02\" title=\"Enlarge photo\"><div style=\"background-image:url(https://cdn.horizon-marketing.com/spio/ret_img,q_cdnize,to_webp,s_webp/www.lelac-carnac.com/wp-content/uploads/2026/01/vannes-camping-le-lac-carnac_02-768x514.webp)\"><\/div><noscript><img decoding=\"async\" class=\"wpgb-noscript-img\" src=\"https:\/\/cdn.horizon-marketing.com\/spio\/ret_img,q_cdnize,to_webp,s_webp\/www.lelac-carnac.com\/wp-content\/uploads\/2026\/01\/vannes-camping-le-lac-carnac_02-768x514.webp\" alt=\"\" height=\"514\" width=\"768\"><\/noscript><\/a><\/div><a class=\"wpgb-card-layer-link\" target=\"_self\" href=\"https:\/\/www.lelac-carnac.com\/nl\/lieux\/kleppen\/\"><\/a><\/div><div class=\"wpgb-card-content wpgb-scheme-dark\"><div class=\"wpgb-card-body\"><div class=\"wpgb-block-7\"><h3 class=\"wpgb-block-1\"><a href=\"https:\/\/www.lelac-carnac.com\/nl\/lieux\/kleppen\/\">Kleppen<\/a><\/h3><\/div><div class=\"wpgb-block-5\"><span class=\"wpgb-block-term\" data-id=\"65\">Steden en dorpen<\/span><\/div><p class=\"wpgb-block-2\">Bretonse stad om te verkennen vanaf uw camping Wat kun je bezoeken in Vannes tijdens je verblijf in Carnac? Zin&#8230;<\/p><div class=\"wpgb-block-3\">Afstand tot de camping :  30km<\/div><\/div><div class=\"wpgb-card-footer\"><a class=\"wpgb-block-4\" href=\"https:\/\/www.lelac-carnac.com\/nl\/lieux\/kleppen\/\"><strong>Lees meer<\/strong><\/a><\/div><\/div><\/div><\/div><\/article><article class=\"wpgb-card wpgb-card-21 wpgb-post-1917\" data-col=\"1\" data-row=\"1\" data-format=\"standard\" data-fluid><div class=\"wpgb-card-wrapper\"><div class=\"wpgb-card-inner\"><div class=\"wpgb-card-media wpgb-scheme-light\" data-action><svg data-ratio style=\"padding-top:76.95%\" viewBox=\"0 0 768 591\"><\/svg><div class=\"wpgb-card-media-thumbnail\"><a href=\"https:\/\/www.lelac-carnac.com\/wp-content\/uploads\/2026\/01\/quiberon-camping-le-lac-carnac_02-scaled.webp\" tabindex=\"-1\" class=\"wpgb-handle-lb wpgb-lightbox\" data-type=\"image\" data-rel=\"5\" data-title=\"quiberon-camping-le-lac-carnac_02\" title=\"Enlarge photo\"><div style=\"background-image:url(https://cdn.horizon-marketing.com/spio/ret_img,q_cdnize,to_webp,s_webp/www.lelac-carnac.com/wp-content/uploads/2026/01/quiberon-camping-le-lac-carnac_02-768x591.webp)\"><\/div><noscript><img decoding=\"async\" class=\"wpgb-noscript-img\" src=\"https:\/\/cdn.horizon-marketing.com\/spio\/ret_img,q_cdnize,to_webp,s_webp\/www.lelac-carnac.com\/wp-content\/uploads\/2026\/01\/quiberon-camping-le-lac-carnac_02-768x591.webp\" alt=\"\" height=\"591\" width=\"768\"><\/noscript><\/a><\/div><a class=\"wpgb-card-layer-link\" target=\"_self\" href=\"https:\/\/www.lelac-carnac.com\/nl\/lieux\/quiberon\/\"><\/a><\/div><div class=\"wpgb-card-content wpgb-scheme-dark\"><div class=\"wpgb-card-body\"><div class=\"wpgb-block-7\"><h3 class=\"wpgb-block-1\"><a href=\"https:\/\/www.lelac-carnac.com\/nl\/lieux\/quiberon\/\">Quiberon<\/a><\/h3><\/div><div class=\"wpgb-block-5\"><span class=\"wpgb-block-term\" data-id=\"65\">Steden en dorpen<\/span><\/div><p class=\"wpgb-block-2\">de mooiste plekjes in de baai en op het schiereiland Wat te doen in Quiberon tijdens een kampeervakantie? Het schiereiland&#8230;<\/p><div class=\"wpgb-block-3\">Afstand tot de camping :  24.5km<\/div><\/div><div class=\"wpgb-card-footer\"><a class=\"wpgb-block-4\" href=\"https:\/\/www.lelac-carnac.com\/nl\/lieux\/quiberon\/\"><strong>Lees meer<\/strong><\/a><\/div><\/div><\/div><\/div><\/article><article class=\"wpgb-card wpgb-card-21 wpgb-post-1906\" data-col=\"1\" data-row=\"1\" data-format=\"standard\" data-fluid><div class=\"wpgb-card-wrapper\"><div class=\"wpgb-card-inner\"><div class=\"wpgb-card-media wpgb-scheme-light\" data-action><svg data-ratio style=\"padding-top:66.67%\" viewBox=\"0 0 768 512\"><\/svg><div class=\"wpgb-card-media-thumbnail\"><a href=\"https:\/\/www.lelac-carnac.com\/wp-content\/uploads\/2026\/01\/auray-camping-le-lac-carnac_02-scaled.webp\" tabindex=\"-1\" class=\"wpgb-handle-lb wpgb-lightbox\" data-type=\"image\" data-rel=\"5\" data-title=\"auray-camping-le-lac-carnac_02\" title=\"Enlarge photo\"><div style=\"background-image:url(https://cdn.horizon-marketing.com/spio/ret_img,q_cdnize,to_webp,s_webp/www.lelac-carnac.com/wp-content/uploads/2026/01/auray-camping-le-lac-carnac_02-768x512.webp)\"><\/div><noscript><img decoding=\"async\" class=\"wpgb-noscript-img\" src=\"https:\/\/cdn.horizon-marketing.com\/spio\/ret_img,q_cdnize,to_webp,s_webp\/www.lelac-carnac.com\/wp-content\/uploads\/2026\/01\/auray-camping-le-lac-carnac_02-768x512.webp\" alt=\"\" height=\"512\" width=\"768\"><\/noscript><\/a><\/div><a class=\"wpgb-card-layer-link\" target=\"_self\" href=\"https:\/\/www.lelac-carnac.com\/nl\/lieux\/auray-en-saint-goustan\/\"><\/a><\/div><div class=\"wpgb-card-content wpgb-scheme-dark\"><div class=\"wpgb-card-body\"><div class=\"wpgb-block-7\"><h3 class=\"wpgb-block-1\"><a href=\"https:\/\/www.lelac-carnac.com\/nl\/lieux\/auray-en-saint-goustan\/\">Auray en Saint-Goustan<\/a><\/h3><\/div><div class=\"wpgb-block-5\"><span class=\"wpgb-block-term\" data-id=\"65\">Steden en dorpen<\/span><\/div><p class=\"wpgb-block-2\">Op een steenworp afstand van uw camping in Morbihan Bezoek Auray, de middeleeuwse stad en de haven van Saint-Goustan vanaf&#8230;<\/p><div class=\"wpgb-block-3\">Afstand tot de camping :  11.5km<\/div><\/div><div class=\"wpgb-card-footer\"><a class=\"wpgb-block-4\" href=\"https:\/\/www.lelac-carnac.com\/nl\/lieux\/auray-en-saint-goustan\/\"><strong>Lees meer<\/strong><\/a><\/div><\/div><\/div><\/div><\/article>\t\t<\/div>\n\t<\/div>\n\t<\/div>\n\t<\/div>\n\t\t<\/div>\n<\/div>\n<\/div>\n\n\n\n<div class=\"wp-block-column wpgrid-map-right is-layout-flow wp-block-column-is-layout-flow\" style=\"padding-top:var(--wp--preset--spacing--m);padding-right:0;padding-bottom:0;padding-left:0\"><div class=\"wpgb-facet wpgb-loading wpgb-facet-9\" data-facet=\"9\" data-grid=\"5\">\t<fieldset>\n\t\t<legend class=\"wpgb-facet-title wpgb-sr-only\">Plune Map &#8211; Map facet<\/legend>\n\t\t<div class=\"wpgb-map-facet\" style=\"padding-bottom:100%\"><\/div>\t<\/fieldset>\n\t<\/div><\/div>\n<\/div>\n\n\n\n<div style=\"height:100px\" aria-hidden=\"true\" class=\"wp-block-spacer\"><\/div>\n<\/div>\n<\/div>\n<\/div><\/div>\n<\/div>\n","protected":false},"excerpt":{"rendered":"<p>Ontdek toeristische bestemmingen in de buurt van Camping Les Rochelets Wat te doen rond de camping in Zuid-Bretagne De Loire-Atlantique is een rijk geschakeerde regio, ideaal voor liefhebbers van natuur, erfgoed en levenskunst. Met zijn Atlantische kustlijn, fijne zandstranden, ongerepte moerassen en steden met een rijk historisch verleden biedt deze bestemming het perfecte decor voor [&hellip;]<\/p>\n","protected":false},"author":1,"featured_media":0,"parent":0,"menu_order":0,"comment_status":"closed","ping_status":"closed","template":"page-no-gsap","meta":{"_acf_changed":false,"_seopress_robots_primary_cat":"","_seopress_titles_title":"","_seopress_titles_desc":"","_seopress_robots_index":"","footnotes":""},"class_list":["post-1381","page","type-page","status-publish","hentry"],"acf":[],"_links":{"self":[{"href":"https:\/\/www.lelac-carnac.com\/nl\/wp-json\/wp\/v2\/pages\/1381","targetHints":{"allow":["GET"]}}],"collection":[{"href":"https:\/\/www.lelac-carnac.com\/nl\/wp-json\/wp\/v2\/pages"}],"about":[{"href":"https:\/\/www.lelac-carnac.com\/nl\/wp-json\/wp\/v2\/types\/page"}],"author":[{"embeddable":true,"href":"https:\/\/www.lelac-carnac.com\/nl\/wp-json\/wp\/v2\/users\/1"}],"replies":[{"embeddable":true,"href":"https:\/\/www.lelac-carnac.com\/nl\/wp-json\/wp\/v2\/comments?post=1381"}],"version-history":[{"count":1,"href":"https:\/\/www.lelac-carnac.com\/nl\/wp-json\/wp\/v2\/pages\/1381\/revisions"}],"predecessor-version":[{"id":1382,"href":"https:\/\/www.lelac-carnac.com\/nl\/wp-json\/wp\/v2\/pages\/1381\/revisions\/1382"}],"wp:attachment":[{"href":"https:\/\/www.lelac-carnac.com\/nl\/wp-json\/wp\/v2\/media?parent=1381"}],"curies":[{"name":"wp","href":"https:\/\/api.w.org\/{rel}","templated":true}]}}